{"id":2826,"date":"2020-11-12T22:17:38","date_gmt":"2020-11-12T22:17:38","guid":{"rendered":"https:\/\/montrealdanse.com\/?page_id=2826"},"modified":"2022-06-23T20:36:43","modified_gmt":"2022-06-23T20:36:43","slug":"team","status":"publish","type":"page","link":"https:\/\/montrealdanse.com\/en\/team\/","title":{"rendered":"Team"},"content":{"rendered":"\t\t<div data-elementor-type=\"wp-page\" data-elementor-id=\"2826\" class=\"elementor elementor-2826 elementor-1121\" data-elementor-post-type=\"page\">\n\t\t\t\t\t\t<nav class=\"elementor-section elementor-top-section elementor-element elementor-element-7d6e755 elementor-section-content-middle elementor-section-boxed elementor-section-height-default elementor-section-height-default\" data-id=\"7d6e755\" data-element_type=\"section\" data-e-type=\"section\" data-settings=\"{&quot;background_background&quot;:&quot;classic&quot;}\">\n\t\t\t\t\t\t<div class=\"elementor-container elementor-column-gap-no\">\n\t\t\t\t\t<div class=\"elementor-column elementor-col-33 elementor-top-column elementor-element elementor-element-f410898\" data-id=\"f410898\" data-element_type=\"column\" data-e-type=\"column\">\n\t\t\t<div class=\"elementor-widget-wrap elementor-element-populated\">\n\t\t\t\t\t\t<div class=\"elementor-element elementor-element-e0db944 elementor-nav-menu--dropdown-none sous-menu elementor-widget elementor-widget-nav-menu\" data-id=\"e0db944\" data-element_type=\"widget\" data-e-type=\"widget\" data-settings=\"{&quot;layout&quot;:&quot;vertical&quot;,&quot;submenu_icon&quot;:{&quot;value&quot;:&quot;&lt;i class=\\&quot;fas fa-caret-down\\&quot; aria-hidden=\\&quot;true\\&quot;&gt;&lt;\\\/i&gt;&quot;,&quot;library&quot;:&quot;fa-solid&quot;}}\" data-widget_type=\"nav-menu.default\">\n\t\t\t\t<div class=\"elementor-widget-container\">\n\t\t\t\t\t\t\t\t<nav aria-label=\"Menu\" class=\"elementor-nav-menu--main elementor-nav-menu__container elementor-nav-menu--layout-vertical e--pointer-none\">\n\t\t\t\t<ul id=\"menu-1-e0db944\" class=\"elementor-nav-menu sm-vertical\"><li class=\"menu-item menu-item-type-post_type menu-item-object-page menu-item-1224\"><a href=\"https:\/\/montrealdanse.com\/compagnie\/\" class=\"elementor-item menu-link\">Company<\/a><\/li>\n<li class=\"menu-item menu-item-type-post_type menu-item-object-page menu-item-200\"><a href=\"https:\/\/montrealdanse.com\/direction-artistique\/\" class=\"elementor-item menu-link\">Artistic Direction<\/a><\/li>\n<li class=\"menu-item menu-item-type-post_type menu-item-object-page menu-item-1126\"><a href=\"https:\/\/montrealdanse.com\/equipe\/\" class=\"elementor-item menu-link\">Team<\/a><\/li>\n<li class=\"menu-item menu-item-type-post_type menu-item-object-page menu-item-899\"><a href=\"https:\/\/montrealdanse.com\/nos-collaborateurs\/\" class=\"elementor-item menu-link\">Our collaborators<\/a><\/li>\n<li class=\"menu-item menu-item-type-post_type menu-item-object-page menu-item-1587\"><a href=\"https:\/\/montrealdanse.com\/historique\/\" class=\"elementor-item menu-link\">History<\/a><\/li>\n<li class=\"menu-item menu-item-type-post_type menu-item-object-page menu-item-2284\"><a href=\"https:\/\/montrealdanse.com\/partenaires\/\" class=\"elementor-item menu-link\">Partenaires<\/a><\/li>\n<li class=\"menu-item menu-item-type-post_type menu-item-object-page menu-item-4791\"><a href=\"https:\/\/montrealdanse.com\/emplois\/\" class=\"elementor-item menu-link\">Jobs<\/a><\/li>\n<\/ul>\t\t\t<\/nav>\n\t\t\t\t\t\t<nav class=\"elementor-nav-menu--dropdown elementor-nav-menu__container\" aria-hidden=\"true\">\n\t\t\t\t<ul id=\"menu-2-e0db944\" class=\"elementor-nav-menu sm-vertical\"><li class=\"menu-item menu-item-type-post_type menu-item-object-page menu-item-1224\"><a href=\"https:\/\/montrealdanse.com\/compagnie\/\" class=\"elementor-item menu-link\" tabindex=\"-1\">Company<\/a><\/li>\n<li class=\"menu-item menu-item-type-post_type menu-item-object-page menu-item-200\"><a href=\"https:\/\/montrealdanse.com\/direction-artistique\/\" class=\"elementor-item menu-link\" tabindex=\"-1\">Artistic Direction<\/a><\/li>\n<li class=\"menu-item menu-item-type-post_type menu-item-object-page menu-item-1126\"><a href=\"https:\/\/montrealdanse.com\/equipe\/\" class=\"elementor-item menu-link\" tabindex=\"-1\">Team<\/a><\/li>\n<li class=\"menu-item menu-item-type-post_type menu-item-object-page menu-item-899\"><a href=\"https:\/\/montrealdanse.com\/nos-collaborateurs\/\" class=\"elementor-item menu-link\" tabindex=\"-1\">Our collaborators<\/a><\/li>\n<li class=\"menu-item menu-item-type-post_type menu-item-object-page menu-item-1587\"><a href=\"https:\/\/montrealdanse.com\/historique\/\" class=\"elementor-item menu-link\" tabindex=\"-1\">History<\/a><\/li>\n<li class=\"menu-item menu-item-type-post_type menu-item-object-page menu-item-2284\"><a href=\"https:\/\/montrealdanse.com\/partenaires\/\" class=\"elementor-item menu-link\" tabindex=\"-1\">Partenaires<\/a><\/li>\n<li class=\"menu-item menu-item-type-post_type menu-item-object-page menu-item-4791\"><a href=\"https:\/\/montrealdanse.com\/emplois\/\" class=\"elementor-item menu-link\" tabindex=\"-1\">Jobs<\/a><\/li>\n<\/ul>\t\t\t<\/nav>\n\t\t\t\t\t\t<\/div>\n\t\t\t\t<\/div>\n\t\t\t\t<div class=\"elementor-element elementor-element-2ade4e6 elementor-widget-divider--view-line elementor-widget elementor-widget-divider\" data-id=\"2ade4e6\" data-element_type=\"widget\" data-e-type=\"widget\" data-widget_type=\"divider.default\">\n\t\t\t\t<div class=\"elementor-widget-container\">\n\t\t\t\t\t\t\t<div class=\"elementor-divider\">\n\t\t\t<span class=\"elementor-divider-separator\">\n\t\t\t\t\t\t<\/span>\n\t\t<\/div>\n\t\t\t\t\t\t<\/div>\n\t\t\t\t<\/div>\n\t\t\t\t\t<\/div>\n\t\t<\/div>\n\t\t\t\t<div class=\"elementor-column elementor-col-33 elementor-top-column elementor-element elementor-element-69ed2a5\" data-id=\"69ed2a5\" data-element_type=\"column\" data-e-type=\"column\">\n\t\t\t<div class=\"elementor-widget-wrap elementor-element-populated\">\n\t\t\t\t\t\t<div class=\"elementor-element elementor-element-eec4eef elementor-widget elementor-widget-spacer\" data-id=\"eec4eef\" data-element_type=\"widget\" data-e-type=\"widget\" data-widget_type=\"spacer.default\">\n\t\t\t\t<div class=\"elementor-widget-container\">\n\t\t\t\t\t\t\t<div class=\"elementor-spacer\">\n\t\t\t<div class=\"elementor-spacer-inner\"><\/div>\n\t\t<\/div>\n\t\t\t\t\t\t<\/div>\n\t\t\t\t<\/div>\n\t\t\t\t\t<\/div>\n\t\t<\/div>\n\t\t\t\t<div class=\"elementor-column elementor-col-33 elementor-top-column elementor-element elementor-element-37a849a\" data-id=\"37a849a\" data-element_type=\"column\" data-e-type=\"column\">\n\t\t\t<div class=\"elementor-widget-wrap elementor-element-populated\">\n\t\t\t\t\t\t<div class=\"elementor-element elementor-element-c662c5d elementor-widget elementor-widget-heading\" data-id=\"c662c5d\" data-element_type=\"widget\" data-e-type=\"widget\" data-widget_type=\"heading.default\">\n\t\t\t\t<div class=\"elementor-widget-container\">\n\t\t\t\t\t<h1 class=\"elementor-heading-title elementor-size-default\">Team<\/h1>\t\t\t\t<\/div>\n\t\t\t\t<\/div>\n\t\t\t\t<div class=\"elementor-element elementor-element-9639576 elementor-widget elementor-widget-heading\" data-id=\"9639576\" data-element_type=\"widget\" data-e-type=\"widget\" data-widget_type=\"heading.default\">\n\t\t\t\t<div class=\"elementor-widget-container\">\n\t\t\t\t\t<h4 class=\"elementor-heading-title elementor-size-default\">Montr\u00e9al Danse Team<\/h4>\t\t\t\t<\/div>\n\t\t\t\t<\/div>\n\t\t\t\t<div class=\"elementor-element elementor-element-3d647a6 elementor-grid-4 elementor-grid-tablet-3 elementor-grid-mobile-2 elementor-posts--thumbnail-top elementor-widget elementor-widget-posts\" data-id=\"3d647a6\" data-element_type=\"widget\" data-e-type=\"widget\" data-settings=\"{&quot;custom_columns&quot;:&quot;4&quot;,&quot;custom_columns_tablet&quot;:&quot;3&quot;,&quot;custom_columns_mobile&quot;:&quot;2&quot;,&quot;custom_row_gap&quot;:{&quot;unit&quot;:&quot;px&quot;,&quot;size&quot;:55,&quot;sizes&quot;:[]},&quot;custom_row_gap_tablet&quot;:{&quot;unit&quot;:&quot;px&quot;,&quot;size&quot;:&quot;&quot;,&quot;sizes&quot;:[]},&quot;custom_row_gap_mobile&quot;:{&quot;unit&quot;:&quot;px&quot;,&quot;size&quot;:&quot;&quot;,&quot;sizes&quot;:[]}}\" data-widget_type=\"posts.custom\">\n\t\t\t\t<div class=\"elementor-widget-container\">\n\t\t\t\t\t      <div class=\"ecs-posts elementor-posts-container elementor-posts   elementor-grid elementor-posts--skin-custom\" data-settings=\"{&quot;current_page&quot;:1,&quot;max_num_pages&quot;:1,&quot;load_method&quot;:&quot;numbers_and_prev_next&quot;,&quot;widget_id&quot;:&quot;3d647a6&quot;,&quot;post_id&quot;:2826,&quot;theme_id&quot;:2826,&quot;change_url&quot;:false,&quot;reinit_js&quot;:false}\">\n      \t\t<article id=\"post-2794\" class=\"elementor-post elementor-grid-item ecs-post-loop post-2794 collaborateurs type-collaborateurs status-publish has-post-thumbnail hentry categories_collaborateurs-board-of-directors categories_collaborateurs-team\">\n\t\t\t\t<div data-elementor-type=\"loop\" data-elementor-id=\"889\" class=\"elementor elementor-889 post-2794 collaborateurs type-collaborateurs status-publish has-post-thumbnail hentry categories_collaborateurs-board-of-directors categories_collaborateurs-team ast-article-single\" data-elementor-post-type=\"elementor_library\">\n\t\t\t\t\t<section class=\"elementor-section elementor-top-section elementor-element elementor-element-53f8a02 elementor-section-boxed elementor-section-height-default elementor-section-height-default\" data-id=\"53f8a02\" data-element_type=\"section\" data-e-type=\"section\">\n\t\t\t\t\t\t<div class=\"elementor-container elementor-column-gap-default\">\n\t\t\t\t\t<div class=\"elementor-column elementor-col-100 elementor-top-column elementor-element elementor-element-16537a0\" data-id=\"16537a0\" data-element_type=\"column\" data-e-type=\"column\">\n\t\t\t<div class=\"elementor-widget-wrap elementor-element-populated\">\n\t\t\t\t\t\t<div class=\"elementor-element elementor-element-d582a20 elementor-widget elementor-widget-theme-post-featured-image elementor-widget-image\" data-id=\"d582a20\" data-element_type=\"widget\" data-e-type=\"widget\" data-widget_type=\"theme-post-featured-image.default\">\n\t\t\t\t<div class=\"elementor-widget-container\">\n\t\t\t\t\t\t\t\t\t\t\t\t\t\t\t\t<a href=\"https:\/\/montrealdanse.com\/en\/people\/kathy-casey\/\">\n\t\t\t\t\t\t\t<img fetchpriority=\"high\" decoding=\"async\" width=\"700\" height=\"700\" src=\"https:\/\/montrealdanse.com\/wp-content\/uploads\/2020\/10\/collaborateur-Kathy_Casey.jpg\" class=\"attachment-full size-full wp-image-2405\" alt=\"\" srcset=\"https:\/\/montrealdanse.com\/wp-content\/uploads\/2020\/10\/collaborateur-Kathy_Casey.jpg 700w, https:\/\/montrealdanse.com\/wp-content\/uploads\/2020\/10\/collaborateur-Kathy_Casey-300x300.jpg 300w, https:\/\/montrealdanse.com\/wp-content\/uploads\/2020\/10\/collaborateur-Kathy_Casey-150x150.jpg 150w\" sizes=\"(max-width: 700px) 100vw, 700px\" \/>\t\t\t\t\t\t\t\t<\/a>\n\t\t\t\t\t\t\t\t\t\t\t\t\t\t\t<\/div>\n\t\t\t\t<\/div>\n\t\t\t\t<div class=\"elementor-element elementor-element-c2fd695 elementor-widget elementor-widget-theme-post-title elementor-page-title elementor-widget-heading\" data-id=\"c2fd695\" data-element_type=\"widget\" data-e-type=\"widget\" data-widget_type=\"theme-post-title.default\">\n\t\t\t\t<div class=\"elementor-widget-container\">\n\t\t\t\t\t<h3 class=\"elementor-heading-title elementor-size-default\"><a href=\"https:\/\/montrealdanse.com\/en\/people\/kathy-casey\/\">Kathy Casey<\/a><\/h3>\t\t\t\t<\/div>\n\t\t\t\t<\/div>\n\t\t\t\t<div class=\"elementor-element elementor-element-7ee058a elementor-widget elementor-widget-heading\" data-id=\"7ee058a\" data-element_type=\"widget\" data-e-type=\"widget\" data-widget_type=\"heading.default\">\n\t\t\t\t<div class=\"elementor-widget-container\">\n\t\t\t\t\t<p class=\"elementor-heading-title elementor-size-default\">Artistic Director | Interim Administrator<\/p>\t\t\t\t<\/div>\n\t\t\t\t<\/div>\n\t\t\t\t\t<\/div>\n\t\t<\/div>\n\t\t\t\t\t<\/div>\n\t\t<\/section>\n\t\t\t\t<\/div>\n\t\t\t\t<\/article>\n\t\t\t\t<article id=\"post-2773\" class=\"elementor-post elementor-grid-item ecs-post-loop post-2773 collaborateurs type-collaborateurs status-publish has-post-thumbnail hentry categories_collaborateurs-team\">\n\t\t\t\t<div data-elementor-type=\"loop\" data-elementor-id=\"889\" class=\"elementor elementor-889 post-2773 collaborateurs type-collaborateurs status-publish has-post-thumbnail hentry categories_collaborateurs-team ast-article-single\" data-elementor-post-type=\"elementor_library\">\n\t\t\t\t\t<section class=\"elementor-section elementor-top-section elementor-element elementor-element-53f8a02 elementor-section-boxed elementor-section-height-default elementor-section-height-default\" data-id=\"53f8a02\" data-element_type=\"section\" data-e-type=\"section\">\n\t\t\t\t\t\t<div class=\"elementor-container elementor-column-gap-default\">\n\t\t\t\t\t<div class=\"elementor-column elementor-col-100 elementor-top-column elementor-element elementor-element-16537a0\" data-id=\"16537a0\" data-element_type=\"column\" data-e-type=\"column\">\n\t\t\t<div class=\"elementor-widget-wrap elementor-element-populated\">\n\t\t\t\t\t\t<div class=\"elementor-element elementor-element-d582a20 elementor-widget elementor-widget-theme-post-featured-image elementor-widget-image\" data-id=\"d582a20\" data-element_type=\"widget\" data-e-type=\"widget\" data-widget_type=\"theme-post-featured-image.default\">\n\t\t\t\t<div class=\"elementor-widget-container\">\n\t\t\t\t\t\t\t\t\t\t\t\t\t\t\t\t<a href=\"https:\/\/montrealdanse.com\/en\/people\/charlotte-calais\/\">\n\t\t\t\t\t\t\t<img decoding=\"async\" width=\"700\" height=\"700\" src=\"https:\/\/montrealdanse.com\/wp-content\/uploads\/2020\/11\/collaborateur-Charlotte-Calais.jpg\" class=\"attachment-full size-full wp-image-2494\" alt=\"\" srcset=\"https:\/\/montrealdanse.com\/wp-content\/uploads\/2020\/11\/collaborateur-Charlotte-Calais.jpg 700w, https:\/\/montrealdanse.com\/wp-content\/uploads\/2020\/11\/collaborateur-Charlotte-Calais-300x300.jpg 300w, https:\/\/montrealdanse.com\/wp-content\/uploads\/2020\/11\/collaborateur-Charlotte-Calais-150x150.jpg 150w\" sizes=\"(max-width: 700px) 100vw, 700px\" \/>\t\t\t\t\t\t\t\t<\/a>\n\t\t\t\t\t\t\t\t\t\t\t\t\t\t\t<\/div>\n\t\t\t\t<\/div>\n\t\t\t\t<div class=\"elementor-element elementor-element-c2fd695 elementor-widget elementor-widget-theme-post-title elementor-page-title elementor-widget-heading\" data-id=\"c2fd695\" data-element_type=\"widget\" data-e-type=\"widget\" data-widget_type=\"theme-post-title.default\">\n\t\t\t\t<div class=\"elementor-widget-container\">\n\t\t\t\t\t<h3 class=\"elementor-heading-title elementor-size-default\"><a href=\"https:\/\/montrealdanse.com\/en\/people\/charlotte-calais\/\">Charlotte Calais<\/a><\/h3>\t\t\t\t<\/div>\n\t\t\t\t<\/div>\n\t\t\t\t<div class=\"elementor-element elementor-element-7ee058a elementor-widget elementor-widget-heading\" data-id=\"7ee058a\" data-element_type=\"widget\" data-e-type=\"widget\" data-widget_type=\"heading.default\">\n\t\t\t\t<div class=\"elementor-widget-container\">\n\t\t\t\t\t<p class=\"elementor-heading-title elementor-size-default\">Administrative and Development Director<\/p>\t\t\t\t<\/div>\n\t\t\t\t<\/div>\n\t\t\t\t\t<\/div>\n\t\t<\/div>\n\t\t\t\t\t<\/div>\n\t\t<\/section>\n\t\t\t\t<\/div>\n\t\t\t\t<\/article>\n\t\t\t\t<article id=\"post-8127\" class=\"elementor-post elementor-grid-item ecs-post-loop post-8127 collaborateurs type-collaborateurs status-publish has-post-thumbnail hentry categories_collaborateurs-collaborator categories_collaborateurs-team\">\n\t\t\t\t<div data-elementor-type=\"loop\" data-elementor-id=\"889\" class=\"elementor elementor-889 post-8127 collaborateurs type-collaborateurs status-publish has-post-thumbnail hentry categories_collaborateurs-collaborator categories_collaborateurs-team ast-article-single\" data-elementor-post-type=\"elementor_library\">\n\t\t\t\t\t<section class=\"elementor-section elementor-top-section elementor-element elementor-element-53f8a02 elementor-section-boxed elementor-section-height-default elementor-section-height-default\" data-id=\"53f8a02\" data-element_type=\"section\" data-e-type=\"section\">\n\t\t\t\t\t\t<div class=\"elementor-container elementor-column-gap-default\">\n\t\t\t\t\t<div class=\"elementor-column elementor-col-100 elementor-top-column elementor-element elementor-element-16537a0\" data-id=\"16537a0\" data-element_type=\"column\" data-e-type=\"column\">\n\t\t\t<div class=\"elementor-widget-wrap elementor-element-populated\">\n\t\t\t\t\t\t<div class=\"elementor-element elementor-element-d582a20 elementor-widget elementor-widget-theme-post-featured-image elementor-widget-image\" data-id=\"d582a20\" data-element_type=\"widget\" data-e-type=\"widget\" data-widget_type=\"theme-post-featured-image.default\">\n\t\t\t\t<div class=\"elementor-widget-container\">\n\t\t\t\t\t\t\t\t\t\t\t\t\t\t\t\t<a href=\"https:\/\/montrealdanse.com\/en\/people\/adrien-poulin\/\">\n\t\t\t\t\t\t\t<img decoding=\"async\" width=\"240\" height=\"241\" src=\"https:\/\/montrealdanse.com\/wp-content\/uploads\/2025\/06\/adrien-photo.jpg\" class=\"attachment-full size-full wp-image-8123\" alt=\"\" srcset=\"https:\/\/montrealdanse.com\/wp-content\/uploads\/2025\/06\/adrien-photo.jpg 240w, https:\/\/montrealdanse.com\/wp-content\/uploads\/2025\/06\/adrien-photo-150x150.jpg 150w\" sizes=\"(max-width: 240px) 100vw, 240px\" \/>\t\t\t\t\t\t\t\t<\/a>\n\t\t\t\t\t\t\t\t\t\t\t\t\t\t\t<\/div>\n\t\t\t\t<\/div>\n\t\t\t\t<div class=\"elementor-element elementor-element-c2fd695 elementor-widget elementor-widget-theme-post-title elementor-page-title elementor-widget-heading\" data-id=\"c2fd695\" data-element_type=\"widget\" data-e-type=\"widget\" data-widget_type=\"theme-post-title.default\">\n\t\t\t\t<div class=\"elementor-widget-container\">\n\t\t\t\t\t<h3 class=\"elementor-heading-title elementor-size-default\"><a href=\"https:\/\/montrealdanse.com\/en\/people\/adrien-poulin\/\">Adrien Poulin<\/a><\/h3>\t\t\t\t<\/div>\n\t\t\t\t<\/div>\n\t\t\t\t<div class=\"elementor-element elementor-element-7ee058a elementor-widget elementor-widget-heading\" data-id=\"7ee058a\" data-element_type=\"widget\" data-e-type=\"widget\" data-widget_type=\"heading.default\">\n\t\t\t\t<div class=\"elementor-widget-container\">\n\t\t\t\t\t<p class=\"elementor-heading-title elementor-size-default\">Technical Director <\/p>\t\t\t\t<\/div>\n\t\t\t\t<\/div>\n\t\t\t\t\t<\/div>\n\t\t<\/div>\n\t\t\t\t\t<\/div>\n\t\t<\/section>\n\t\t\t\t<\/div>\n\t\t\t\t<\/article>\n\t\t\t\t<article id=\"post-5144\" class=\"elementor-post elementor-grid-item ecs-post-loop post-5144 collaborateurs type-collaborateurs status-publish has-post-thumbnail hentry categories_collaborateurs-team\">\n\t\t\t\t<div data-elementor-type=\"loop\" data-elementor-id=\"889\" class=\"elementor elementor-889 post-5144 collaborateurs type-collaborateurs status-publish has-post-thumbnail hentry categories_collaborateurs-team ast-article-single\" data-elementor-post-type=\"elementor_library\">\n\t\t\t\t\t<section class=\"elementor-section elementor-top-section elementor-element elementor-element-53f8a02 elementor-section-boxed elementor-section-height-default elementor-section-height-default\" data-id=\"53f8a02\" data-element_type=\"section\" data-e-type=\"section\">\n\t\t\t\t\t\t<div class=\"elementor-container elementor-column-gap-default\">\n\t\t\t\t\t<div class=\"elementor-column elementor-col-100 elementor-top-column elementor-element elementor-element-16537a0\" data-id=\"16537a0\" data-element_type=\"column\" data-e-type=\"column\">\n\t\t\t<div class=\"elementor-widget-wrap elementor-element-populated\">\n\t\t\t\t\t\t<div class=\"elementor-element elementor-element-d582a20 elementor-widget elementor-widget-theme-post-featured-image elementor-widget-image\" data-id=\"d582a20\" data-element_type=\"widget\" data-e-type=\"widget\" data-widget_type=\"theme-post-featured-image.default\">\n\t\t\t\t<div class=\"elementor-widget-container\">\n\t\t\t\t\t\t\t\t\t\t\t\t\t\t\t\t<a href=\"https:\/\/montrealdanse.com\/en\/people\/mireille-ngouan\/\">\n\t\t\t\t\t\t\t<img loading=\"lazy\" decoding=\"async\" width=\"700\" height=\"700\" src=\"https:\/\/montrealdanse.com\/wp-content\/uploads\/2023\/06\/Mireille_NGouan_collaboratrice_comptable.png\" class=\"attachment-full size-full wp-image-5245\" alt=\"\" srcset=\"https:\/\/montrealdanse.com\/wp-content\/uploads\/2023\/06\/Mireille_NGouan_collaboratrice_comptable.png 700w, https:\/\/montrealdanse.com\/wp-content\/uploads\/2023\/06\/Mireille_NGouan_collaboratrice_comptable-300x300.png 300w, https:\/\/montrealdanse.com\/wp-content\/uploads\/2023\/06\/Mireille_NGouan_collaboratrice_comptable-150x150.png 150w\" sizes=\"(max-width: 700px) 100vw, 700px\" \/>\t\t\t\t\t\t\t\t<\/a>\n\t\t\t\t\t\t\t\t\t\t\t\t\t\t\t<\/div>\n\t\t\t\t<\/div>\n\t\t\t\t<div class=\"elementor-element elementor-element-c2fd695 elementor-widget elementor-widget-theme-post-title elementor-page-title elementor-widget-heading\" data-id=\"c2fd695\" data-element_type=\"widget\" data-e-type=\"widget\" data-widget_type=\"theme-post-title.default\">\n\t\t\t\t<div class=\"elementor-widget-container\">\n\t\t\t\t\t<h3 class=\"elementor-heading-title elementor-size-default\"><a href=\"https:\/\/montrealdanse.com\/en\/people\/mireille-ngouan\/\">Mireille N&#8217;gouan<\/a><\/h3>\t\t\t\t<\/div>\n\t\t\t\t<\/div>\n\t\t\t\t<div class=\"elementor-element elementor-element-7ee058a elementor-widget elementor-widget-heading\" data-id=\"7ee058a\" data-element_type=\"widget\" data-e-type=\"widget\" data-widget_type=\"heading.default\">\n\t\t\t\t<div class=\"elementor-widget-container\">\n\t\t\t\t\t<p class=\"elementor-heading-title elementor-size-default\">Accounting Coordinator<\/p>\t\t\t\t<\/div>\n\t\t\t\t<\/div>\n\t\t\t\t\t<\/div>\n\t\t<\/div>\n\t\t\t\t\t<\/div>\n\t\t<\/section>\n\t\t\t\t<\/div>\n\t\t\t\t<\/article>\n\t\t\t\t<article id=\"post-5502\" class=\"elementor-post elementor-grid-item ecs-post-loop post-5502 collaborateurs type-collaborateurs status-publish has-post-thumbnail hentry categories_collaborateurs-team\">\n\t\t\t\t<div data-elementor-type=\"loop\" data-elementor-id=\"889\" class=\"elementor elementor-889 post-5502 collaborateurs type-collaborateurs status-publish has-post-thumbnail hentry categories_collaborateurs-team ast-article-single\" data-elementor-post-type=\"elementor_library\">\n\t\t\t\t\t<section class=\"elementor-section elementor-top-section elementor-element elementor-element-53f8a02 elementor-section-boxed elementor-section-height-default elementor-section-height-default\" data-id=\"53f8a02\" data-element_type=\"section\" data-e-type=\"section\">\n\t\t\t\t\t\t<div class=\"elementor-container elementor-column-gap-default\">\n\t\t\t\t\t<div class=\"elementor-column elementor-col-100 elementor-top-column elementor-element elementor-element-16537a0\" data-id=\"16537a0\" data-element_type=\"column\" data-e-type=\"column\">\n\t\t\t<div class=\"elementor-widget-wrap elementor-element-populated\">\n\t\t\t\t\t\t<div class=\"elementor-element elementor-element-d582a20 elementor-widget elementor-widget-theme-post-featured-image elementor-widget-image\" data-id=\"d582a20\" data-element_type=\"widget\" data-e-type=\"widget\" data-widget_type=\"theme-post-featured-image.default\">\n\t\t\t\t<div class=\"elementor-widget-container\">\n\t\t\t\t\t\t\t\t\t\t\t\t\t\t\t\t<a href=\"https:\/\/montrealdanse.com\/en\/people\/tiera-joly-pavelich\/\">\n\t\t\t\t\t\t\t<img loading=\"lazy\" decoding=\"async\" width=\"700\" height=\"700\" src=\"https:\/\/montrealdanse.com\/wp-content\/uploads\/2023\/11\/Tiera-Joly-Pavelich-Credit-photo-Stacy-Lee-3-e1698684501363.jpeg\" class=\"attachment-full size-full wp-image-5715\" alt=\"\" srcset=\"https:\/\/montrealdanse.com\/wp-content\/uploads\/2023\/11\/Tiera-Joly-Pavelich-Credit-photo-Stacy-Lee-3-e1698684501363.jpeg 700w, https:\/\/montrealdanse.com\/wp-content\/uploads\/2023\/11\/Tiera-Joly-Pavelich-Credit-photo-Stacy-Lee-3-e1698684501363-300x300.jpeg 300w, https:\/\/montrealdanse.com\/wp-content\/uploads\/2023\/11\/Tiera-Joly-Pavelich-Credit-photo-Stacy-Lee-3-e1698684501363-150x150.jpeg 150w\" sizes=\"(max-width: 700px) 100vw, 700px\" \/>\t\t\t\t\t\t\t\t<\/a>\n\t\t\t\t\t\t\t\t\t\t\t\t\t\t\t<\/div>\n\t\t\t\t<\/div>\n\t\t\t\t<div class=\"elementor-element elementor-element-c2fd695 elementor-widget elementor-widget-theme-post-title elementor-page-title elementor-widget-heading\" data-id=\"c2fd695\" data-element_type=\"widget\" data-e-type=\"widget\" data-widget_type=\"theme-post-title.default\">\n\t\t\t\t<div class=\"elementor-widget-container\">\n\t\t\t\t\t<h3 class=\"elementor-heading-title elementor-size-default\"><a href=\"https:\/\/montrealdanse.com\/en\/people\/tiera-joly-pavelich\/\">Tiera Joly Pavelich<\/a><\/h3>\t\t\t\t<\/div>\n\t\t\t\t<\/div>\n\t\t\t\t<div class=\"elementor-element elementor-element-7ee058a elementor-widget elementor-widget-heading\" data-id=\"7ee058a\" data-element_type=\"widget\" data-e-type=\"widget\" data-widget_type=\"heading.default\">\n\t\t\t\t<div class=\"elementor-widget-container\">\n\t\t\t\t\t<p class=\"elementor-heading-title elementor-size-default\">Production coordinator<\/p>\t\t\t\t<\/div>\n\t\t\t\t<\/div>\n\t\t\t\t\t<\/div>\n\t\t<\/div>\n\t\t\t\t\t<\/div>\n\t\t<\/section>\n\t\t\t\t<\/div>\n\t\t\t\t<\/article>\n\t\t\t\t<article id=\"post-5607\" class=\"elementor-post elementor-grid-item ecs-post-loop post-5607 collaborateurs type-collaborateurs status-publish has-post-thumbnail hentry categories_collaborateurs-team\">\n\t\t\t\t<div data-elementor-type=\"loop\" data-elementor-id=\"889\" class=\"elementor elementor-889 post-5607 collaborateurs type-collaborateurs status-publish has-post-thumbnail hentry categories_collaborateurs-team ast-article-single\" data-elementor-post-type=\"elementor_library\">\n\t\t\t\t\t<section class=\"elementor-section elementor-top-section elementor-element elementor-element-53f8a02 elementor-section-boxed elementor-section-height-default elementor-section-height-default\" data-id=\"53f8a02\" data-element_type=\"section\" data-e-type=\"section\">\n\t\t\t\t\t\t<div class=\"elementor-container elementor-column-gap-default\">\n\t\t\t\t\t<div class=\"elementor-column elementor-col-100 elementor-top-column elementor-element elementor-element-16537a0\" data-id=\"16537a0\" data-element_type=\"column\" data-e-type=\"column\">\n\t\t\t<div class=\"elementor-widget-wrap elementor-element-populated\">\n\t\t\t\t\t\t<div class=\"elementor-element elementor-element-d582a20 elementor-widget elementor-widget-theme-post-featured-image elementor-widget-image\" data-id=\"d582a20\" data-element_type=\"widget\" data-e-type=\"widget\" data-widget_type=\"theme-post-featured-image.default\">\n\t\t\t\t<div class=\"elementor-widget-container\">\n\t\t\t\t\t\t\t\t\t\t\t\t\t\t\t\t<a href=\"https:\/\/montrealdanse.com\/en\/people\/elise-miara\/\">\n\t\t\t\t\t\t\t<img loading=\"lazy\" decoding=\"async\" width=\"700\" height=\"700\" src=\"https:\/\/montrealdanse.com\/wp-content\/uploads\/2023\/10\/Elise_Miara_collaboratrice_MD.jpeg\" class=\"attachment-full size-full wp-image-5608\" alt=\"\" srcset=\"https:\/\/montrealdanse.com\/wp-content\/uploads\/2023\/10\/Elise_Miara_collaboratrice_MD.jpeg 700w, https:\/\/montrealdanse.com\/wp-content\/uploads\/2023\/10\/Elise_Miara_collaboratrice_MD-300x300.jpeg 300w, https:\/\/montrealdanse.com\/wp-content\/uploads\/2023\/10\/Elise_Miara_collaboratrice_MD-150x150.jpeg 150w\" sizes=\"(max-width: 700px) 100vw, 700px\" \/>\t\t\t\t\t\t\t\t<\/a>\n\t\t\t\t\t\t\t\t\t\t\t\t\t\t\t<\/div>\n\t\t\t\t<\/div>\n\t\t\t\t<div class=\"elementor-element elementor-element-c2fd695 elementor-widget elementor-widget-theme-post-title elementor-page-title elementor-widget-heading\" data-id=\"c2fd695\" data-element_type=\"widget\" data-e-type=\"widget\" data-widget_type=\"theme-post-title.default\">\n\t\t\t\t<div class=\"elementor-widget-container\">\n\t\t\t\t\t<h3 class=\"elementor-heading-title elementor-size-default\"><a href=\"https:\/\/montrealdanse.com\/en\/people\/elise-miara\/\">\u00c9lise Miara<\/a><\/h3>\t\t\t\t<\/div>\n\t\t\t\t<\/div>\n\t\t\t\t<div class=\"elementor-element elementor-element-7ee058a elementor-widget elementor-widget-heading\" data-id=\"7ee058a\" data-element_type=\"widget\" data-e-type=\"widget\" data-widget_type=\"heading.default\">\n\t\t\t\t<div class=\"elementor-widget-container\">\n\t\t\t\t\t<p class=\"elementor-heading-title elementor-size-default\">Administrative Coordinator<\/p>\t\t\t\t<\/div>\n\t\t\t\t<\/div>\n\t\t\t\t\t<\/div>\n\t\t<\/div>\n\t\t\t\t\t<\/div>\n\t\t<\/section>\n\t\t\t\t<\/div>\n\t\t\t\t<\/article>\n\t\t\t\t<article id=\"post-7620\" class=\"elementor-post elementor-grid-item ecs-post-loop post-7620 collaborateurs type-collaborateurs status-publish has-post-thumbnail hentry categories_collaborateurs-team\">\n\t\t\t\t<div data-elementor-type=\"loop\" data-elementor-id=\"889\" class=\"elementor elementor-889 post-7620 collaborateurs type-collaborateurs status-publish has-post-thumbnail hentry categories_collaborateurs-team ast-article-single\" data-elementor-post-type=\"elementor_library\">\n\t\t\t\t\t<section class=\"elementor-section elementor-top-section elementor-element elementor-element-53f8a02 elementor-section-boxed elementor-section-height-default elementor-section-height-default\" data-id=\"53f8a02\" data-element_type=\"section\" data-e-type=\"section\">\n\t\t\t\t\t\t<div class=\"elementor-container elementor-column-gap-default\">\n\t\t\t\t\t<div class=\"elementor-column elementor-col-100 elementor-top-column elementor-element elementor-element-16537a0\" data-id=\"16537a0\" data-element_type=\"column\" data-e-type=\"column\">\n\t\t\t<div class=\"elementor-widget-wrap elementor-element-populated\">\n\t\t\t\t\t\t<div class=\"elementor-element elementor-element-d582a20 elementor-widget elementor-widget-theme-post-featured-image elementor-widget-image\" data-id=\"d582a20\" data-element_type=\"widget\" data-e-type=\"widget\" data-widget_type=\"theme-post-featured-image.default\">\n\t\t\t\t<div class=\"elementor-widget-container\">\n\t\t\t\t\t\t\t\t\t\t\t\t\t\t\t\t<a href=\"https:\/\/montrealdanse.com\/en\/people\/amelia-etame\/\">\n\t\t\t\t\t\t\t<img loading=\"lazy\" decoding=\"async\" width=\"1080\" height=\"1080\" src=\"https:\/\/montrealdanse.com\/wp-content\/uploads\/2025\/01\/Amelia-Etame.png\" class=\"attachment-full size-full wp-image-7586\" alt=\"\" srcset=\"https:\/\/montrealdanse.com\/wp-content\/uploads\/2025\/01\/Amelia-Etame.png 1080w, https:\/\/montrealdanse.com\/wp-content\/uploads\/2025\/01\/Amelia-Etame-300x300.png 300w, https:\/\/montrealdanse.com\/wp-content\/uploads\/2025\/01\/Amelia-Etame-1024x1024.png 1024w, https:\/\/montrealdanse.com\/wp-content\/uploads\/2025\/01\/Amelia-Etame-150x150.png 150w, https:\/\/montrealdanse.com\/wp-content\/uploads\/2025\/01\/Amelia-Etame-768x768.png 768w\" sizes=\"(max-width: 1080px) 100vw, 1080px\" \/>\t\t\t\t\t\t\t\t<\/a>\n\t\t\t\t\t\t\t\t\t\t\t\t\t\t\t<\/div>\n\t\t\t\t<\/div>\n\t\t\t\t<div class=\"elementor-element elementor-element-c2fd695 elementor-widget elementor-widget-theme-post-title elementor-page-title elementor-widget-heading\" data-id=\"c2fd695\" data-element_type=\"widget\" data-e-type=\"widget\" data-widget_type=\"theme-post-title.default\">\n\t\t\t\t<div class=\"elementor-widget-container\">\n\t\t\t\t\t<h3 class=\"elementor-heading-title elementor-size-default\"><a href=\"https:\/\/montrealdanse.com\/en\/people\/amelia-etame\/\">Am\u00e9lia Etame<\/a><\/h3>\t\t\t\t<\/div>\n\t\t\t\t<\/div>\n\t\t\t\t<div class=\"elementor-element elementor-element-7ee058a elementor-widget elementor-widget-heading\" data-id=\"7ee058a\" data-element_type=\"widget\" data-e-type=\"widget\" data-widget_type=\"heading.default\">\n\t\t\t\t<div class=\"elementor-widget-container\">\n\t\t\t\t\t<p class=\"elementor-heading-title elementor-size-default\">Communication Coordinator<\/p>\t\t\t\t<\/div>\n\t\t\t\t<\/div>\n\t\t\t\t\t<\/div>\n\t\t<\/div>\n\t\t\t\t\t<\/div>\n\t\t<\/section>\n\t\t\t\t<\/div>\n\t\t\t\t<\/article>\n\t\t\t\t<\/div>\n\t\t\t\t\t\t<\/div>\n\t\t\t\t<\/div>\n\t\t\t\t<div class=\"elementor-element elementor-element-cce5a1a elementor-widget-divider--view-line elementor-widget elementor-widget-divider\" data-id=\"cce5a1a\" data-element_type=\"widget\" data-e-type=\"widget\" data-widget_type=\"divider.default\">\n\t\t\t\t<div class=\"elementor-widget-container\">\n\t\t\t\t\t\t\t<div class=\"elementor-divider\">\n\t\t\t<span class=\"elementor-divider-separator\">\n\t\t\t\t\t\t<\/span>\n\t\t<\/div>\n\t\t\t\t\t\t<\/div>\n\t\t\t\t<\/div>\n\t\t\t\t<div class=\"elementor-element elementor-element-b7439a8 elementor-widget elementor-widget-heading\" data-id=\"b7439a8\" data-element_type=\"widget\" data-e-type=\"widget\" data-widget_type=\"heading.default\">\n\t\t\t\t<div class=\"elementor-widget-container\">\n\t\t\t\t\t<h4 class=\"elementor-heading-title elementor-size-default\">Board of Directors<\/h4>\t\t\t\t<\/div>\n\t\t\t\t<\/div>\n\t\t\t\t<div class=\"elementor-element elementor-element-7b06c49 elementor-grid-4 elementor-grid-tablet-3 elementor-grid-mobile-2 elementor-posts--thumbnail-top elementor-widget elementor-widget-posts\" data-id=\"7b06c49\" data-element_type=\"widget\" data-e-type=\"widget\" data-settings=\"{&quot;custom_columns&quot;:&quot;4&quot;,&quot;custom_columns_tablet&quot;:&quot;3&quot;,&quot;custom_columns_mobile&quot;:&quot;2&quot;,&quot;custom_row_gap&quot;:{&quot;unit&quot;:&quot;px&quot;,&quot;size&quot;:55,&quot;sizes&quot;:[]},&quot;custom_row_gap_tablet&quot;:{&quot;unit&quot;:&quot;px&quot;,&quot;size&quot;:&quot;&quot;,&quot;sizes&quot;:[]},&quot;custom_row_gap_mobile&quot;:{&quot;unit&quot;:&quot;px&quot;,&quot;size&quot;:&quot;&quot;,&quot;sizes&quot;:[]}}\" data-widget_type=\"posts.custom\">\n\t\t\t\t<div class=\"elementor-widget-container\">\n\t\t\t\t\t      <div class=\"ecs-posts elementor-posts-container elementor-posts   elementor-grid elementor-posts--skin-custom\" data-settings=\"{&quot;current_page&quot;:1,&quot;max_num_pages&quot;:1,&quot;load_method&quot;:&quot;numbers_and_prev_next&quot;,&quot;widget_id&quot;:&quot;7b06c49&quot;,&quot;post_id&quot;:7620,&quot;theme_id&quot;:2826,&quot;change_url&quot;:false,&quot;reinit_js&quot;:false}\">\n      \t\t<article id=\"post-2794\" class=\"elementor-post elementor-grid-item ecs-post-loop post-2794 collaborateurs type-collaborateurs status-publish has-post-thumbnail hentry categories_collaborateurs-board-of-directors categories_collaborateurs-team\">\n\t\t\t\t<div data-elementor-type=\"loop\" data-elementor-id=\"889\" class=\"elementor elementor-889 post-2794 collaborateurs type-collaborateurs status-publish has-post-thumbnail hentry categories_collaborateurs-board-of-directors categories_collaborateurs-team ast-article-single\" data-elementor-post-type=\"elementor_library\">\n\t\t\t\t\t<section class=\"elementor-section elementor-top-section elementor-element elementor-element-53f8a02 elementor-section-boxed elementor-section-height-default elementor-section-height-default\" data-id=\"53f8a02\" data-element_type=\"section\" data-e-type=\"section\">\n\t\t\t\t\t\t<div class=\"elementor-container elementor-column-gap-default\">\n\t\t\t\t\t<div class=\"elementor-column elementor-col-100 elementor-top-column elementor-element elementor-element-16537a0\" data-id=\"16537a0\" data-element_type=\"column\" data-e-type=\"column\">\n\t\t\t<div class=\"elementor-widget-wrap elementor-element-populated\">\n\t\t\t\t\t\t<div class=\"elementor-element elementor-element-d582a20 elementor-widget elementor-widget-theme-post-featured-image elementor-widget-image\" data-id=\"d582a20\" data-element_type=\"widget\" data-e-type=\"widget\" data-widget_type=\"theme-post-featured-image.default\">\n\t\t\t\t<div class=\"elementor-widget-container\">\n\t\t\t\t\t\t\t\t\t\t\t\t\t\t\t\t<a href=\"https:\/\/montrealdanse.com\/en\/people\/kathy-casey\/\">\n\t\t\t\t\t\t\t<img fetchpriority=\"high\" decoding=\"async\" width=\"700\" height=\"700\" src=\"https:\/\/montrealdanse.com\/wp-content\/uploads\/2020\/10\/collaborateur-Kathy_Casey.jpg\" class=\"attachment-full size-full wp-image-2405\" alt=\"\" srcset=\"https:\/\/montrealdanse.com\/wp-content\/uploads\/2020\/10\/collaborateur-Kathy_Casey.jpg 700w, https:\/\/montrealdanse.com\/wp-content\/uploads\/2020\/10\/collaborateur-Kathy_Casey-300x300.jpg 300w, https:\/\/montrealdanse.com\/wp-content\/uploads\/2020\/10\/collaborateur-Kathy_Casey-150x150.jpg 150w\" sizes=\"(max-width: 700px) 100vw, 700px\" \/>\t\t\t\t\t\t\t\t<\/a>\n\t\t\t\t\t\t\t\t\t\t\t\t\t\t\t<\/div>\n\t\t\t\t<\/div>\n\t\t\t\t<div class=\"elementor-element elementor-element-c2fd695 elementor-widget elementor-widget-theme-post-title elementor-page-title elementor-widget-heading\" data-id=\"c2fd695\" data-element_type=\"widget\" data-e-type=\"widget\" data-widget_type=\"theme-post-title.default\">\n\t\t\t\t<div class=\"elementor-widget-container\">\n\t\t\t\t\t<h3 class=\"elementor-heading-title elementor-size-default\"><a href=\"https:\/\/montrealdanse.com\/en\/people\/kathy-casey\/\">Kathy Casey<\/a><\/h3>\t\t\t\t<\/div>\n\t\t\t\t<\/div>\n\t\t\t\t<div class=\"elementor-element elementor-element-7ee058a elementor-widget elementor-widget-heading\" data-id=\"7ee058a\" data-element_type=\"widget\" data-e-type=\"widget\" data-widget_type=\"heading.default\">\n\t\t\t\t<div class=\"elementor-widget-container\">\n\t\t\t\t\t<p class=\"elementor-heading-title elementor-size-default\">Artistic Director | Interim Administrator<\/p>\t\t\t\t<\/div>\n\t\t\t\t<\/div>\n\t\t\t\t\t<\/div>\n\t\t<\/div>\n\t\t\t\t\t<\/div>\n\t\t<\/section>\n\t\t\t\t<\/div>\n\t\t\t\t<\/article>\n\t\t\t\t<article id=\"post-2766\" class=\"elementor-post elementor-grid-item ecs-post-loop post-2766 collaborateurs type-collaborateurs status-publish has-post-thumbnail hentry categories_collaborateurs-board-of-directors\">\n\t\t\t\t<div data-elementor-type=\"loop\" data-elementor-id=\"889\" class=\"elementor elementor-889 post-2766 collaborateurs type-collaborateurs status-publish has-post-thumbnail hentry categories_collaborateurs-board-of-directors ast-article-single\" data-elementor-post-type=\"elementor_library\">\n\t\t\t\t\t<section class=\"elementor-section elementor-top-section elementor-element elementor-element-53f8a02 elementor-section-boxed elementor-section-height-default elementor-section-height-default\" data-id=\"53f8a02\" data-element_type=\"section\" data-e-type=\"section\">\n\t\t\t\t\t\t<div class=\"elementor-container elementor-column-gap-default\">\n\t\t\t\t\t<div class=\"elementor-column elementor-col-100 elementor-top-column elementor-element elementor-element-16537a0\" data-id=\"16537a0\" data-element_type=\"column\" data-e-type=\"column\">\n\t\t\t<div class=\"elementor-widget-wrap elementor-element-populated\">\n\t\t\t\t\t\t<div class=\"elementor-element elementor-element-d582a20 elementor-widget elementor-widget-theme-post-featured-image elementor-widget-image\" data-id=\"d582a20\" data-element_type=\"widget\" data-e-type=\"widget\" data-widget_type=\"theme-post-featured-image.default\">\n\t\t\t\t<div class=\"elementor-widget-container\">\n\t\t\t\t\t\t\t\t\t\t\t\t\t\t\t\t<a href=\"https:\/\/montrealdanse.com\/en\/people\/marc-bertossini\/\">\n\t\t\t\t\t\t\t<img loading=\"lazy\" decoding=\"async\" width=\"700\" height=\"700\" src=\"https:\/\/montrealdanse.com\/wp-content\/uploads\/2020\/11\/ca-Marc-Bertossini-2.jpg\" class=\"attachment-full size-full wp-image-2443\" alt=\"\" srcset=\"https:\/\/montrealdanse.com\/wp-content\/uploads\/2020\/11\/ca-Marc-Bertossini-2.jpg 700w, https:\/\/montrealdanse.com\/wp-content\/uploads\/2020\/11\/ca-Marc-Bertossini-2-300x300.jpg 300w, https:\/\/montrealdanse.com\/wp-content\/uploads\/2020\/11\/ca-Marc-Bertossini-2-150x150.jpg 150w\" sizes=\"(max-width: 700px) 100vw, 700px\" \/>\t\t\t\t\t\t\t\t<\/a>\n\t\t\t\t\t\t\t\t\t\t\t\t\t\t\t<\/div>\n\t\t\t\t<\/div>\n\t\t\t\t<div class=\"elementor-element elementor-element-c2fd695 elementor-widget elementor-widget-theme-post-title elementor-page-title elementor-widget-heading\" data-id=\"c2fd695\" data-element_type=\"widget\" data-e-type=\"widget\" data-widget_type=\"theme-post-title.default\">\n\t\t\t\t<div class=\"elementor-widget-container\">\n\t\t\t\t\t<h3 class=\"elementor-heading-title elementor-size-default\"><a href=\"https:\/\/montrealdanse.com\/en\/people\/marc-bertossini\/\">Marc Bertossini<\/a><\/h3>\t\t\t\t<\/div>\n\t\t\t\t<\/div>\n\t\t\t\t<div class=\"elementor-element elementor-element-7ee058a elementor-widget elementor-widget-heading\" data-id=\"7ee058a\" data-element_type=\"widget\" data-e-type=\"widget\" data-widget_type=\"heading.default\">\n\t\t\t\t<div class=\"elementor-widget-container\">\n\t\t\t\t\t<p class=\"elementor-heading-title elementor-size-default\">President - Marketing Business Partner Marketing, Communications, Cooperation and Office of the President Desjardins Group<\/p>\t\t\t\t<\/div>\n\t\t\t\t<\/div>\n\t\t\t\t\t<\/div>\n\t\t<\/div>\n\t\t\t\t\t<\/div>\n\t\t<\/section>\n\t\t\t\t<\/div>\n\t\t\t\t<\/article>\n\t\t\t\t<article id=\"post-2764\" class=\"elementor-post elementor-grid-item ecs-post-loop post-2764 collaborateurs type-collaborateurs status-publish has-post-thumbnail hentry categories_collaborateurs-board-of-directors\">\n\t\t\t\t<div data-elementor-type=\"loop\" data-elementor-id=\"889\" class=\"elementor elementor-889 post-2764 collaborateurs type-collaborateurs status-publish has-post-thumbnail hentry categories_collaborateurs-board-of-directors ast-article-single\" data-elementor-post-type=\"elementor_library\">\n\t\t\t\t\t<section class=\"elementor-section elementor-top-section elementor-element elementor-element-53f8a02 elementor-section-boxed elementor-section-height-default elementor-section-height-default\" data-id=\"53f8a02\" data-element_type=\"section\" data-e-type=\"section\">\n\t\t\t\t\t\t<div class=\"elementor-container elementor-column-gap-default\">\n\t\t\t\t\t<div class=\"elementor-column elementor-col-100 elementor-top-column elementor-element elementor-element-16537a0\" data-id=\"16537a0\" data-element_type=\"column\" data-e-type=\"column\">\n\t\t\t<div class=\"elementor-widget-wrap elementor-element-populated\">\n\t\t\t\t\t\t<div class=\"elementor-element elementor-element-d582a20 elementor-widget elementor-widget-theme-post-featured-image elementor-widget-image\" data-id=\"d582a20\" data-element_type=\"widget\" data-e-type=\"widget\" data-widget_type=\"theme-post-featured-image.default\">\n\t\t\t\t<div class=\"elementor-widget-container\">\n\t\t\t\t\t\t\t\t\t\t\t\t\t\t\t\t<a href=\"https:\/\/montrealdanse.com\/en\/people\/jonathan-terninck\/\">\n\t\t\t\t\t\t\t<img loading=\"lazy\" decoding=\"async\" width=\"700\" height=\"700\" src=\"https:\/\/montrealdanse.com\/wp-content\/uploads\/2020\/11\/JonathanTerninck_CA.jpg\" class=\"attachment-full size-full wp-image-5972\" alt=\"\" srcset=\"https:\/\/montrealdanse.com\/wp-content\/uploads\/2020\/11\/JonathanTerninck_CA.jpg 700w, https:\/\/montrealdanse.com\/wp-content\/uploads\/2020\/11\/JonathanTerninck_CA-300x300.jpg 300w, https:\/\/montrealdanse.com\/wp-content\/uploads\/2020\/11\/JonathanTerninck_CA-150x150.jpg 150w\" sizes=\"(max-width: 700px) 100vw, 700px\" \/>\t\t\t\t\t\t\t\t<\/a>\n\t\t\t\t\t\t\t\t\t\t\t\t\t\t\t<\/div>\n\t\t\t\t<\/div>\n\t\t\t\t<div class=\"elementor-element elementor-element-c2fd695 elementor-widget elementor-widget-theme-post-title elementor-page-title elementor-widget-heading\" data-id=\"c2fd695\" data-element_type=\"widget\" data-e-type=\"widget\" data-widget_type=\"theme-post-title.default\">\n\t\t\t\t<div class=\"elementor-widget-container\">\n\t\t\t\t\t<h3 class=\"elementor-heading-title elementor-size-default\"><a href=\"https:\/\/montrealdanse.com\/en\/people\/jonathan-terninck\/\">Jonathan Terninck<\/a><\/h3>\t\t\t\t<\/div>\n\t\t\t\t<\/div>\n\t\t\t\t<div class=\"elementor-element elementor-element-7ee058a elementor-widget elementor-widget-heading\" data-id=\"7ee058a\" data-element_type=\"widget\" data-e-type=\"widget\" data-widget_type=\"heading.default\">\n\t\t\t\t<div class=\"elementor-widget-container\">\n\t\t\t\t\t<p class=\"elementor-heading-title elementor-size-default\">Secretary - Consultant<\/p>\t\t\t\t<\/div>\n\t\t\t\t<\/div>\n\t\t\t\t\t<\/div>\n\t\t<\/div>\n\t\t\t\t\t<\/div>\n\t\t<\/section>\n\t\t\t\t<\/div>\n\t\t\t\t<\/article>\n\t\t\t\t<article id=\"post-2760\" class=\"elementor-post elementor-grid-item ecs-post-loop post-2760 collaborateurs type-collaborateurs status-publish has-post-thumbnail hentry categories_collaborateurs-board-of-directors\">\n\t\t\t\t<div data-elementor-type=\"loop\" data-elementor-id=\"889\" class=\"elementor elementor-889 post-2760 collaborateurs type-collaborateurs status-publish has-post-thumbnail hentry categories_collaborateurs-board-of-directors ast-article-single\" data-elementor-post-type=\"elementor_library\">\n\t\t\t\t\t<section class=\"elementor-section elementor-top-section elementor-element elementor-element-53f8a02 elementor-section-boxed elementor-section-height-default elementor-section-height-default\" data-id=\"53f8a02\" data-element_type=\"section\" data-e-type=\"section\">\n\t\t\t\t\t\t<div class=\"elementor-container elementor-column-gap-default\">\n\t\t\t\t\t<div class=\"elementor-column elementor-col-100 elementor-top-column elementor-element elementor-element-16537a0\" data-id=\"16537a0\" data-element_type=\"column\" data-e-type=\"column\">\n\t\t\t<div class=\"elementor-widget-wrap elementor-element-populated\">\n\t\t\t\t\t\t<div class=\"elementor-element elementor-element-d582a20 elementor-widget elementor-widget-theme-post-featured-image elementor-widget-image\" data-id=\"d582a20\" data-element_type=\"widget\" data-e-type=\"widget\" data-widget_type=\"theme-post-featured-image.default\">\n\t\t\t\t<div class=\"elementor-widget-container\">\n\t\t\t\t\t\t\t\t\t\t\t\t\t\t\t\t<a href=\"https:\/\/montrealdanse.com\/en\/people\/maryse-chouinard\/\">\n\t\t\t\t\t\t\t<img loading=\"lazy\" decoding=\"async\" width=\"700\" height=\"700\" src=\"https:\/\/montrealdanse.com\/wp-content\/uploads\/2020\/11\/Photo_Maryse-Chouinard_Montreal-Danse.jpg\" class=\"attachment-full size-full wp-image-5968\" alt=\"\" srcset=\"https:\/\/montrealdanse.com\/wp-content\/uploads\/2020\/11\/Photo_Maryse-Chouinard_Montreal-Danse.jpg 700w, https:\/\/montrealdanse.com\/wp-content\/uploads\/2020\/11\/Photo_Maryse-Chouinard_Montreal-Danse-300x300.jpg 300w, https:\/\/montrealdanse.com\/wp-content\/uploads\/2020\/11\/Photo_Maryse-Chouinard_Montreal-Danse-150x150.jpg 150w\" sizes=\"(max-width: 700px) 100vw, 700px\" \/>\t\t\t\t\t\t\t\t<\/a>\n\t\t\t\t\t\t\t\t\t\t\t\t\t\t\t<\/div>\n\t\t\t\t<\/div>\n\t\t\t\t<div class=\"elementor-element elementor-element-c2fd695 elementor-widget elementor-widget-theme-post-title elementor-page-title elementor-widget-heading\" data-id=\"c2fd695\" data-element_type=\"widget\" data-e-type=\"widget\" data-widget_type=\"theme-post-title.default\">\n\t\t\t\t<div class=\"elementor-widget-container\">\n\t\t\t\t\t<h3 class=\"elementor-heading-title elementor-size-default\"><a href=\"https:\/\/montrealdanse.com\/en\/people\/maryse-chouinard\/\">Maryse Chouinard<\/a><\/h3>\t\t\t\t<\/div>\n\t\t\t\t<\/div>\n\t\t\t\t<div class=\"elementor-element elementor-element-7ee058a elementor-widget elementor-widget-heading\" data-id=\"7ee058a\" data-element_type=\"widget\" data-e-type=\"widget\" data-widget_type=\"heading.default\">\n\t\t\t\t<div class=\"elementor-widget-container\">\n\t\t\t\t\t<p class=\"elementor-heading-title elementor-size-default\">Administrator - Business partner, people and culture<\/p>\t\t\t\t<\/div>\n\t\t\t\t<\/div>\n\t\t\t\t\t<\/div>\n\t\t<\/div>\n\t\t\t\t\t<\/div>\n\t\t<\/section>\n\t\t\t\t<\/div>\n\t\t\t\t<\/article>\n\t\t\t\t<article id=\"post-7121\" class=\"elementor-post elementor-grid-item ecs-post-loop post-7121 collaborateurs type-collaborateurs status-publish has-post-thumbnail hentry categories_collaborateurs-board-of-directors\">\n\t\t\t\t<div data-elementor-type=\"loop\" data-elementor-id=\"889\" class=\"elementor elementor-889 post-7121 collaborateurs type-collaborateurs status-publish has-post-thumbnail hentry categories_collaborateurs-board-of-directors ast-article-single\" data-elementor-post-type=\"elementor_library\">\n\t\t\t\t\t<section class=\"elementor-section elementor-top-section elementor-element elementor-element-53f8a02 elementor-section-boxed elementor-section-height-default elementor-section-height-default\" data-id=\"53f8a02\" data-element_type=\"section\" data-e-type=\"section\">\n\t\t\t\t\t\t<div class=\"elementor-container elementor-column-gap-default\">\n\t\t\t\t\t<div class=\"elementor-column elementor-col-100 elementor-top-column elementor-element elementor-element-16537a0\" data-id=\"16537a0\" data-element_type=\"column\" data-e-type=\"column\">\n\t\t\t<div class=\"elementor-widget-wrap elementor-element-populated\">\n\t\t\t\t\t\t<div class=\"elementor-element elementor-element-d582a20 elementor-widget elementor-widget-theme-post-featured-image elementor-widget-image\" data-id=\"d582a20\" data-element_type=\"widget\" data-e-type=\"widget\" data-widget_type=\"theme-post-featured-image.default\">\n\t\t\t\t<div class=\"elementor-widget-container\">\n\t\t\t\t\t\t\t\t\t\t\t\t\t\t\t\t<a href=\"https:\/\/montrealdanse.com\/en\/people\/charles-david-cardinal\/\">\n\t\t\t\t\t\t\t<img loading=\"lazy\" decoding=\"async\" width=\"700\" height=\"700\" src=\"https:\/\/montrealdanse.com\/wp-content\/uploads\/2024\/10\/Charles_David.jpg\" class=\"attachment-full size-full wp-image-7126\" alt=\"\" srcset=\"https:\/\/montrealdanse.com\/wp-content\/uploads\/2024\/10\/Charles_David.jpg 700w, https:\/\/montrealdanse.com\/wp-content\/uploads\/2024\/10\/Charles_David-300x300.jpg 300w, https:\/\/montrealdanse.com\/wp-content\/uploads\/2024\/10\/Charles_David-150x150.jpg 150w\" sizes=\"(max-width: 700px) 100vw, 700px\" \/>\t\t\t\t\t\t\t\t<\/a>\n\t\t\t\t\t\t\t\t\t\t\t\t\t\t\t<\/div>\n\t\t\t\t<\/div>\n\t\t\t\t<div class=\"elementor-element elementor-element-c2fd695 elementor-widget elementor-widget-theme-post-title elementor-page-title elementor-widget-heading\" data-id=\"c2fd695\" data-element_type=\"widget\" data-e-type=\"widget\" data-widget_type=\"theme-post-title.default\">\n\t\t\t\t<div class=\"elementor-widget-container\">\n\t\t\t\t\t<h3 class=\"elementor-heading-title elementor-size-default\"><a href=\"https:\/\/montrealdanse.com\/en\/people\/charles-david-cardinal\/\">Charles David Cardinal<\/a><\/h3>\t\t\t\t<\/div>\n\t\t\t\t<\/div>\n\t\t\t\t<div class=\"elementor-element elementor-element-7ee058a elementor-widget elementor-widget-heading\" data-id=\"7ee058a\" data-element_type=\"widget\" data-e-type=\"widget\" data-widget_type=\"heading.default\">\n\t\t\t\t<div class=\"elementor-widget-container\">\n\t\t\t\t\t<p class=\"elementor-heading-title elementor-size-default\">Treasurer- President of Co\u00e9vol Strat\u00e9gie + Design<\/p>\t\t\t\t<\/div>\n\t\t\t\t<\/div>\n\t\t\t\t\t<\/div>\n\t\t<\/div>\n\t\t\t\t\t<\/div>\n\t\t<\/section>\n\t\t\t\t<\/div>\n\t\t\t\t<\/article>\n\t\t\t\t<\/div>\n\t\t\t\t\t\t<\/div>\n\t\t\t\t<\/div>\n\t\t\t\t<div class=\"elementor-element elementor-element-0fe3fee elementor-widget-divider--view-line elementor-widget elementor-widget-divider\" data-id=\"0fe3fee\" data-element_type=\"widget\" data-e-type=\"widget\" data-widget_type=\"divider.default\">\n\t\t\t\t<div class=\"elementor-widget-container\">\n\t\t\t\t\t\t\t<div class=\"elementor-divider\">\n\t\t\t<span class=\"elementor-divider-separator\">\n\t\t\t\t\t\t<\/span>\n\t\t<\/div>\n\t\t\t\t\t\t<\/div>\n\t\t\t\t<\/div>\n\t\t\t\t<div class=\"elementor-element elementor-element-c4fdee6 elementor-widget elementor-widget-heading\" data-id=\"c4fdee6\" data-element_type=\"widget\" data-e-type=\"widget\" data-widget_type=\"heading.default\">\n\t\t\t\t<div class=\"elementor-widget-container\">\n\t\t\t\t\t<h4 class=\"elementor-heading-title elementor-size-default\">Booking<\/h4>\t\t\t\t<\/div>\n\t\t\t\t<\/div>\n\t\t\t\t<div class=\"elementor-element elementor-element-ffa5903 elementor-grid-4 elementor-grid-tablet-3 elementor-grid-mobile-2 elementor-posts--thumbnail-top elementor-widget elementor-widget-posts\" data-id=\"ffa5903\" data-element_type=\"widget\" data-e-type=\"widget\" data-settings=\"{&quot;custom_columns&quot;:&quot;4&quot;,&quot;custom_columns_tablet&quot;:&quot;3&quot;,&quot;custom_columns_mobile&quot;:&quot;2&quot;,&quot;custom_row_gap&quot;:{&quot;unit&quot;:&quot;px&quot;,&quot;size&quot;:55,&quot;sizes&quot;:[]},&quot;custom_row_gap_tablet&quot;:{&quot;unit&quot;:&quot;px&quot;,&quot;size&quot;:&quot;&quot;,&quot;sizes&quot;:[]},&quot;custom_row_gap_mobile&quot;:{&quot;unit&quot;:&quot;px&quot;,&quot;size&quot;:&quot;&quot;,&quot;sizes&quot;:[]}}\" data-widget_type=\"posts.custom\">\n\t\t\t\t<div class=\"elementor-widget-container\">\n\t\t\t\t\t      <div class=\"ecs-posts elementor-posts-container elementor-posts   elementor-grid elementor-posts--skin-custom\" data-settings=\"{&quot;current_page&quot;:1,&quot;max_num_pages&quot;:1,&quot;load_method&quot;:&quot;numbers_and_prev_next&quot;,&quot;widget_id&quot;:&quot;ffa5903&quot;,&quot;post_id&quot;:7121,&quot;theme_id&quot;:2826,&quot;change_url&quot;:false,&quot;reinit_js&quot;:false}\">\n      \t\t<article id=\"post-2668\" class=\"elementor-post elementor-grid-item ecs-post-loop post-2668 collaborateurs type-collaborateurs status-publish has-post-thumbnail hentry categories_collaborateurs-booking\">\n\t\t\t\t<div data-elementor-type=\"loop\" data-elementor-id=\"889\" class=\"elementor elementor-889 post-2668 collaborateurs type-collaborateurs status-publish has-post-thumbnail hentry categories_collaborateurs-booking ast-article-single\" data-elementor-post-type=\"elementor_library\">\n\t\t\t\t\t<section class=\"elementor-section elementor-top-section elementor-element elementor-element-53f8a02 elementor-section-boxed elementor-section-height-default elementor-section-height-default\" data-id=\"53f8a02\" data-element_type=\"section\" data-e-type=\"section\">\n\t\t\t\t\t\t<div class=\"elementor-container elementor-column-gap-default\">\n\t\t\t\t\t<div class=\"elementor-column elementor-col-100 elementor-top-column elementor-element elementor-element-16537a0\" data-id=\"16537a0\" data-element_type=\"column\" data-e-type=\"column\">\n\t\t\t<div class=\"elementor-widget-wrap elementor-element-populated\">\n\t\t\t\t\t\t<div class=\"elementor-element elementor-element-d582a20 elementor-widget elementor-widget-theme-post-featured-image elementor-widget-image\" data-id=\"d582a20\" data-element_type=\"widget\" data-e-type=\"widget\" data-widget_type=\"theme-post-featured-image.default\">\n\t\t\t\t<div class=\"elementor-widget-container\">\n\t\t\t\t\t\t\t\t\t\t\t\t\t\t\t\t<a href=\"https:\/\/montrealdanse.com\/en\/people\/jamie-wright\/\">\n\t\t\t\t\t\t\t<img loading=\"lazy\" decoding=\"async\" width=\"700\" height=\"700\" src=\"https:\/\/montrealdanse.com\/wp-content\/uploads\/2022\/02\/collaborateur-Jamie-Wright.jpg\" class=\"attachment-full size-full wp-image-2531\" alt=\"\" srcset=\"https:\/\/montrealdanse.com\/wp-content\/uploads\/2022\/02\/collaborateur-Jamie-Wright.jpg 700w, https:\/\/montrealdanse.com\/wp-content\/uploads\/2022\/02\/collaborateur-Jamie-Wright-300x300.jpg 300w, https:\/\/montrealdanse.com\/wp-content\/uploads\/2022\/02\/collaborateur-Jamie-Wright-150x150.jpg 150w\" sizes=\"(max-width: 700px) 100vw, 700px\" \/>\t\t\t\t\t\t\t\t<\/a>\n\t\t\t\t\t\t\t\t\t\t\t\t\t\t\t<\/div>\n\t\t\t\t<\/div>\n\t\t\t\t<div class=\"elementor-element elementor-element-c2fd695 elementor-widget elementor-widget-theme-post-title elementor-page-title elementor-widget-heading\" data-id=\"c2fd695\" data-element_type=\"widget\" data-e-type=\"widget\" data-widget_type=\"theme-post-title.default\">\n\t\t\t\t<div class=\"elementor-widget-container\">\n\t\t\t\t\t<h3 class=\"elementor-heading-title elementor-size-default\"><a href=\"https:\/\/montrealdanse.com\/en\/people\/jamie-wright\/\">Jamie Wright<\/a><\/h3>\t\t\t\t<\/div>\n\t\t\t\t<\/div>\n\t\t\t\t<div class=\"elementor-element elementor-element-7ee058a elementor-widget elementor-widget-heading\" data-id=\"7ee058a\" data-element_type=\"widget\" data-e-type=\"widget\" data-widget_type=\"heading.default\">\n\t\t\t\t<div class=\"elementor-widget-container\">\n\t\t\t\t\t<p class=\"elementor-heading-title elementor-size-default\">General &amp; Artistic Codirector \u2013 Booking Agent North America - Art Circulation<\/p>\t\t\t\t<\/div>\n\t\t\t\t<\/div>\n\t\t\t\t\t<\/div>\n\t\t<\/div>\n\t\t\t\t\t<\/div>\n\t\t<\/section>\n\t\t\t\t<\/div>\n\t\t\t\t<\/article>\n\t\t\t\t<article id=\"post-2758\" class=\"elementor-post elementor-grid-item ecs-post-loop post-2758 collaborateurs type-collaborateurs status-publish has-post-thumbnail hentry categories_collaborateurs-booking\">\n\t\t\t\t<div data-elementor-type=\"loop\" data-elementor-id=\"889\" class=\"elementor elementor-889 post-2758 collaborateurs type-collaborateurs status-publish has-post-thumbnail hentry categories_collaborateurs-booking ast-article-single\" data-elementor-post-type=\"elementor_library\">\n\t\t\t\t\t<section class=\"elementor-section elementor-top-section elementor-element elementor-element-53f8a02 elementor-section-boxed elementor-section-height-default elementor-section-height-default\" data-id=\"53f8a02\" data-element_type=\"section\" data-e-type=\"section\">\n\t\t\t\t\t\t<div class=\"elementor-container elementor-column-gap-default\">\n\t\t\t\t\t<div class=\"elementor-column elementor-col-100 elementor-top-column elementor-element elementor-element-16537a0\" data-id=\"16537a0\" data-element_type=\"column\" data-e-type=\"column\">\n\t\t\t<div class=\"elementor-widget-wrap elementor-element-populated\">\n\t\t\t\t\t\t<div class=\"elementor-element elementor-element-d582a20 elementor-widget elementor-widget-theme-post-featured-image elementor-widget-image\" data-id=\"d582a20\" data-element_type=\"widget\" data-e-type=\"widget\" data-widget_type=\"theme-post-featured-image.default\">\n\t\t\t\t<div class=\"elementor-widget-container\">\n\t\t\t\t\t\t\t\t\t\t\t\t\t\t\t\t<a href=\"https:\/\/montrealdanse.com\/en\/people\/karolina-rychlik\/\">\n\t\t\t\t\t\t\t<img loading=\"lazy\" decoding=\"async\" width=\"700\" height=\"700\" src=\"https:\/\/montrealdanse.com\/wp-content\/uploads\/2020\/11\/ac-Karolina-Rychlik-2.jpg\" class=\"attachment-full size-full wp-image-2495\" alt=\"\" srcset=\"https:\/\/montrealdanse.com\/wp-content\/uploads\/2020\/11\/ac-Karolina-Rychlik-2.jpg 700w, https:\/\/montrealdanse.com\/wp-content\/uploads\/2020\/11\/ac-Karolina-Rychlik-2-300x300.jpg 300w, https:\/\/montrealdanse.com\/wp-content\/uploads\/2020\/11\/ac-Karolina-Rychlik-2-150x150.jpg 150w\" sizes=\"(max-width: 700px) 100vw, 700px\" \/>\t\t\t\t\t\t\t\t<\/a>\n\t\t\t\t\t\t\t\t\t\t\t\t\t\t\t<\/div>\n\t\t\t\t<\/div>\n\t\t\t\t<div class=\"elementor-element elementor-element-c2fd695 elementor-widget elementor-widget-theme-post-title elementor-page-title elementor-widget-heading\" data-id=\"c2fd695\" data-element_type=\"widget\" data-e-type=\"widget\" data-widget_type=\"theme-post-title.default\">\n\t\t\t\t<div class=\"elementor-widget-container\">\n\t\t\t\t\t<h3 class=\"elementor-heading-title elementor-size-default\"><a href=\"https:\/\/montrealdanse.com\/en\/people\/karolina-rychlik\/\">Karolina Rychlik<\/a><\/h3>\t\t\t\t<\/div>\n\t\t\t\t<\/div>\n\t\t\t\t<div class=\"elementor-element elementor-element-7ee058a elementor-widget elementor-widget-heading\" data-id=\"7ee058a\" data-element_type=\"widget\" data-e-type=\"widget\" data-widget_type=\"heading.default\">\n\t\t\t\t<div class=\"elementor-widget-container\">\n\t\t\t\t\t<p class=\"elementor-heading-title elementor-size-default\">General &amp; Artistic Codirector \u2013 Booking Agent Europe &amp; Asia - Art Circulation<\/p>\t\t\t\t<\/div>\n\t\t\t\t<\/div>\n\t\t\t\t\t<\/div>\n\t\t<\/div>\n\t\t\t\t\t<\/div>\n\t\t<\/section>\n\t\t\t\t<\/div>\n\t\t\t\t<\/article>\n\t\t\t\t<article id=\"post-2756\" class=\"elementor-post elementor-grid-item ecs-post-loop post-2756 collaborateurs type-collaborateurs status-publish has-post-thumbnail hentry categories_collaborateurs-booking\">\n\t\t\t\t<div data-elementor-type=\"loop\" data-elementor-id=\"889\" class=\"elementor elementor-889 post-2756 collaborateurs type-collaborateurs status-publish has-post-thumbnail hentry categories_collaborateurs-booking ast-article-single\" data-elementor-post-type=\"elementor_library\">\n\t\t\t\t\t<section class=\"elementor-section elementor-top-section elementor-element elementor-element-53f8a02 elementor-section-boxed elementor-section-height-default elementor-section-height-default\" data-id=\"53f8a02\" data-element_type=\"section\" data-e-type=\"section\">\n\t\t\t\t\t\t<div class=\"elementor-container elementor-column-gap-default\">\n\t\t\t\t\t<div class=\"elementor-column elementor-col-100 elementor-top-column elementor-element elementor-element-16537a0\" data-id=\"16537a0\" data-element_type=\"column\" data-e-type=\"column\">\n\t\t\t<div class=\"elementor-widget-wrap elementor-element-populated\">\n\t\t\t\t\t\t<div class=\"elementor-element elementor-element-d582a20 elementor-widget elementor-widget-theme-post-featured-image elementor-widget-image\" data-id=\"d582a20\" data-element_type=\"widget\" data-e-type=\"widget\" data-widget_type=\"theme-post-featured-image.default\">\n\t\t\t\t<div class=\"elementor-widget-container\">\n\t\t\t\t\t\t\t\t\t\t\t\t\t\t\t\t<a href=\"https:\/\/montrealdanse.com\/en\/people\/nicolas-filion\/\">\n\t\t\t\t\t\t\t<img loading=\"lazy\" decoding=\"async\" width=\"700\" height=\"700\" src=\"https:\/\/montrealdanse.com\/wp-content\/uploads\/2020\/11\/ac-Nicolas-Fillion.jpg\" class=\"attachment-full size-full wp-image-2498\" alt=\"\" srcset=\"https:\/\/montrealdanse.com\/wp-content\/uploads\/2020\/11\/ac-Nicolas-Fillion.jpg 700w, https:\/\/montrealdanse.com\/wp-content\/uploads\/2020\/11\/ac-Nicolas-Fillion-300x300.jpg 300w, https:\/\/montrealdanse.com\/wp-content\/uploads\/2020\/11\/ac-Nicolas-Fillion-150x150.jpg 150w\" sizes=\"(max-width: 700px) 100vw, 700px\" \/>\t\t\t\t\t\t\t\t<\/a>\n\t\t\t\t\t\t\t\t\t\t\t\t\t\t\t<\/div>\n\t\t\t\t<\/div>\n\t\t\t\t<div class=\"elementor-element elementor-element-c2fd695 elementor-widget elementor-widget-theme-post-title elementor-page-title elementor-widget-heading\" data-id=\"c2fd695\" data-element_type=\"widget\" data-e-type=\"widget\" data-widget_type=\"theme-post-title.default\">\n\t\t\t\t<div class=\"elementor-widget-container\">\n\t\t\t\t\t<h3 class=\"elementor-heading-title elementor-size-default\"><a href=\"https:\/\/montrealdanse.com\/en\/people\/nicolas-filion\/\">Nicolas Filion<\/a><\/h3>\t\t\t\t<\/div>\n\t\t\t\t<\/div>\n\t\t\t\t<div class=\"elementor-element elementor-element-7ee058a elementor-widget elementor-widget-heading\" data-id=\"7ee058a\" data-element_type=\"widget\" data-e-type=\"widget\" data-widget_type=\"heading.default\">\n\t\t\t\t<div class=\"elementor-widget-container\">\n\t\t\t\t\t<p class=\"elementor-heading-title elementor-size-default\">Director - F\u00f4ve Diffusion<\/p>\t\t\t\t<\/div>\n\t\t\t\t<\/div>\n\t\t\t\t\t<\/div>\n\t\t<\/div>\n\t\t\t\t\t<\/div>\n\t\t<\/section>\n\t\t\t\t<\/div>\n\t\t\t\t<\/article>\n\t\t\t\t<\/div>\n\t\t\t\t\t\t<\/div>\n\t\t\t\t<\/div>\n\t\t\t\t\t<\/div>\n\t\t<\/div>\n\t\t\t\t\t<\/div>\n\t\t<\/nav>\n\t\t\t\t<\/div>\n\t\t","protected":false},"excerpt":{"rendered":"<p>Team Montr\u00e9al Danse Team Board of Directors Booking<\/p>\n","protected":false},"author":1,"featured_media":8125,"parent":0,"menu_order":0,"comment_status":"closed","ping_status":"closed","template":"elementor_header_footer","meta":{"_acf_changed":false,"site-sidebar-layout":"no-sidebar","site-content-layout":"page-builder","ast-site-content-layout":"full-width-container","site-content-style":"unboxed","site-sidebar-style":"unboxed","ast-global-header-display":"","ast-banner-title-visibility":"","ast-main-header-display":"","ast-hfb-above-header-display":"","ast-hfb-below-header-display":"","ast-hfb-mobile-header-display":"","site-post-title":"disabled","ast-breadcrumbs-content":"","ast-featured-img":"disabled","footer-sml-layout":"","ast-disable-related-posts":"","theme-transparent-header-meta":"default","adv-header-id-meta":"","stick-header-meta":"","header-above-stick-meta":"","header-main-stick-meta":"","header-below-stick-meta":"","astra-migrate-meta-layouts":"default","ast-page-background-enabled":"default","ast-page-background-meta":{"desktop":{"background-color":"","background-image":"","background-repeat":"repeat","background-position":"center center","background-size":"auto","background-attachment":"scroll","background-type":"","background-media":"","overlay-type":"","overlay-color":"","overlay-opacity":"","overlay-gradient":""},"tablet":{"background-color":"","background-image":"","background-repeat":"repeat","background-position":"center center","background-size":"auto","background-attachment":"scroll","background-type":"","background-media":"","overlay-type":"","overlay-color":"","overlay-opacity":"","overlay-gradient":""},"mobile":{"background-color":"","background-image":"","background-repeat":"repeat","background-position":"center center","background-size":"auto","background-attachment":"scroll","background-type":"","background-media":"","overlay-type":"","overlay-color":"","overlay-opacity":"","overlay-gradient":""}},"ast-content-background-meta":{"desktop":{"background-color":"var(--ast-global-color-5)","background-image":"","background-repeat":"repeat","background-position":"center center","background-size":"auto","background-attachment":"scroll","background-type":"","background-media":"","overlay-type":"","overlay-color":"","overlay-opacity":"","overlay-gradient":""},"tablet":{"background-color":"var(--ast-global-color-5)","background-image":"","background-repeat":"repeat","background-position":"center center","background-size":"auto","background-attachment":"scroll","background-type":"","background-media":"","overlay-type":"","overlay-color":"","overlay-opacity":"","overlay-gradient":""},"mobile":{"background-color":"var(--ast-global-color-5)","background-image":"","background-repeat":"repeat","background-position":"center center","background-size":"auto","background-attachment":"scroll","background-type":"","background-media":"","overlay-type":"","overlay-color":"","overlay-opacity":"","overlay-gradient":""}},"footnotes":""},"class_list":["post-2826","page","type-page","status-publish","has-post-thumbnail","hentry"],"acf":[],"yoast_head":"<!-- This site is optimized with the Yoast SEO plugin v27.5 - https:\/\/yoast.com\/product\/yoast-seo-wordpress\/ -->\n<title>Team - Montr\u00e9al Danse<\/title>\n<meta name=\"robots\" content=\"index, follow, max-snippet:-1, max-image-preview:large, max-video-preview:-1\" \/>\n<link rel=\"canonical\" href=\"https:\/\/montrealdanse.com\/en\/team\/\" \/>\n<meta property=\"og:locale\" content=\"en_US\" \/>\n<meta property=\"og:type\" content=\"article\" \/>\n<meta property=\"og:title\" content=\"Team - Montr\u00e9al Danse\" \/>\n<meta property=\"og:description\" content=\"Team Montr\u00e9al Danse Team Board of Directors Booking\" \/>\n<meta property=\"og:url\" content=\"https:\/\/montrealdanse.com\/en\/team\/\" \/>\n<meta property=\"og:site_name\" content=\"Montr\u00e9al Danse\" \/>\n<meta property=\"article:publisher\" content=\"https:\/\/www.facebook.com\/montrealdanse\/\" \/>\n<meta property=\"article:modified_time\" content=\"2022-06-23T20:36:43+00:00\" \/>\n<meta property=\"og:image\" content=\"https:\/\/montrealdanse.com\/wp-content\/uploads\/2020\/06\/MTLdanse-logo-gris.png\" \/>\n\t<meta property=\"og:image:width\" content=\"550\" \/>\n\t<meta property=\"og:image:height\" content=\"617\" \/>\n\t<meta property=\"og:image:type\" content=\"image\/png\" \/>\n<meta name=\"twitter:card\" content=\"summary_large_image\" \/>\n<meta name=\"twitter:label1\" content=\"Est. reading time\" \/>\n\t<meta name=\"twitter:data1\" content=\"11 minutes\" \/>\n<script type=\"application\/ld+json\" class=\"yoast-schema-graph\">{\"@context\":\"https:\\\/\\\/schema.org\",\"@graph\":[{\"@type\":\"WebPage\",\"@id\":\"https:\\\/\\\/montrealdanse.com\\\/en\\\/team\\\/\",\"url\":\"https:\\\/\\\/montrealdanse.com\\\/en\\\/team\\\/\",\"name\":\"Team - Montr\u00e9al Danse\",\"isPartOf\":{\"@id\":\"https:\\\/\\\/montrealdanse.com\\\/#website\"},\"primaryImageOfPage\":{\"@id\":\"https:\\\/\\\/montrealdanse.com\\\/en\\\/team\\\/#primaryimage\"},\"image\":{\"@id\":\"https:\\\/\\\/montrealdanse.com\\\/en\\\/team\\\/#primaryimage\"},\"thumbnailUrl\":\"https:\\\/\\\/montrealdanse.com\\\/wp-content\\\/uploads\\\/2025\\\/06\\\/P1020037-scaled.jpg\",\"datePublished\":\"2020-11-12T22:17:38+00:00\",\"dateModified\":\"2022-06-23T20:36:43+00:00\",\"breadcrumb\":{\"@id\":\"https:\\\/\\\/montrealdanse.com\\\/en\\\/team\\\/#breadcrumb\"},\"inLanguage\":\"en-US\",\"potentialAction\":[{\"@type\":\"ReadAction\",\"target\":[\"https:\\\/\\\/montrealdanse.com\\\/en\\\/team\\\/\"]}]},{\"@type\":\"ImageObject\",\"inLanguage\":\"en-US\",\"@id\":\"https:\\\/\\\/montrealdanse.com\\\/en\\\/team\\\/#primaryimage\",\"url\":\"https:\\\/\\\/montrealdanse.com\\\/wp-content\\\/uploads\\\/2025\\\/06\\\/P1020037-scaled.jpg\",\"contentUrl\":\"https:\\\/\\\/montrealdanse.com\\\/wp-content\\\/uploads\\\/2025\\\/06\\\/P1020037-scaled.jpg\",\"width\":2560,\"height\":1710},{\"@type\":\"BreadcrumbList\",\"@id\":\"https:\\\/\\\/montrealdanse.com\\\/en\\\/team\\\/#breadcrumb\",\"itemListElement\":[{\"@type\":\"ListItem\",\"position\":1,\"name\":\"Accueil\",\"item\":\"https:\\\/\\\/montrealdanse.com\\\/en\\\/\"},{\"@type\":\"ListItem\",\"position\":2,\"name\":\"Team\"}]},{\"@type\":\"WebSite\",\"@id\":\"https:\\\/\\\/montrealdanse.com\\\/#website\",\"url\":\"https:\\\/\\\/montrealdanse.com\\\/\",\"name\":\"Montr\u00e9al Danse\",\"description\":\"Plateforme de d\u00e9veloppement chor\u00e9graphique\",\"publisher\":{\"@id\":\"https:\\\/\\\/montrealdanse.com\\\/#organization\"},\"potentialAction\":[{\"@type\":\"SearchAction\",\"target\":{\"@type\":\"EntryPoint\",\"urlTemplate\":\"https:\\\/\\\/montrealdanse.com\\\/?s={search_term_string}\"},\"query-input\":{\"@type\":\"PropertyValueSpecification\",\"valueRequired\":true,\"valueName\":\"search_term_string\"}}],\"inLanguage\":\"en-US\"},{\"@type\":\"Organization\",\"@id\":\"https:\\\/\\\/montrealdanse.com\\\/#organization\",\"name\":\"Montr\u00e9al Danse\",\"url\":\"https:\\\/\\\/montrealdanse.com\\\/\",\"logo\":{\"@type\":\"ImageObject\",\"inLanguage\":\"en-US\",\"@id\":\"https:\\\/\\\/montrealdanse.com\\\/#\\\/schema\\\/logo\\\/image\\\/\",\"url\":\"https:\\\/\\\/montrealdanse.com\\\/wp-content\\\/uploads\\\/2020\\\/06\\\/MTLdanse-logo-gris.png\",\"contentUrl\":\"https:\\\/\\\/montrealdanse.com\\\/wp-content\\\/uploads\\\/2020\\\/06\\\/MTLdanse-logo-gris.png\",\"width\":550,\"height\":617,\"caption\":\"Montr\u00e9al Danse\"},\"image\":{\"@id\":\"https:\\\/\\\/montrealdanse.com\\\/#\\\/schema\\\/logo\\\/image\\\/\"},\"sameAs\":[\"https:\\\/\\\/www.facebook.com\\\/montrealdanse\\\/\",\"https:\\\/\\\/www.youtube.com\\\/channel\\\/UChK7CVWngZK7unMUi_rALhg\"]}]}<\/script>\n<!-- \/ Yoast SEO plugin. -->","yoast_head_json":{"title":"Team - Montr\u00e9al Danse","robots":{"index":"index","follow":"follow","max-snippet":"max-snippet:-1","max-image-preview":"max-image-preview:large","max-video-preview":"max-video-preview:-1"},"canonical":"https:\/\/montrealdanse.com\/en\/team\/","og_locale":"en_US","og_type":"article","og_title":"Team - Montr\u00e9al Danse","og_description":"Team Montr\u00e9al Danse Team Board of Directors Booking","og_url":"https:\/\/montrealdanse.com\/en\/team\/","og_site_name":"Montr\u00e9al Danse","article_publisher":"https:\/\/www.facebook.com\/montrealdanse\/","article_modified_time":"2022-06-23T20:36:43+00:00","og_image":[{"width":550,"height":617,"url":"https:\/\/montrealdanse.com\/wp-content\/uploads\/2020\/06\/MTLdanse-logo-gris.png","type":"image\/png"}],"twitter_card":"summary_large_image","twitter_misc":{"Est. reading time":"11 minutes"},"schema":{"@context":"https:\/\/schema.org","@graph":[{"@type":"WebPage","@id":"https:\/\/montrealdanse.com\/en\/team\/","url":"https:\/\/montrealdanse.com\/en\/team\/","name":"Team - Montr\u00e9al Danse","isPartOf":{"@id":"https:\/\/montrealdanse.com\/#website"},"primaryImageOfPage":{"@id":"https:\/\/montrealdanse.com\/en\/team\/#primaryimage"},"image":{"@id":"https:\/\/montrealdanse.com\/en\/team\/#primaryimage"},"thumbnailUrl":"https:\/\/montrealdanse.com\/wp-content\/uploads\/2025\/06\/P1020037-scaled.jpg","datePublished":"2020-11-12T22:17:38+00:00","dateModified":"2022-06-23T20:36:43+00:00","breadcrumb":{"@id":"https:\/\/montrealdanse.com\/en\/team\/#breadcrumb"},"inLanguage":"en-US","potentialAction":[{"@type":"ReadAction","target":["https:\/\/montrealdanse.com\/en\/team\/"]}]},{"@type":"ImageObject","inLanguage":"en-US","@id":"https:\/\/montrealdanse.com\/en\/team\/#primaryimage","url":"https:\/\/montrealdanse.com\/wp-content\/uploads\/2025\/06\/P1020037-scaled.jpg","contentUrl":"https:\/\/montrealdanse.com\/wp-content\/uploads\/2025\/06\/P1020037-scaled.jpg","width":2560,"height":1710},{"@type":"BreadcrumbList","@id":"https:\/\/montrealdanse.com\/en\/team\/#breadcrumb","itemListElement":[{"@type":"ListItem","position":1,"name":"Accueil","item":"https:\/\/montrealdanse.com\/en\/"},{"@type":"ListItem","position":2,"name":"Team"}]},{"@type":"WebSite","@id":"https:\/\/montrealdanse.com\/#website","url":"https:\/\/montrealdanse.com\/","name":"Montr\u00e9al Danse","description":"Plateforme de d\u00e9veloppement chor\u00e9graphique","publisher":{"@id":"https:\/\/montrealdanse.com\/#organization"},"potentialAction":[{"@type":"SearchAction","target":{"@type":"EntryPoint","urlTemplate":"https:\/\/montrealdanse.com\/?s={search_term_string}"},"query-input":{"@type":"PropertyValueSpecification","valueRequired":true,"valueName":"search_term_string"}}],"inLanguage":"en-US"},{"@type":"Organization","@id":"https:\/\/montrealdanse.com\/#organization","name":"Montr\u00e9al Danse","url":"https:\/\/montrealdanse.com\/","logo":{"@type":"ImageObject","inLanguage":"en-US","@id":"https:\/\/montrealdanse.com\/#\/schema\/logo\/image\/","url":"https:\/\/montrealdanse.com\/wp-content\/uploads\/2020\/06\/MTLdanse-logo-gris.png","contentUrl":"https:\/\/montrealdanse.com\/wp-content\/uploads\/2020\/06\/MTLdanse-logo-gris.png","width":550,"height":617,"caption":"Montr\u00e9al Danse"},"image":{"@id":"https:\/\/montrealdanse.com\/#\/schema\/logo\/image\/"},"sameAs":["https:\/\/www.facebook.com\/montrealdanse\/","https:\/\/www.youtube.com\/channel\/UChK7CVWngZK7unMUi_rALhg"]}]}},"_links":{"self":[{"href":"https:\/\/montrealdanse.com\/en\/wp-json\/wp\/v2\/pages\/2826","targetHints":{"allow":["GET"]}}],"collection":[{"href":"https:\/\/montrealdanse.com\/en\/wp-json\/wp\/v2\/pages"}],"about":[{"href":"https:\/\/montrealdanse.com\/en\/wp-json\/wp\/v2\/types\/page"}],"author":[{"embeddable":true,"href":"https:\/\/montrealdanse.com\/en\/wp-json\/wp\/v2\/users\/1"}],"replies":[{"embeddable":true,"href":"https:\/\/montrealdanse.com\/en\/wp-json\/wp\/v2\/comments?post=2826"}],"version-history":[{"count":2,"href":"https:\/\/montrealdanse.com\/en\/wp-json\/wp\/v2\/pages\/2826\/revisions"}],"predecessor-version":[{"id":3989,"href":"https:\/\/montrealdanse.com\/en\/wp-json\/wp\/v2\/pages\/2826\/revisions\/3989"}],"wp:featuredmedia":[{"embeddable":true,"href":"https:\/\/montrealdanse.com\/en\/wp-json\/wp\/v2\/media\/8125"}],"wp:attachment":[{"href":"https:\/\/montrealdanse.com\/en\/wp-json\/wp\/v2\/media?parent=2826"}],"curies":[{"name":"wp","href":"https:\/\/api.w.org\/{rel}","templated":true}]}}