{"id":7395,"date":"2024-11-06T14:04:23","date_gmt":"2024-11-06T14:04:23","guid":{"rendered":"https:\/\/montrealdanse.com\/?post_type=emplois&#038;p=7395"},"modified":"2025-01-08T17:53:20","modified_gmt":"2025-01-08T17:53:20","slug":"coordonnateur-trice-aux-communications-montreal-danse","status":"publish","type":"emplois","link":"https:\/\/montrealdanse.com\/en\/jobs\/coordonnateur-trice-aux-communications-montreal-danse\/","title":{"rendered":"Coordonnateur.trice aux communications \/\/ Montr\u00e9al Danse"},"content":{"rendered":"<p><span style=\"font-weight: 400;\">Montr\u00e9al Danse, plateforme de d\u00e9veloppement chor\u00e9graphique qui cr\u00e9e, produit et diffuse des \u0153uvres depuis plus de 30 ans, est \u00e0 la recherche d\u2019un.e <\/span><b>coordonnateur.trice aux communications<\/b><span style=\"font-weight: 400;\"> pour compl\u00e9ter son \u00e9quipe.<\/span><\/p>\n<p><span style=\"font-weight: 400;\">Sous la supervision de la direction administrative et du d\u00e9veloppement, de la directrice artistique et en lien avec les <\/span><span style=\"font-weight: 400;\">coordonnatrices aux m\u00e9dias sociaux et \u00e0 la logistique<\/span><span style=\"font-weight: 400;\">, le.la coordonnateur.trice aux communications sera responsable des communications internes et externes de la compagnie.<\/span><\/p>\n<p><b>Type d\u2019emploi<\/b><\/p>\n<ul>\n<li style=\"font-weight: 400;\" aria-level=\"1\"><span style=\"font-weight: 400;\">D\u00e9but de formation souhait\u00e9e <\/span><b>le 2 d\u00e9cembre 2024<\/b><\/li>\n<li aria-level=\"1\">Entr\u00e9e en poste officielle le 6 janvier 2025<\/li>\n<li style=\"font-weight: 400;\" aria-level=\"1\"><span style=\"font-weight: 400;\">Poste permanent, 15 \u00e0 20h par semaine avec disponibilit\u00e9s quelques soirs lors\u00a0 des \u00e9v\u00e9nements sp\u00e9ciaux<\/span><\/li>\n<li style=\"font-weight: 400;\" aria-level=\"1\"><span style=\"font-weight: 400;\">Bureau au centre-ville de Montr\u00e9al et t\u00e9l\u00e9travail<\/span><\/li>\n<li style=\"font-weight: 400;\" aria-level=\"1\"><span style=\"font-weight: 400;\">Salaire entre 20 et 25$ de l\u2019heure en fonction de l\u2019exp\u00e9rience + avantages sociaux<\/span><\/li>\n<\/ul>\n<p><b>Principales responsabilit\u00e9s\u00a0<\/b><\/p>\n<ul>\n<li style=\"font-weight: 400;\" aria-level=\"1\"><span style=\"font-weight: 400;\">R\u00e9diger, concevoir et mettre en page les documents promotionnels de la compagnie.<\/span><\/li>\n<li style=\"font-weight: 400;\" aria-level=\"1\"><span style=\"font-weight: 400;\">En collaboration avec la coordonnatrice aux m\u00e9dias sociaux, assurer la veille, l\u2019animation, l\u2019interaction et la bonne gestion des r\u00e9seaux sociaux.\u00a0<\/span><\/li>\n<li style=\"font-weight: 400;\" aria-level=\"1\"><span style=\"font-weight: 400;\">En collaboration avec les compagnies co-productrices (ex. marib\u00e9-sors de ce corps,\u00a0 Lilith &amp; Cie, Lorganisme), \u00e9laborer des plans et strat\u00e9gies de communication selon les projets.<\/span><\/li>\n<li style=\"font-weight: 400;\" aria-level=\"1\"><span style=\"font-weight: 400;\">Planifier, r\u00e9diger et envoyer les infolettres de la compagnie (bilingue, mailchimp).<\/span><\/li>\n<li style=\"font-weight: 400;\" aria-level=\"1\"><span style=\"font-weight: 400;\">Assurer la mise \u00e0 jour du site Web.\u00a0<\/span><\/li>\n<li style=\"font-weight: 400;\" aria-level=\"1\"><span style=\"font-weight: 400;\">Coordonner les communications de Danse contre la violence.<\/span><\/li>\n<li style=\"font-weight: 400;\" aria-level=\"1\"><span style=\"font-weight: 400;\">Effectuer le suivi aupr\u00e8s des diffuseurs pour l\u2019envoi et la validation du mat\u00e9riel promotionnel (v\u00e9rification de programmes, etc).<\/span><\/li>\n<li style=\"font-weight: 400;\" aria-level=\"1\"><span style=\"font-weight: 400;\">Collaborer \u00e0 la pr\u00e9paration des demandes de subvention.<\/span><\/li>\n<li style=\"font-weight: 400;\" aria-level=\"1\"><span style=\"font-weight: 400;\">Archivage photo\/vid\u00e9o lors des activit\u00e9s(r\u00e9p\u00e9titions, spectacles, r\u00e9sidences, ateliers).<\/span><\/li>\n<li style=\"font-weight: 400;\" aria-level=\"1\"><span style=\"font-weight: 400;\">Montage et maintient du r\u00e9pertoire de nos vid\u00e9os.<\/span><\/li>\n<li style=\"font-weight: 400;\" aria-level=\"1\"><span style=\"font-weight: 400;\">Effectuer tout autre mandat ou t\u00e2che fix\u00e9s par la direction administrative et la direction artistique.<\/span><\/li>\n<\/ul>\n<p><b>Qualit\u00e9s recherch\u00e9es<\/b><\/p>\n<ul>\n<li style=\"font-weight: 400;\" aria-level=\"1\"><span style=\"font-weight: 400;\">Capacit\u00e9 \u00e0 travailler avec une petite \u00e9quipe<\/span><\/li>\n<li style=\"font-weight: 400;\" aria-level=\"1\"><span style=\"font-weight: 400;\">Exp\u00e9rience\/connaissance de la danse contemporaine<\/span><\/li>\n<li style=\"font-weight: 400;\" aria-level=\"1\"><span style=\"font-weight: 400;\">Autonomie, cr\u00e9ativit\u00e9, grand sens de l\u2019organisation, de l\u2019initiative et de polyvalence<\/span><\/li>\n<li style=\"font-weight: 400;\" aria-level=\"1\"><span style=\"font-weight: 400;\">Capacit\u00e9 \u00e0 s\u2019adapter \u00e0 des horaires variables<\/span><\/li>\n<li style=\"font-weight: 400;\" aria-level=\"1\"><span style=\"font-weight: 400;\">Habilit\u00e9s \u00e0 g\u00e9rer le travail en multi-projets<\/span><\/li>\n<li style=\"font-weight: 400;\" aria-level=\"1\"><span style=\"font-weight: 400;\">Ma\u00eetrise parfaite du fran\u00e7ais tant \u00e0 l\u2019oral qu\u2019\u00e0 l\u2019\u00e9crit, tr\u00e8s bonne connaissance de l\u2019anglais<\/span><\/li>\n<\/ul>\n<p><b>Atouts<\/b><\/p>\n<ul>\n<li style=\"font-weight: 400;\" aria-level=\"1\"><span style=\"font-weight: 400;\">Un minimum de deux ans d\u2019exp\u00e9rience dans un poste similaire<\/span><\/li>\n<li style=\"font-weight: 400;\" aria-level=\"1\"><span style=\"font-weight: 400;\">Exp\u00e9rience pr\u00e9f\u00e9rable dans un poste similaire au sein d\u2019un OBNL culturel<\/span><\/li>\n<li style=\"font-weight: 400;\" aria-level=\"1\"><span style=\"font-weight: 400;\">Ma\u00eetrise de Google Workspace et \u00e0 l\u2019aise dans un environnement Mac<\/span><\/li>\n<li style=\"font-weight: 400;\" aria-level=\"1\"><span style=\"font-weight: 400;\">Ma\u00eetrise des logiciels suivants: Mailchimp, Canva, WordPress, suite Adobe (Photoshop et Indesign principalement)<\/span><\/li>\n<\/ul>\n<p><b>Comment postuler :\u00a0<\/b><\/p>\n<p><strong>Envoyer lettre + CV c\/o avant le 18 novembre \u00e0 Salom\u00e9 Janan : communications@montrealdanse.com<\/strong><\/p>\n<p><span style=\"font-weight: 400;\">Seuls les candidat.e.s retenu.e.s pour un entretien seront contact\u00e9.e.s.<\/span><\/p>\n","protected":false},"excerpt":{"rendered":"<p>Montr\u00e9al Danse, plateforme de d\u00e9veloppement chor\u00e9graphique qui cr\u00e9e, produit et diffuse des \u0153uvres depuis plus de 30 ans, est \u00e0 la recherche d\u2019un.e coordonnateur.trice aux communications pour compl\u00e9ter son \u00e9quipe. Sous la supervision de la direction administrative et du d\u00e9veloppement, de la directrice artistique et en lien avec les coordonnatrices aux m\u00e9dias sociaux et \u00e0 [&hellip;]<\/p>\n","protected":false},"author":2,"featured_media":7393,"template":"","meta":{"_acf_changed":false,"site-sidebar-layout":"default","site-content-layout":"","ast-site-content-layout":"default","site-content-style":"default","site-sidebar-style":"default","ast-global-header-display":"","ast-banner-title-visibility":"","ast-main-header-display":"","ast-hfb-above-header-display":"","ast-hfb-below-header-display":"","ast-hfb-mobile-header-display":"","site-post-title":"","ast-breadcrumbs-content":"","ast-featured-img":"","footer-sml-layout":"","ast-disable-related-posts":"","theme-transparent-header-meta":"default","adv-header-id-meta":"","stick-header-meta":"","header-above-stick-meta":"","header-main-stick-meta":"","header-below-stick-meta":"","astra-migrate-meta-layouts":"set","ast-page-background-enabled":"default","ast-page-background-meta":{"desktop":{"background-color":"","background-image":"","background-repeat":"repeat","background-position":"center center","background-size":"auto","background-attachment":"scroll","background-type":"","background-media":"","overlay-type":"","overlay-color":"","overlay-opacity":"","overlay-gradient":""},"tablet":{"background-color":"","background-image":"","background-repeat":"repeat","background-position":"center center","background-size":"auto","background-attachment":"scroll","background-type":"","background-media":"","overlay-type":"","overlay-color":"","overlay-opacity":"","overlay-gradient":""},"mobile":{"background-color":"","background-image":"","background-repeat":"repeat","background-position":"center center","background-size":"auto","background-attachment":"scroll","background-type":"","background-media":"","overlay-type":"","overlay-color":"","overlay-opacity":"","overlay-gradient":""}},"ast-content-background-meta":{"desktop":{"background-color":"var(--ast-global-color-5)","background-image":"","background-repeat":"repeat","background-position":"center center","background-size":"auto","background-attachment":"scroll","background-type":"","background-media":"","overlay-type":"","overlay-color":"","overlay-opacity":"","overlay-gradient":""},"tablet":{"background-color":"var(--ast-global-color-5)","background-image":"","background-repeat":"repeat","background-position":"center center","background-size":"auto","background-attachment":"scroll","background-type":"","background-media":"","overlay-type":"","overlay-color":"","overlay-opacity":"","overlay-gradient":""},"mobile":{"background-color":"var(--ast-global-color-5)","background-image":"","background-repeat":"repeat","background-position":"center center","background-size":"auto","background-attachment":"scroll","background-type":"","background-media":"","overlay-type":"","overlay-color":"","overlay-opacity":"","overlay-gradient":""}},"footnotes":""},"categories_emplois":[54],"class_list":["post-7395","emplois","type-emplois","status-publish","has-post-thumbnail","hentry","categories_emplois-past-offer"],"acf":[],"yoast_head":"<!-- This site is optimized with the Yoast SEO plugin v27.5 - https:\/\/yoast.com\/product\/yoast-seo-wordpress\/ -->\n<title>Coordonnateur.trice aux communications \/\/ Montr\u00e9al Danse - Montr\u00e9al Danse<\/title>\n<meta name=\"robots\" content=\"index, follow, max-snippet:-1, max-image-preview:large, max-video-preview:-1\" \/>\n<link rel=\"canonical\" href=\"https:\/\/montrealdanse.com\/en\/jobs\/coordonnateur-trice-aux-communications-montreal-danse\/\" \/>\n<meta property=\"og:locale\" content=\"en_US\" \/>\n<meta property=\"og:type\" content=\"article\" \/>\n<meta property=\"og:title\" content=\"Coordonnateur.trice aux communications \/\/ Montr\u00e9al Danse - Montr\u00e9al Danse\" \/>\n<meta property=\"og:description\" content=\"Montr\u00e9al Danse, plateforme de d\u00e9veloppement chor\u00e9graphique qui cr\u00e9e, produit et diffuse des \u0153uvres depuis plus de 30 ans, est \u00e0 la recherche d\u2019un.e coordonnateur.trice aux communications pour compl\u00e9ter son \u00e9quipe. Sous la supervision de la direction administrative et du d\u00e9veloppement, de la directrice artistique et en lien avec les coordonnatrices aux m\u00e9dias sociaux et \u00e0 [&hellip;]\" \/>\n<meta property=\"og:url\" content=\"https:\/\/montrealdanse.com\/en\/jobs\/coordonnateur-trice-aux-communications-montreal-danse\/\" \/>\n<meta property=\"og:site_name\" content=\"Montr\u00e9al Danse\" \/>\n<meta property=\"article:publisher\" content=\"https:\/\/www.facebook.com\/montrealdanse\/\" \/>\n<meta property=\"article:modified_time\" content=\"2025-01-08T17:53:20+00:00\" \/>\n<meta property=\"og:image\" content=\"https:\/\/montrealdanse.com\/wp-content\/uploads\/2023\/09\/Offre-demploi-1200-\u00d7-800-px.png\" \/>\n\t<meta property=\"og:image:width\" content=\"1200\" \/>\n\t<meta property=\"og:image:height\" content=\"800\" \/>\n\t<meta property=\"og:image:type\" content=\"image\/png\" \/>\n<meta name=\"twitter:card\" content=\"summary_large_image\" \/>\n<meta name=\"twitter:label1\" content=\"Est. reading time\" \/>\n\t<meta name=\"twitter:data1\" content=\"3 minutes\" \/>\n<script type=\"application\/ld+json\" class=\"yoast-schema-graph\">{\"@context\":\"https:\\\/\\\/schema.org\",\"@graph\":[{\"@type\":\"WebPage\",\"@id\":\"https:\\\/\\\/montrealdanse.com\\\/en\\\/jobs\\\/coordonnateur-trice-aux-communications-montreal-danse\\\/\",\"url\":\"https:\\\/\\\/montrealdanse.com\\\/en\\\/jobs\\\/coordonnateur-trice-aux-communications-montreal-danse\\\/\",\"name\":\"Coordonnateur.trice aux communications \\\/\\\/ Montr\u00e9al Danse - Montr\u00e9al Danse\",\"isPartOf\":{\"@id\":\"https:\\\/\\\/montrealdanse.com\\\/#website\"},\"primaryImageOfPage\":{\"@id\":\"https:\\\/\\\/montrealdanse.com\\\/en\\\/jobs\\\/coordonnateur-trice-aux-communications-montreal-danse\\\/#primaryimage\"},\"image\":{\"@id\":\"https:\\\/\\\/montrealdanse.com\\\/en\\\/jobs\\\/coordonnateur-trice-aux-communications-montreal-danse\\\/#primaryimage\"},\"thumbnailUrl\":\"https:\\\/\\\/montrealdanse.com\\\/wp-content\\\/uploads\\\/2023\\\/09\\\/Offre-demploi-1200-\u00d7-800-px.png\",\"datePublished\":\"2024-11-06T14:04:23+00:00\",\"dateModified\":\"2025-01-08T17:53:20+00:00\",\"breadcrumb\":{\"@id\":\"https:\\\/\\\/montrealdanse.com\\\/en\\\/jobs\\\/coordonnateur-trice-aux-communications-montreal-danse\\\/#breadcrumb\"},\"inLanguage\":\"en-US\",\"potentialAction\":[{\"@type\":\"ReadAction\",\"target\":[\"https:\\\/\\\/montrealdanse.com\\\/en\\\/jobs\\\/coordonnateur-trice-aux-communications-montreal-danse\\\/\"]}]},{\"@type\":\"ImageObject\",\"inLanguage\":\"en-US\",\"@id\":\"https:\\\/\\\/montrealdanse.com\\\/en\\\/jobs\\\/coordonnateur-trice-aux-communications-montreal-danse\\\/#primaryimage\",\"url\":\"https:\\\/\\\/montrealdanse.com\\\/wp-content\\\/uploads\\\/2023\\\/09\\\/Offre-demploi-1200-\u00d7-800-px.png\",\"contentUrl\":\"https:\\\/\\\/montrealdanse.com\\\/wp-content\\\/uploads\\\/2023\\\/09\\\/Offre-demploi-1200-\u00d7-800-px.png\",\"width\":1200,\"height\":800},{\"@type\":\"BreadcrumbList\",\"@id\":\"https:\\\/\\\/montrealdanse.com\\\/en\\\/jobs\\\/coordonnateur-trice-aux-communications-montreal-danse\\\/#breadcrumb\",\"itemListElement\":[{\"@type\":\"ListItem\",\"position\":1,\"name\":\"Accueil\",\"item\":\"https:\\\/\\\/montrealdanse.com\\\/en\\\/\"},{\"@type\":\"ListItem\",\"position\":2,\"name\":\"Coordonnateur.trice aux communications \\\/\\\/ Montr\u00e9al Danse\"}]},{\"@type\":\"WebSite\",\"@id\":\"https:\\\/\\\/montrealdanse.com\\\/#website\",\"url\":\"https:\\\/\\\/montrealdanse.com\\\/\",\"name\":\"Montr\u00e9al Danse\",\"description\":\"Plateforme de d\u00e9veloppement chor\u00e9graphique\",\"publisher\":{\"@id\":\"https:\\\/\\\/montrealdanse.com\\\/#organization\"},\"potentialAction\":[{\"@type\":\"SearchAction\",\"target\":{\"@type\":\"EntryPoint\",\"urlTemplate\":\"https:\\\/\\\/montrealdanse.com\\\/?s={search_term_string}\"},\"query-input\":{\"@type\":\"PropertyValueSpecification\",\"valueRequired\":true,\"valueName\":\"search_term_string\"}}],\"inLanguage\":\"en-US\"},{\"@type\":\"Organization\",\"@id\":\"https:\\\/\\\/montrealdanse.com\\\/#organization\",\"name\":\"Montr\u00e9al Danse\",\"url\":\"https:\\\/\\\/montrealdanse.com\\\/\",\"logo\":{\"@type\":\"ImageObject\",\"inLanguage\":\"en-US\",\"@id\":\"https:\\\/\\\/montrealdanse.com\\\/#\\\/schema\\\/logo\\\/image\\\/\",\"url\":\"https:\\\/\\\/montrealdanse.com\\\/wp-content\\\/uploads\\\/2020\\\/06\\\/MTLdanse-logo-gris.png\",\"contentUrl\":\"https:\\\/\\\/montrealdanse.com\\\/wp-content\\\/uploads\\\/2020\\\/06\\\/MTLdanse-logo-gris.png\",\"width\":550,\"height\":617,\"caption\":\"Montr\u00e9al Danse\"},\"image\":{\"@id\":\"https:\\\/\\\/montrealdanse.com\\\/#\\\/schema\\\/logo\\\/image\\\/\"},\"sameAs\":[\"https:\\\/\\\/www.facebook.com\\\/montrealdanse\\\/\",\"https:\\\/\\\/www.youtube.com\\\/channel\\\/UChK7CVWngZK7unMUi_rALhg\"]}]}<\/script>\n<!-- \/ Yoast SEO plugin. -->","yoast_head_json":{"title":"Coordonnateur.trice aux communications \/\/ Montr\u00e9al Danse - Montr\u00e9al Danse","robots":{"index":"index","follow":"follow","max-snippet":"max-snippet:-1","max-image-preview":"max-image-preview:large","max-video-preview":"max-video-preview:-1"},"canonical":"https:\/\/montrealdanse.com\/en\/jobs\/coordonnateur-trice-aux-communications-montreal-danse\/","og_locale":"en_US","og_type":"article","og_title":"Coordonnateur.trice aux communications \/\/ Montr\u00e9al Danse - Montr\u00e9al Danse","og_description":"Montr\u00e9al Danse, plateforme de d\u00e9veloppement chor\u00e9graphique qui cr\u00e9e, produit et diffuse des \u0153uvres depuis plus de 30 ans, est \u00e0 la recherche d\u2019un.e coordonnateur.trice aux communications pour compl\u00e9ter son \u00e9quipe. Sous la supervision de la direction administrative et du d\u00e9veloppement, de la directrice artistique et en lien avec les coordonnatrices aux m\u00e9dias sociaux et \u00e0 [&hellip;]","og_url":"https:\/\/montrealdanse.com\/en\/jobs\/coordonnateur-trice-aux-communications-montreal-danse\/","og_site_name":"Montr\u00e9al Danse","article_publisher":"https:\/\/www.facebook.com\/montrealdanse\/","article_modified_time":"2025-01-08T17:53:20+00:00","og_image":[{"width":1200,"height":800,"url":"https:\/\/montrealdanse.com\/wp-content\/uploads\/2023\/09\/Offre-demploi-1200-\u00d7-800-px.png","type":"image\/png"}],"twitter_card":"summary_large_image","twitter_misc":{"Est. reading time":"3 minutes"},"schema":{"@context":"https:\/\/schema.org","@graph":[{"@type":"WebPage","@id":"https:\/\/montrealdanse.com\/en\/jobs\/coordonnateur-trice-aux-communications-montreal-danse\/","url":"https:\/\/montrealdanse.com\/en\/jobs\/coordonnateur-trice-aux-communications-montreal-danse\/","name":"Coordonnateur.trice aux communications \/\/ Montr\u00e9al Danse - Montr\u00e9al Danse","isPartOf":{"@id":"https:\/\/montrealdanse.com\/#website"},"primaryImageOfPage":{"@id":"https:\/\/montrealdanse.com\/en\/jobs\/coordonnateur-trice-aux-communications-montreal-danse\/#primaryimage"},"image":{"@id":"https:\/\/montrealdanse.com\/en\/jobs\/coordonnateur-trice-aux-communications-montreal-danse\/#primaryimage"},"thumbnailUrl":"https:\/\/montrealdanse.com\/wp-content\/uploads\/2023\/09\/Offre-demploi-1200-\u00d7-800-px.png","datePublished":"2024-11-06T14:04:23+00:00","dateModified":"2025-01-08T17:53:20+00:00","breadcrumb":{"@id":"https:\/\/montrealdanse.com\/en\/jobs\/coordonnateur-trice-aux-communications-montreal-danse\/#breadcrumb"},"inLanguage":"en-US","potentialAction":[{"@type":"ReadAction","target":["https:\/\/montrealdanse.com\/en\/jobs\/coordonnateur-trice-aux-communications-montreal-danse\/"]}]},{"@type":"ImageObject","inLanguage":"en-US","@id":"https:\/\/montrealdanse.com\/en\/jobs\/coordonnateur-trice-aux-communications-montreal-danse\/#primaryimage","url":"https:\/\/montrealdanse.com\/wp-content\/uploads\/2023\/09\/Offre-demploi-1200-\u00d7-800-px.png","contentUrl":"https:\/\/montrealdanse.com\/wp-content\/uploads\/2023\/09\/Offre-demploi-1200-\u00d7-800-px.png","width":1200,"height":800},{"@type":"BreadcrumbList","@id":"https:\/\/montrealdanse.com\/en\/jobs\/coordonnateur-trice-aux-communications-montreal-danse\/#breadcrumb","itemListElement":[{"@type":"ListItem","position":1,"name":"Accueil","item":"https:\/\/montrealdanse.com\/en\/"},{"@type":"ListItem","position":2,"name":"Coordonnateur.trice aux communications \/\/ Montr\u00e9al Danse"}]},{"@type":"WebSite","@id":"https:\/\/montrealdanse.com\/#website","url":"https:\/\/montrealdanse.com\/","name":"Montr\u00e9al Danse","description":"Plateforme de d\u00e9veloppement chor\u00e9graphique","publisher":{"@id":"https:\/\/montrealdanse.com\/#organization"},"potentialAction":[{"@type":"SearchAction","target":{"@type":"EntryPoint","urlTemplate":"https:\/\/montrealdanse.com\/?s={search_term_string}"},"query-input":{"@type":"PropertyValueSpecification","valueRequired":true,"valueName":"search_term_string"}}],"inLanguage":"en-US"},{"@type":"Organization","@id":"https:\/\/montrealdanse.com\/#organization","name":"Montr\u00e9al Danse","url":"https:\/\/montrealdanse.com\/","logo":{"@type":"ImageObject","inLanguage":"en-US","@id":"https:\/\/montrealdanse.com\/#\/schema\/logo\/image\/","url":"https:\/\/montrealdanse.com\/wp-content\/uploads\/2020\/06\/MTLdanse-logo-gris.png","contentUrl":"https:\/\/montrealdanse.com\/wp-content\/uploads\/2020\/06\/MTLdanse-logo-gris.png","width":550,"height":617,"caption":"Montr\u00e9al Danse"},"image":{"@id":"https:\/\/montrealdanse.com\/#\/schema\/logo\/image\/"},"sameAs":["https:\/\/www.facebook.com\/montrealdanse\/","https:\/\/www.youtube.com\/channel\/UChK7CVWngZK7unMUi_rALhg"]}]}},"_links":{"self":[{"href":"https:\/\/montrealdanse.com\/en\/wp-json\/wp\/v2\/emplois\/7395","targetHints":{"allow":["GET"]}}],"collection":[{"href":"https:\/\/montrealdanse.com\/en\/wp-json\/wp\/v2\/emplois"}],"about":[{"href":"https:\/\/montrealdanse.com\/en\/wp-json\/wp\/v2\/types\/emplois"}],"author":[{"embeddable":true,"href":"https:\/\/montrealdanse.com\/en\/wp-json\/wp\/v2\/users\/2"}],"version-history":[{"count":2,"href":"https:\/\/montrealdanse.com\/en\/wp-json\/wp\/v2\/emplois\/7395\/revisions"}],"predecessor-version":[{"id":7397,"href":"https:\/\/montrealdanse.com\/en\/wp-json\/wp\/v2\/emplois\/7395\/revisions\/7397"}],"wp:featuredmedia":[{"embeddable":true,"href":"https:\/\/montrealdanse.com\/en\/wp-json\/wp\/v2\/media\/7393"}],"wp:attachment":[{"href":"https:\/\/montrealdanse.com\/en\/wp-json\/wp\/v2\/media?parent=7395"}],"wp:term":[{"taxonomy":"categories_emplois","embeddable":true,"href":"https:\/\/montrealdanse.com\/en\/wp-json\/wp\/v2\/categories_emplois?post=7395"}],"curies":[{"name":"wp","href":"https:\/\/api.w.org\/{rel}","templated":true}]}}