{"id":5452,"date":"2025-08-04T08:00:23","date_gmt":"2025-08-04T08:00:23","guid":{"rendered":"https:\/\/montrealdanse.com\/?post_type=emplois&#038;p=5452"},"modified":"2025-08-04T13:14:04","modified_gmt":"2025-08-04T13:14:04","slug":"dance-against-violence-coordinator-montreal-danse","status":"publish","type":"emplois","link":"https:\/\/montrealdanse.com\/en\/jobs\/dance-against-violence-coordinator-montreal-danse\/","title":{"rendered":"Dance Against Violence Coordinator \/\/ Montr\u00e9al Danse"},"content":{"rendered":"<p><span style=\"font-weight: 400;\">Danse contre la violence works for the well-being of women and their children who are victims of various types of<\/span><span style=\"font-weight: 400;\"> violence.<\/span><span style=\"font-weight: 400;\"> Through movement workshops in shelters and women&#8217;s centers, DCV helps them reclaim their bodies, regain confidence and break isolation, while fostering family ties where necessary.<\/span><\/p>\n<p><span style=\"font-weight: 400;\">In collaboration with Montr\u00e9al Danse&#8217;s administrative and development department, and in direct contact with the <\/span><span style=\"font-weight: 400;\">dancer-facilitators and the shelters<\/span><span style=\"font-weight: 400;\">, the <strong>Coordinator of Danse contre la violence<\/strong> will be responsible for multiple files related to workshop coordination, development and fundraising.<\/span><\/p>\n<h4><\/h4>\n<h4><b>Job description<\/b><\/h4>\n<h6><\/h6>\n<h6><b>Logistics\/administration<\/b><\/h6>\n<ul>\n<li style=\"font-weight: 400;\" aria-level=\"1\"><span style=\"font-weight: 400;\">Liaison and communication with partner organizations (shelters and women&#8217;s centers) and dancer-facilitators;<\/span><\/li>\n<li style=\"font-weight: 400;\" aria-level=\"1\"><span style=\"font-weight: 400;\">Production and maintenance of workshop calendar;<\/span><\/li>\n<li style=\"font-weight: 400;\" aria-level=\"1\"><span style=\"font-weight: 400;\">Invoice follow-up;<\/span><\/li>\n<li style=\"font-weight: 400;\" aria-level=\"1\"><span style=\"font-weight: 400;\">Budget follow-up.<\/span><\/li>\n<\/ul>\n<h6><b>Development<\/b><\/h6>\n<ul>\n<li style=\"font-weight: 400;\" aria-level=\"1\"><span style=\"font-weight: 400;\">Collaborate with the artistic director to define and develop the long-term vision of the project;<\/span><\/li>\n<li style=\"font-weight: 400;\" aria-level=\"1\"><span style=\"font-weight: 400;\">Work with<\/span><span style=\"font-weight: 400;\">dancer-facilitators to develop new workshops;<\/span><\/li>\n<li style=\"font-weight: 400;\" aria-level=\"1\"><span style=\"font-weight: 400;\">Organize refresher training for dancer-facilitators;<\/span><\/li>\n<li style=\"font-weight: 400;\" aria-level=\"1\"><span style=\"font-weight: 400;\">Maintain, cultivate and strengthen existing relationships with current partners (shelters, community centers, local organizations, etc.).<\/span><\/li>\n<li style=\"font-weight: 400;\" aria-level=\"1\"><span style=\"font-weight: 400;\">Develop new partnerships, including :<\/span>\n<ul>\n<li style=\"font-weight: 400;\" aria-level=\"2\"><span style=\"font-weight: 400;\">Other community or cultural organizations;<\/span><\/li>\n<li style=\"font-weight: 400;\" aria-level=\"2\"><span style=\"font-weight: 400;\">Academic institutions (CEGEPs, universities, research centers);<\/span><\/li>\n<li style=\"font-weight: 400;\" aria-level=\"2\"><span style=\"font-weight: 400;\">Actors in the arts and health sectors.<\/span><\/li>\n<\/ul>\n<\/li>\n<li style=\"font-weight: 400;\" aria-level=\"1\"><span style=\"font-weight: 400;\">Work in collaboration with Montr\u00e9al Danse&#8217;s communications coordinator to increase the visibility of the organization and its activities through a greater presence in relevant networks.<\/span><\/li>\n<\/ul>\n<p><b>Fundraising<\/b><\/p>\n<ul>\n<li style=\"font-weight: 400;\" aria-level=\"1\"><span style=\"font-weight: 400;\">Philanthropic<\/span><span style=\"font-weight: 400;\">fundraising<\/span><span style=\"font-weight: 400;\">and fundraising campaigns;<\/span><\/li>\n<li style=\"font-weight: 400;\" aria-level=\"1\"><span style=\"font-weight: 400;\">Grant research and writing.<\/span><\/li>\n<li style=\"font-weight: 400;\" aria-level=\"1\"><span style=\"font-weight: 400;\">Start date: end of September<\/span><\/li>\n<\/ul>\n<p><b>Desired qualities<\/b><\/p>\n<ul>\n<li style=\"font-weight: 400;\" aria-level=\"1\"><span style=\"font-weight: 400;\">Excellent organizational skills;<\/span><\/li>\n<li style=\"font-weight: 400;\" aria-level=\"1\"><span style=\"font-weight: 400;\">Perfect command of spoken and written French, very good knowledge of English;<\/span><\/li>\n<li style=\"font-weight: 400;\" aria-level=\"1\"><span style=\"font-weight: 400;\">Excellent writing skills in French;<\/span><\/li>\n<li style=\"font-weight: 400;\" aria-level=\"1\"><span style=\"font-weight: 400;\">Ability to work with a small team;<\/span><\/li>\n<li style=\"font-weight: 400;\" aria-level=\"1\"><span style=\"font-weight: 400;\">Autonomy, strong sense of organization, initiative and versatility;<\/span><\/li>\n<li style=\"font-weight: 400;\" aria-level=\"1\"><span style=\"font-weight: 400;\">Good listening skills and sensitivity.<\/span><\/li>\n<\/ul>\n<p><b>Assets<\/b><\/p>\n<ul>\n<li style=\"font-weight: 400;\" aria-level=\"1\"><span style=\"font-weight: 400;\">Experience\/knowledge of contemporary dance;<\/span><\/li>\n<li style=\"font-weight: 400;\" aria-level=\"1\"><span style=\"font-weight: 400;\">A <\/span><b>minimum of two years&#8217; experience <\/b><span style=\"font-weight: 400;\">in helping relationships and\/or in helping women and\/or people in vulnerable situations.<\/span><\/li>\n<\/ul>\n<p><b>Type of employment<\/b><\/p>\n<ul>\n<li style=\"font-weight: 400;\" aria-level=\"1\"><span style=\"font-weight: 400;\">Start date<\/span><b>: September 22 at the earliest October 13 at the latest <\/b>.<\/li>\n<li style=\"font-weight: 400;\" aria-level=\"1\"><span style=\"font-weight: 400;\">Permanent position. <\/span><b>Part-time:<\/b><span style=\"font-weight: 400;\"> 20h\/week<\/span><\/li>\n<li style=\"font-weight: 400;\" aria-level=\"1\"><span style=\"font-weight: 400;\">Office in downtown Montreal<\/span><\/li>\n<li style=\"font-weight: 400;\" aria-level=\"1\"><span style=\"font-weight: 400;\">Salary between $22.50 and $25 per hour + benefits<\/span><\/li>\n<\/ul>\n<p><b>How to apply:<\/b><\/p>\n<p><span style=\"font-weight: 400;\">Send your letter and CV to <\/span><b>Juliette Bertoldo<\/b><span style=\"font-weight: 400;\">: <\/span><a href=\"mailto:dcv@montrealdanse.com\"><span style=\"font-weight: 400;\">dcv@montrealdanse.com<\/span><\/a><\/p>\n<p><span style=\"font-weight: 400;\">Only candidates selected for an interview will be contacted.<\/span><\/p>\n","protected":false},"excerpt":{"rendered":"<p>Danse contre la violence works for the well-being of women and their children who are victims of various types of violence. Through movement workshops in shelters and women&#8217;s centers, DCV helps them reclaim their bodies, regain confidence and break isolation, while fostering family ties where necessary. In collaboration with Montr\u00e9al Danse&#8217;s administrative and development department, [&hellip;]<\/p>\n","protected":false},"author":2,"featured_media":5450,"template":"","meta":{"_acf_changed":false,"site-sidebar-layout":"default","site-content-layout":"","ast-site-content-layout":"default","site-content-style":"default","site-sidebar-style":"default","ast-global-header-display":"","ast-banner-title-visibility":"","ast-main-header-display":"","ast-hfb-above-header-display":"","ast-hfb-below-header-display":"","ast-hfb-mobile-header-display":"","site-post-title":"","ast-breadcrumbs-content":"","ast-featured-img":"","footer-sml-layout":"","ast-disable-related-posts":"","theme-transparent-header-meta":"default","adv-header-id-meta":"","stick-header-meta":"","header-above-stick-meta":"","header-main-stick-meta":"","header-below-stick-meta":"","astra-migrate-meta-layouts":"set","ast-page-background-enabled":"default","ast-page-background-meta":{"desktop":{"background-color":"","background-image":"","background-repeat":"repeat","background-position":"center center","background-size":"auto","background-attachment":"scroll","background-type":"","background-media":"","overlay-type":"","overlay-color":"","overlay-opacity":"","overlay-gradient":""},"tablet":{"background-color":"","background-image":"","background-repeat":"repeat","background-position":"center center","background-size":"auto","background-attachment":"scroll","background-type":"","background-media":"","overlay-type":"","overlay-color":"","overlay-opacity":"","overlay-gradient":""},"mobile":{"background-color":"","background-image":"","background-repeat":"repeat","background-position":"center center","background-size":"auto","background-attachment":"scroll","background-type":"","background-media":"","overlay-type":"","overlay-color":"","overlay-opacity":"","overlay-gradient":""}},"ast-content-background-meta":{"desktop":{"background-color":"var(--ast-global-color-5)","background-image":"","background-repeat":"repeat","background-position":"center center","background-size":"auto","background-attachment":"scroll","background-type":"","background-media":"","overlay-type":"","overlay-color":"","overlay-opacity":"","overlay-gradient":""},"tablet":{"background-color":"var(--ast-global-color-5)","background-image":"","background-repeat":"repeat","background-position":"center center","background-size":"auto","background-attachment":"scroll","background-type":"","background-media":"","overlay-type":"","overlay-color":"","overlay-opacity":"","overlay-gradient":""},"mobile":{"background-color":"var(--ast-global-color-5)","background-image":"","background-repeat":"repeat","background-position":"center center","background-size":"auto","background-attachment":"scroll","background-type":"","background-media":"","overlay-type":"","overlay-color":"","overlay-opacity":"","overlay-gradient":""}},"footnotes":""},"categories_emplois":[54],"class_list":["post-5452","emplois","type-emplois","status-publish","has-post-thumbnail","hentry","categories_emplois-past-offer"],"acf":[],"yoast_head":"<!-- This site is optimized with the Yoast SEO plugin v27.5 - https:\/\/yoast.com\/product\/yoast-seo-wordpress\/ -->\n<title>Dance Against Violence Coordinator \/\/ Montr\u00e9al Danse - Montr\u00e9al Danse<\/title>\n<meta name=\"robots\" content=\"index, follow, max-snippet:-1, max-image-preview:large, max-video-preview:-1\" \/>\n<link rel=\"canonical\" href=\"https:\/\/montrealdanse.com\/en\/jobs\/dance-against-violence-coordinator-montreal-danse\/\" \/>\n<meta property=\"og:locale\" content=\"en_US\" \/>\n<meta property=\"og:type\" content=\"article\" \/>\n<meta property=\"og:title\" content=\"Dance Against Violence Coordinator \/\/ Montr\u00e9al Danse - Montr\u00e9al Danse\" \/>\n<meta property=\"og:description\" content=\"Danse contre la violence works for the well-being of women and their children who are victims of various types of violence. Through movement workshops in shelters and women&#8217;s centers, DCV helps them reclaim their bodies, regain confidence and break isolation, while fostering family ties where necessary. In collaboration with Montr\u00e9al Danse&#8217;s administrative and development department, [&hellip;]\" \/>\n<meta property=\"og:url\" content=\"https:\/\/montrealdanse.com\/en\/jobs\/dance-against-violence-coordinator-montreal-danse\/\" \/>\n<meta property=\"og:site_name\" content=\"Montr\u00e9al Danse\" \/>\n<meta property=\"article:publisher\" content=\"https:\/\/www.facebook.com\/montrealdanse\/\" \/>\n<meta property=\"article:modified_time\" content=\"2025-08-04T13:14:04+00:00\" \/>\n<meta property=\"og:image\" content=\"https:\/\/montrealdanse.com\/wp-content\/uploads\/2023\/09\/Site-web-OFFRE-DEMPLOI-DCV-1200-\u00d7-800-px.png\" \/>\n\t<meta property=\"og:image:width\" content=\"1200\" \/>\n\t<meta property=\"og:image:height\" content=\"800\" \/>\n\t<meta property=\"og:image:type\" content=\"image\/png\" \/>\n<meta name=\"twitter:card\" content=\"summary_large_image\" \/>\n<meta name=\"twitter:label1\" content=\"Est. reading time\" \/>\n\t<meta name=\"twitter:data1\" content=\"2 minutes\" \/>\n<script type=\"application\/ld+json\" class=\"yoast-schema-graph\">{\"@context\":\"https:\\\/\\\/schema.org\",\"@graph\":[{\"@type\":\"WebPage\",\"@id\":\"https:\\\/\\\/montrealdanse.com\\\/en\\\/jobs\\\/dance-against-violence-coordinator-montreal-danse\\\/\",\"url\":\"https:\\\/\\\/montrealdanse.com\\\/en\\\/jobs\\\/dance-against-violence-coordinator-montreal-danse\\\/\",\"name\":\"Dance Against Violence Coordinator \\\/\\\/ Montr\u00e9al Danse - Montr\u00e9al Danse\",\"isPartOf\":{\"@id\":\"https:\\\/\\\/montrealdanse.com\\\/#website\"},\"primaryImageOfPage\":{\"@id\":\"https:\\\/\\\/montrealdanse.com\\\/en\\\/jobs\\\/dance-against-violence-coordinator-montreal-danse\\\/#primaryimage\"},\"image\":{\"@id\":\"https:\\\/\\\/montrealdanse.com\\\/en\\\/jobs\\\/dance-against-violence-coordinator-montreal-danse\\\/#primaryimage\"},\"thumbnailUrl\":\"https:\\\/\\\/montrealdanse.com\\\/wp-content\\\/uploads\\\/2023\\\/09\\\/Site-web-OFFRE-DEMPLOI-DCV-1200-\u00d7-800-px.png\",\"datePublished\":\"2025-08-04T08:00:23+00:00\",\"dateModified\":\"2025-08-04T13:14:04+00:00\",\"breadcrumb\":{\"@id\":\"https:\\\/\\\/montrealdanse.com\\\/en\\\/jobs\\\/dance-against-violence-coordinator-montreal-danse\\\/#breadcrumb\"},\"inLanguage\":\"en-US\",\"potentialAction\":[{\"@type\":\"ReadAction\",\"target\":[\"https:\\\/\\\/montrealdanse.com\\\/en\\\/jobs\\\/dance-against-violence-coordinator-montreal-danse\\\/\"]}]},{\"@type\":\"ImageObject\",\"inLanguage\":\"en-US\",\"@id\":\"https:\\\/\\\/montrealdanse.com\\\/en\\\/jobs\\\/dance-against-violence-coordinator-montreal-danse\\\/#primaryimage\",\"url\":\"https:\\\/\\\/montrealdanse.com\\\/wp-content\\\/uploads\\\/2023\\\/09\\\/Site-web-OFFRE-DEMPLOI-DCV-1200-\u00d7-800-px.png\",\"contentUrl\":\"https:\\\/\\\/montrealdanse.com\\\/wp-content\\\/uploads\\\/2023\\\/09\\\/Site-web-OFFRE-DEMPLOI-DCV-1200-\u00d7-800-px.png\",\"width\":1200,\"height\":800},{\"@type\":\"BreadcrumbList\",\"@id\":\"https:\\\/\\\/montrealdanse.com\\\/en\\\/jobs\\\/dance-against-violence-coordinator-montreal-danse\\\/#breadcrumb\",\"itemListElement\":[{\"@type\":\"ListItem\",\"position\":1,\"name\":\"Accueil\",\"item\":\"https:\\\/\\\/montrealdanse.com\\\/en\\\/\"},{\"@type\":\"ListItem\",\"position\":2,\"name\":\"Dance Against Violence Coordinator \\\/\\\/ Montr\u00e9al Danse\"}]},{\"@type\":\"WebSite\",\"@id\":\"https:\\\/\\\/montrealdanse.com\\\/#website\",\"url\":\"https:\\\/\\\/montrealdanse.com\\\/\",\"name\":\"Montr\u00e9al Danse\",\"description\":\"Plateforme de d\u00e9veloppement chor\u00e9graphique\",\"publisher\":{\"@id\":\"https:\\\/\\\/montrealdanse.com\\\/#organization\"},\"potentialAction\":[{\"@type\":\"SearchAction\",\"target\":{\"@type\":\"EntryPoint\",\"urlTemplate\":\"https:\\\/\\\/montrealdanse.com\\\/?s={search_term_string}\"},\"query-input\":{\"@type\":\"PropertyValueSpecification\",\"valueRequired\":true,\"valueName\":\"search_term_string\"}}],\"inLanguage\":\"en-US\"},{\"@type\":\"Organization\",\"@id\":\"https:\\\/\\\/montrealdanse.com\\\/#organization\",\"name\":\"Montr\u00e9al Danse\",\"url\":\"https:\\\/\\\/montrealdanse.com\\\/\",\"logo\":{\"@type\":\"ImageObject\",\"inLanguage\":\"en-US\",\"@id\":\"https:\\\/\\\/montrealdanse.com\\\/#\\\/schema\\\/logo\\\/image\\\/\",\"url\":\"https:\\\/\\\/montrealdanse.com\\\/wp-content\\\/uploads\\\/2020\\\/06\\\/MTLdanse-logo-gris.png\",\"contentUrl\":\"https:\\\/\\\/montrealdanse.com\\\/wp-content\\\/uploads\\\/2020\\\/06\\\/MTLdanse-logo-gris.png\",\"width\":550,\"height\":617,\"caption\":\"Montr\u00e9al Danse\"},\"image\":{\"@id\":\"https:\\\/\\\/montrealdanse.com\\\/#\\\/schema\\\/logo\\\/image\\\/\"},\"sameAs\":[\"https:\\\/\\\/www.facebook.com\\\/montrealdanse\\\/\",\"https:\\\/\\\/www.youtube.com\\\/channel\\\/UChK7CVWngZK7unMUi_rALhg\"]}]}<\/script>\n<!-- \/ Yoast SEO plugin. -->","yoast_head_json":{"title":"Dance Against Violence Coordinator \/\/ Montr\u00e9al Danse - Montr\u00e9al Danse","robots":{"index":"index","follow":"follow","max-snippet":"max-snippet:-1","max-image-preview":"max-image-preview:large","max-video-preview":"max-video-preview:-1"},"canonical":"https:\/\/montrealdanse.com\/en\/jobs\/dance-against-violence-coordinator-montreal-danse\/","og_locale":"en_US","og_type":"article","og_title":"Dance Against Violence Coordinator \/\/ Montr\u00e9al Danse - Montr\u00e9al Danse","og_description":"Danse contre la violence works for the well-being of women and their children who are victims of various types of violence. Through movement workshops in shelters and women&#8217;s centers, DCV helps them reclaim their bodies, regain confidence and break isolation, while fostering family ties where necessary. In collaboration with Montr\u00e9al Danse&#8217;s administrative and development department, [&hellip;]","og_url":"https:\/\/montrealdanse.com\/en\/jobs\/dance-against-violence-coordinator-montreal-danse\/","og_site_name":"Montr\u00e9al Danse","article_publisher":"https:\/\/www.facebook.com\/montrealdanse\/","article_modified_time":"2025-08-04T13:14:04+00:00","og_image":[{"width":1200,"height":800,"url":"https:\/\/montrealdanse.com\/wp-content\/uploads\/2023\/09\/Site-web-OFFRE-DEMPLOI-DCV-1200-\u00d7-800-px.png","type":"image\/png"}],"twitter_card":"summary_large_image","twitter_misc":{"Est. reading time":"2 minutes"},"schema":{"@context":"https:\/\/schema.org","@graph":[{"@type":"WebPage","@id":"https:\/\/montrealdanse.com\/en\/jobs\/dance-against-violence-coordinator-montreal-danse\/","url":"https:\/\/montrealdanse.com\/en\/jobs\/dance-against-violence-coordinator-montreal-danse\/","name":"Dance Against Violence Coordinator \/\/ Montr\u00e9al Danse - Montr\u00e9al Danse","isPartOf":{"@id":"https:\/\/montrealdanse.com\/#website"},"primaryImageOfPage":{"@id":"https:\/\/montrealdanse.com\/en\/jobs\/dance-against-violence-coordinator-montreal-danse\/#primaryimage"},"image":{"@id":"https:\/\/montrealdanse.com\/en\/jobs\/dance-against-violence-coordinator-montreal-danse\/#primaryimage"},"thumbnailUrl":"https:\/\/montrealdanse.com\/wp-content\/uploads\/2023\/09\/Site-web-OFFRE-DEMPLOI-DCV-1200-\u00d7-800-px.png","datePublished":"2025-08-04T08:00:23+00:00","dateModified":"2025-08-04T13:14:04+00:00","breadcrumb":{"@id":"https:\/\/montrealdanse.com\/en\/jobs\/dance-against-violence-coordinator-montreal-danse\/#breadcrumb"},"inLanguage":"en-US","potentialAction":[{"@type":"ReadAction","target":["https:\/\/montrealdanse.com\/en\/jobs\/dance-against-violence-coordinator-montreal-danse\/"]}]},{"@type":"ImageObject","inLanguage":"en-US","@id":"https:\/\/montrealdanse.com\/en\/jobs\/dance-against-violence-coordinator-montreal-danse\/#primaryimage","url":"https:\/\/montrealdanse.com\/wp-content\/uploads\/2023\/09\/Site-web-OFFRE-DEMPLOI-DCV-1200-\u00d7-800-px.png","contentUrl":"https:\/\/montrealdanse.com\/wp-content\/uploads\/2023\/09\/Site-web-OFFRE-DEMPLOI-DCV-1200-\u00d7-800-px.png","width":1200,"height":800},{"@type":"BreadcrumbList","@id":"https:\/\/montrealdanse.com\/en\/jobs\/dance-against-violence-coordinator-montreal-danse\/#breadcrumb","itemListElement":[{"@type":"ListItem","position":1,"name":"Accueil","item":"https:\/\/montrealdanse.com\/en\/"},{"@type":"ListItem","position":2,"name":"Dance Against Violence Coordinator \/\/ Montr\u00e9al Danse"}]},{"@type":"WebSite","@id":"https:\/\/montrealdanse.com\/#website","url":"https:\/\/montrealdanse.com\/","name":"Montr\u00e9al Danse","description":"Plateforme de d\u00e9veloppement chor\u00e9graphique","publisher":{"@id":"https:\/\/montrealdanse.com\/#organization"},"potentialAction":[{"@type":"SearchAction","target":{"@type":"EntryPoint","urlTemplate":"https:\/\/montrealdanse.com\/?s={search_term_string}"},"query-input":{"@type":"PropertyValueSpecification","valueRequired":true,"valueName":"search_term_string"}}],"inLanguage":"en-US"},{"@type":"Organization","@id":"https:\/\/montrealdanse.com\/#organization","name":"Montr\u00e9al Danse","url":"https:\/\/montrealdanse.com\/","logo":{"@type":"ImageObject","inLanguage":"en-US","@id":"https:\/\/montrealdanse.com\/#\/schema\/logo\/image\/","url":"https:\/\/montrealdanse.com\/wp-content\/uploads\/2020\/06\/MTLdanse-logo-gris.png","contentUrl":"https:\/\/montrealdanse.com\/wp-content\/uploads\/2020\/06\/MTLdanse-logo-gris.png","width":550,"height":617,"caption":"Montr\u00e9al Danse"},"image":{"@id":"https:\/\/montrealdanse.com\/#\/schema\/logo\/image\/"},"sameAs":["https:\/\/www.facebook.com\/montrealdanse\/","https:\/\/www.youtube.com\/channel\/UChK7CVWngZK7unMUi_rALhg"]}]}},"_links":{"self":[{"href":"https:\/\/montrealdanse.com\/en\/wp-json\/wp\/v2\/emplois\/5452","targetHints":{"allow":["GET"]}}],"collection":[{"href":"https:\/\/montrealdanse.com\/en\/wp-json\/wp\/v2\/emplois"}],"about":[{"href":"https:\/\/montrealdanse.com\/en\/wp-json\/wp\/v2\/types\/emplois"}],"author":[{"embeddable":true,"href":"https:\/\/montrealdanse.com\/en\/wp-json\/wp\/v2\/users\/2"}],"version-history":[{"count":2,"href":"https:\/\/montrealdanse.com\/en\/wp-json\/wp\/v2\/emplois\/5452\/revisions"}],"predecessor-version":[{"id":8571,"href":"https:\/\/montrealdanse.com\/en\/wp-json\/wp\/v2\/emplois\/5452\/revisions\/8571"}],"wp:featuredmedia":[{"embeddable":true,"href":"https:\/\/montrealdanse.com\/en\/wp-json\/wp\/v2\/media\/5450"}],"wp:attachment":[{"href":"https:\/\/montrealdanse.com\/en\/wp-json\/wp\/v2\/media?parent=5452"}],"wp:term":[{"taxonomy":"categories_emplois","embeddable":true,"href":"https:\/\/montrealdanse.com\/en\/wp-json\/wp\/v2\/categories_emplois?post=5452"}],"curies":[{"name":"wp","href":"https:\/\/api.w.org\/{rel}","templated":true}]}}