{"id":5237,"date":"2023-07-18T19:23:53","date_gmt":"2023-07-18T19:23:53","guid":{"rendered":"https:\/\/montrealdanse.com\/?post_type=emplois&#038;p=5237"},"modified":"2023-08-28T14:51:39","modified_gmt":"2023-08-28T14:51:39","slug":"production-coordinator-montreal-danse","status":"publish","type":"emplois","link":"https:\/\/montrealdanse.com\/en\/jobs\/production-coordinator-montreal-danse\/","title":{"rendered":"Production Coordinator  \/\/ Montr\u00e9al Danse"},"content":{"rendered":"<p><span style=\"font-weight: 400;\">Montr\u00e9al Danse, a choreographic development platform that has been creating, producing and presenting works for over 30 years, is looking for a <\/span><b>Production Coordinator<\/b><span style=\"font-weight: 400;\"> to complete its team.<\/span><\/p>\n<p><span style=\"font-weight: 400;\">Under the supervision of the Administrative and Development Director, the Artistic Director and in liaison with the Logistics Coordinator, the Production Coordinator will be responsible for multiple files related to the production of our works.<\/span><\/p>\n<p>&nbsp;<\/p>\n<p><b>Job description<\/b><\/p>\n<ul>\n<li style=\"font-weight: 400;\" aria-level=\"1\"><span style=\"font-weight: 400;\">Maintain production schedules\u00a0<\/span><\/li>\n<li style=\"font-weight: 400;\" aria-level=\"1\"><span style=\"font-weight: 400;\">Establish production schedules (request availability, liaise with DT)<\/span><\/li>\n<li style=\"font-weight: 400;\" aria-level=\"1\"><span style=\"font-weight: 400;\">Search for studios, residencies or venues (availability requests, final schedules, invoices and studio payments)<\/span><\/li>\n<li style=\"font-weight: 400;\" aria-level=\"1\"><span style=\"font-weight: 400;\">Supervise production equipment (research, purchase, organize transport)<\/span><\/li>\n<li style=\"font-weight: 400;\" aria-level=\"1\"><span style=\"font-weight: 400;\">Maintain inventory and upkeep of stage equipment, costumes, props, sets and rehearsal space;<\/span><\/li>\n<li style=\"font-weight: 400;\" aria-level=\"1\"><span style=\"font-weight: 400;\">Supervise pre-show and post-show periods (travel, insurance, immigration, accommodation, transportation, technical specifications, balance sheet)<\/span><\/li>\n<li style=\"font-weight: 400;\" aria-level=\"1\"><span style=\"font-weight: 400;\">Prepare roadmaps and tour books in collaboration with the Logistics Coordinator.\u00a0<\/span><\/li>\n<li style=\"font-weight: 400;\" aria-level=\"1\"><span style=\"font-weight: 400;\">Maintain effective communication between production and administrative teams<\/span><\/li>\n<\/ul>\n<p><b>Desired qualities<\/b><\/p>\n<ul>\n<li style=\"font-weight: 400;\" aria-level=\"1\"><span style=\"font-weight: 400;\">Ability to work with a small team<\/span><\/li>\n<li style=\"font-weight: 400;\" aria-level=\"1\"><span style=\"font-weight: 400;\">Experience\/knowledge of contemporary dance<\/span><\/li>\n<li style=\"font-weight: 400;\" aria-level=\"1\"><span style=\"font-weight: 400;\">Autonomy, strong sense of organization, initiative and versatility<\/span><\/li>\n<li style=\"font-weight: 400;\" aria-level=\"1\"><span style=\"font-weight: 400;\">Ability to adapt to variable schedules<\/span><\/li>\n<li style=\"font-weight: 400;\" aria-level=\"1\"><span style=\"font-weight: 400;\">Ability to manage multi-project work<\/span><\/li>\n<li style=\"font-weight: 400;\" aria-level=\"1\"><span style=\"font-weight: 400;\">Perfect command of spoken and written French, very good knowledge of English<\/span><\/li>\n<\/ul>\n<p><b>Assets<\/b><\/p>\n<ul>\n<li style=\"font-weight: 400;\" aria-level=\"1\"><span style=\"font-weight: 400;\">A minimum of two years&#8217; experience in a similar position<\/span><\/li>\n<li style=\"font-weight: 400;\" aria-level=\"1\"><span style=\"font-weight: 400;\">Preferred experience in a similar position within a cultural NPO<\/span><\/li>\n<li style=\"font-weight: 400;\" aria-level=\"1\"><span style=\"font-weight: 400;\">Proficiency in Google Workspace and comfortable working in a Mac environment<\/span><\/li>\n<\/ul>\n<p><b>Job type<\/b><\/p>\n<ul>\n<li style=\"font-weight: 400;\" aria-level=\"1\"><span style=\"font-weight: 400;\">Start date desired: end of August<\/span><\/li>\n<li style=\"font-weight: 400;\" aria-level=\"1\"><span style=\"font-weight: 400;\">Permanent position, 3 days a week, with some evenings available for shows and special events.<\/span><\/li>\n<li style=\"font-weight: 400;\" aria-level=\"1\"><span style=\"font-weight: 400;\">Office in downtown Montreal<\/span><\/li>\n<li style=\"font-weight: 400;\" aria-level=\"1\"><span style=\"font-weight: 400;\">Salary between $20 and $25 per hour depending on experience + benefits<\/span><\/li>\n<\/ul>\n<p><b>How to apply:\u00a0<\/b><\/p>\n<p><span style=\"font-weight: 400;\">Send letter + CV c\/o <\/span><b>before August 19 <\/b>to <span style=\"font-weight: 400;\">Charlotte Calais: <\/span><a href=\"mailto:administration@montrealdanse.com\"><span style=\"font-weight: 400;\">administration@montrealdanse.com<\/span><\/a><\/p>\n<p><span style=\"font-weight: 400;\">Only candidates selected for an interview will be contacted.<\/span><\/p>\n","protected":false},"excerpt":{"rendered":"<p>Montr\u00e9al Danse, a choreographic development platform that has been creating, producing and presenting works for over 30 years, is looking for a Production Coordinator to complete its team. Under the supervision of the Administrative and Development Director, the Artistic Director and in liaison with the Logistics Coordinator, the Production Coordinator will be responsible for multiple [&hellip;]<\/p>\n","protected":false},"author":2,"featured_media":5235,"template":"","meta":{"_acf_changed":false,"site-sidebar-layout":"default","site-content-layout":"default","ast-site-content-layout":"default","site-content-style":"default","site-sidebar-style":"default","ast-global-header-display":"","ast-banner-title-visibility":"","ast-main-header-display":"","ast-hfb-above-header-display":"","ast-hfb-below-header-display":"","ast-hfb-mobile-header-display":"","site-post-title":"","ast-breadcrumbs-content":"","ast-featured-img":"","footer-sml-layout":"","ast-disable-related-posts":"","theme-transparent-header-meta":"default","adv-header-id-meta":"","stick-header-meta":"","header-above-stick-meta":"","header-main-stick-meta":"","header-below-stick-meta":"","astra-migrate-meta-layouts":"set","ast-page-background-enabled":"default","ast-page-background-meta":{"desktop":{"background-color":"","background-image":"","background-repeat":"repeat","background-position":"center center","background-size":"auto","background-attachment":"scroll","background-type":"","background-media":"","overlay-type":"","overlay-color":"","overlay-opacity":"","overlay-gradient":""},"tablet":{"background-color":"","background-image":"","background-repeat":"repeat","background-position":"center center","background-size":"auto","background-attachment":"scroll","background-type":"","background-media":"","overlay-type":"","overlay-color":"","overlay-opacity":"","overlay-gradient":""},"mobile":{"background-color":"","background-image":"","background-repeat":"repeat","background-position":"center center","background-size":"auto","background-attachment":"scroll","background-type":"","background-media":"","overlay-type":"","overlay-color":"","overlay-opacity":"","overlay-gradient":""}},"ast-content-background-meta":{"desktop":{"background-color":"var(--ast-global-color-5)","background-image":"","background-repeat":"repeat","background-position":"center center","background-size":"auto","background-attachment":"scroll","background-type":"","background-media":"","overlay-type":"","overlay-color":"","overlay-opacity":"","overlay-gradient":""},"tablet":{"background-color":"var(--ast-global-color-5)","background-image":"","background-repeat":"repeat","background-position":"center center","background-size":"auto","background-attachment":"scroll","background-type":"","background-media":"","overlay-type":"","overlay-color":"","overlay-opacity":"","overlay-gradient":""},"mobile":{"background-color":"var(--ast-global-color-5)","background-image":"","background-repeat":"repeat","background-position":"center center","background-size":"auto","background-attachment":"scroll","background-type":"","background-media":"","overlay-type":"","overlay-color":"","overlay-opacity":"","overlay-gradient":""}},"footnotes":""},"categories_emplois":[54],"class_list":["post-5237","emplois","type-emplois","status-publish","has-post-thumbnail","hentry","categories_emplois-past-offer"],"acf":[],"yoast_head":"<!-- This site is optimized with the Yoast SEO plugin v27.5 - https:\/\/yoast.com\/product\/yoast-seo-wordpress\/ -->\n<title>Production Coordinator \/\/ Montr\u00e9al Danse - Montr\u00e9al Danse<\/title>\n<meta name=\"robots\" content=\"index, follow, max-snippet:-1, max-image-preview:large, max-video-preview:-1\" \/>\n<link rel=\"canonical\" href=\"https:\/\/montrealdanse.com\/en\/jobs\/production-coordinator-montreal-danse\/\" \/>\n<meta property=\"og:locale\" content=\"en_US\" \/>\n<meta property=\"og:type\" content=\"article\" \/>\n<meta property=\"og:title\" content=\"Production Coordinator \/\/ Montr\u00e9al Danse - Montr\u00e9al Danse\" \/>\n<meta property=\"og:description\" content=\"Montr\u00e9al Danse, a choreographic development platform that has been creating, producing and presenting works for over 30 years, is looking for a Production Coordinator to complete its team. Under the supervision of the Administrative and Development Director, the Artistic Director and in liaison with the Logistics Coordinator, the Production Coordinator will be responsible for multiple [&hellip;]\" \/>\n<meta property=\"og:url\" content=\"https:\/\/montrealdanse.com\/en\/jobs\/production-coordinator-montreal-danse\/\" \/>\n<meta property=\"og:site_name\" content=\"Montr\u00e9al Danse\" \/>\n<meta property=\"article:publisher\" content=\"https:\/\/www.facebook.com\/montrealdanse\/\" \/>\n<meta property=\"article:modified_time\" content=\"2023-08-28T14:51:39+00:00\" \/>\n<meta property=\"og:image\" content=\"https:\/\/montrealdanse.com\/wp-content\/uploads\/2023\/07\/Offre-demploi-1200-\u00d7-800-px.png\" \/>\n\t<meta property=\"og:image:width\" content=\"1200\" \/>\n\t<meta property=\"og:image:height\" content=\"800\" \/>\n\t<meta property=\"og:image:type\" content=\"image\/png\" \/>\n<meta name=\"twitter:card\" content=\"summary_large_image\" \/>\n<meta name=\"twitter:label1\" content=\"Est. reading time\" \/>\n\t<meta name=\"twitter:data1\" content=\"2 minutes\" \/>\n<script type=\"application\/ld+json\" class=\"yoast-schema-graph\">{\"@context\":\"https:\\\/\\\/schema.org\",\"@graph\":[{\"@type\":\"WebPage\",\"@id\":\"https:\\\/\\\/montrealdanse.com\\\/en\\\/jobs\\\/production-coordinator-montreal-danse\\\/\",\"url\":\"https:\\\/\\\/montrealdanse.com\\\/en\\\/jobs\\\/production-coordinator-montreal-danse\\\/\",\"name\":\"Production Coordinator \\\/\\\/ Montr\u00e9al Danse - Montr\u00e9al Danse\",\"isPartOf\":{\"@id\":\"https:\\\/\\\/montrealdanse.com\\\/#website\"},\"primaryImageOfPage\":{\"@id\":\"https:\\\/\\\/montrealdanse.com\\\/en\\\/jobs\\\/production-coordinator-montreal-danse\\\/#primaryimage\"},\"image\":{\"@id\":\"https:\\\/\\\/montrealdanse.com\\\/en\\\/jobs\\\/production-coordinator-montreal-danse\\\/#primaryimage\"},\"thumbnailUrl\":\"https:\\\/\\\/montrealdanse.com\\\/wp-content\\\/uploads\\\/2023\\\/07\\\/Offre-demploi-1200-\u00d7-800-px.png\",\"datePublished\":\"2023-07-18T19:23:53+00:00\",\"dateModified\":\"2023-08-28T14:51:39+00:00\",\"breadcrumb\":{\"@id\":\"https:\\\/\\\/montrealdanse.com\\\/en\\\/jobs\\\/production-coordinator-montreal-danse\\\/#breadcrumb\"},\"inLanguage\":\"en-US\",\"potentialAction\":[{\"@type\":\"ReadAction\",\"target\":[\"https:\\\/\\\/montrealdanse.com\\\/en\\\/jobs\\\/production-coordinator-montreal-danse\\\/\"]}]},{\"@type\":\"ImageObject\",\"inLanguage\":\"en-US\",\"@id\":\"https:\\\/\\\/montrealdanse.com\\\/en\\\/jobs\\\/production-coordinator-montreal-danse\\\/#primaryimage\",\"url\":\"https:\\\/\\\/montrealdanse.com\\\/wp-content\\\/uploads\\\/2023\\\/07\\\/Offre-demploi-1200-\u00d7-800-px.png\",\"contentUrl\":\"https:\\\/\\\/montrealdanse.com\\\/wp-content\\\/uploads\\\/2023\\\/07\\\/Offre-demploi-1200-\u00d7-800-px.png\",\"width\":1200,\"height\":800},{\"@type\":\"BreadcrumbList\",\"@id\":\"https:\\\/\\\/montrealdanse.com\\\/en\\\/jobs\\\/production-coordinator-montreal-danse\\\/#breadcrumb\",\"itemListElement\":[{\"@type\":\"ListItem\",\"position\":1,\"name\":\"Accueil\",\"item\":\"https:\\\/\\\/montrealdanse.com\\\/en\\\/\"},{\"@type\":\"ListItem\",\"position\":2,\"name\":\"Production Coordinator \\\/\\\/ Montr\u00e9al Danse\"}]},{\"@type\":\"WebSite\",\"@id\":\"https:\\\/\\\/montrealdanse.com\\\/#website\",\"url\":\"https:\\\/\\\/montrealdanse.com\\\/\",\"name\":\"Montr\u00e9al Danse\",\"description\":\"Plateforme de d\u00e9veloppement chor\u00e9graphique\",\"publisher\":{\"@id\":\"https:\\\/\\\/montrealdanse.com\\\/#organization\"},\"potentialAction\":[{\"@type\":\"SearchAction\",\"target\":{\"@type\":\"EntryPoint\",\"urlTemplate\":\"https:\\\/\\\/montrealdanse.com\\\/?s={search_term_string}\"},\"query-input\":{\"@type\":\"PropertyValueSpecification\",\"valueRequired\":true,\"valueName\":\"search_term_string\"}}],\"inLanguage\":\"en-US\"},{\"@type\":\"Organization\",\"@id\":\"https:\\\/\\\/montrealdanse.com\\\/#organization\",\"name\":\"Montr\u00e9al Danse\",\"url\":\"https:\\\/\\\/montrealdanse.com\\\/\",\"logo\":{\"@type\":\"ImageObject\",\"inLanguage\":\"en-US\",\"@id\":\"https:\\\/\\\/montrealdanse.com\\\/#\\\/schema\\\/logo\\\/image\\\/\",\"url\":\"https:\\\/\\\/montrealdanse.com\\\/wp-content\\\/uploads\\\/2020\\\/06\\\/MTLdanse-logo-gris.png\",\"contentUrl\":\"https:\\\/\\\/montrealdanse.com\\\/wp-content\\\/uploads\\\/2020\\\/06\\\/MTLdanse-logo-gris.png\",\"width\":550,\"height\":617,\"caption\":\"Montr\u00e9al Danse\"},\"image\":{\"@id\":\"https:\\\/\\\/montrealdanse.com\\\/#\\\/schema\\\/logo\\\/image\\\/\"},\"sameAs\":[\"https:\\\/\\\/www.facebook.com\\\/montrealdanse\\\/\",\"https:\\\/\\\/www.youtube.com\\\/channel\\\/UChK7CVWngZK7unMUi_rALhg\"]}]}<\/script>\n<!-- \/ Yoast SEO plugin. -->","yoast_head_json":{"title":"Production Coordinator \/\/ Montr\u00e9al Danse - Montr\u00e9al Danse","robots":{"index":"index","follow":"follow","max-snippet":"max-snippet:-1","max-image-preview":"max-image-preview:large","max-video-preview":"max-video-preview:-1"},"canonical":"https:\/\/montrealdanse.com\/en\/jobs\/production-coordinator-montreal-danse\/","og_locale":"en_US","og_type":"article","og_title":"Production Coordinator \/\/ Montr\u00e9al Danse - Montr\u00e9al Danse","og_description":"Montr\u00e9al Danse, a choreographic development platform that has been creating, producing and presenting works for over 30 years, is looking for a Production Coordinator to complete its team. Under the supervision of the Administrative and Development Director, the Artistic Director and in liaison with the Logistics Coordinator, the Production Coordinator will be responsible for multiple [&hellip;]","og_url":"https:\/\/montrealdanse.com\/en\/jobs\/production-coordinator-montreal-danse\/","og_site_name":"Montr\u00e9al Danse","article_publisher":"https:\/\/www.facebook.com\/montrealdanse\/","article_modified_time":"2023-08-28T14:51:39+00:00","og_image":[{"width":1200,"height":800,"url":"https:\/\/montrealdanse.com\/wp-content\/uploads\/2023\/07\/Offre-demploi-1200-\u00d7-800-px.png","type":"image\/png"}],"twitter_card":"summary_large_image","twitter_misc":{"Est. reading time":"2 minutes"},"schema":{"@context":"https:\/\/schema.org","@graph":[{"@type":"WebPage","@id":"https:\/\/montrealdanse.com\/en\/jobs\/production-coordinator-montreal-danse\/","url":"https:\/\/montrealdanse.com\/en\/jobs\/production-coordinator-montreal-danse\/","name":"Production Coordinator \/\/ Montr\u00e9al Danse - Montr\u00e9al Danse","isPartOf":{"@id":"https:\/\/montrealdanse.com\/#website"},"primaryImageOfPage":{"@id":"https:\/\/montrealdanse.com\/en\/jobs\/production-coordinator-montreal-danse\/#primaryimage"},"image":{"@id":"https:\/\/montrealdanse.com\/en\/jobs\/production-coordinator-montreal-danse\/#primaryimage"},"thumbnailUrl":"https:\/\/montrealdanse.com\/wp-content\/uploads\/2023\/07\/Offre-demploi-1200-\u00d7-800-px.png","datePublished":"2023-07-18T19:23:53+00:00","dateModified":"2023-08-28T14:51:39+00:00","breadcrumb":{"@id":"https:\/\/montrealdanse.com\/en\/jobs\/production-coordinator-montreal-danse\/#breadcrumb"},"inLanguage":"en-US","potentialAction":[{"@type":"ReadAction","target":["https:\/\/montrealdanse.com\/en\/jobs\/production-coordinator-montreal-danse\/"]}]},{"@type":"ImageObject","inLanguage":"en-US","@id":"https:\/\/montrealdanse.com\/en\/jobs\/production-coordinator-montreal-danse\/#primaryimage","url":"https:\/\/montrealdanse.com\/wp-content\/uploads\/2023\/07\/Offre-demploi-1200-\u00d7-800-px.png","contentUrl":"https:\/\/montrealdanse.com\/wp-content\/uploads\/2023\/07\/Offre-demploi-1200-\u00d7-800-px.png","width":1200,"height":800},{"@type":"BreadcrumbList","@id":"https:\/\/montrealdanse.com\/en\/jobs\/production-coordinator-montreal-danse\/#breadcrumb","itemListElement":[{"@type":"ListItem","position":1,"name":"Accueil","item":"https:\/\/montrealdanse.com\/en\/"},{"@type":"ListItem","position":2,"name":"Production Coordinator \/\/ Montr\u00e9al Danse"}]},{"@type":"WebSite","@id":"https:\/\/montrealdanse.com\/#website","url":"https:\/\/montrealdanse.com\/","name":"Montr\u00e9al Danse","description":"Plateforme de d\u00e9veloppement chor\u00e9graphique","publisher":{"@id":"https:\/\/montrealdanse.com\/#organization"},"potentialAction":[{"@type":"SearchAction","target":{"@type":"EntryPoint","urlTemplate":"https:\/\/montrealdanse.com\/?s={search_term_string}"},"query-input":{"@type":"PropertyValueSpecification","valueRequired":true,"valueName":"search_term_string"}}],"inLanguage":"en-US"},{"@type":"Organization","@id":"https:\/\/montrealdanse.com\/#organization","name":"Montr\u00e9al Danse","url":"https:\/\/montrealdanse.com\/","logo":{"@type":"ImageObject","inLanguage":"en-US","@id":"https:\/\/montrealdanse.com\/#\/schema\/logo\/image\/","url":"https:\/\/montrealdanse.com\/wp-content\/uploads\/2020\/06\/MTLdanse-logo-gris.png","contentUrl":"https:\/\/montrealdanse.com\/wp-content\/uploads\/2020\/06\/MTLdanse-logo-gris.png","width":550,"height":617,"caption":"Montr\u00e9al Danse"},"image":{"@id":"https:\/\/montrealdanse.com\/#\/schema\/logo\/image\/"},"sameAs":["https:\/\/www.facebook.com\/montrealdanse\/","https:\/\/www.youtube.com\/channel\/UChK7CVWngZK7unMUi_rALhg"]}]}},"_links":{"self":[{"href":"https:\/\/montrealdanse.com\/en\/wp-json\/wp\/v2\/emplois\/5237","targetHints":{"allow":["GET"]}}],"collection":[{"href":"https:\/\/montrealdanse.com\/en\/wp-json\/wp\/v2\/emplois"}],"about":[{"href":"https:\/\/montrealdanse.com\/en\/wp-json\/wp\/v2\/types\/emplois"}],"author":[{"embeddable":true,"href":"https:\/\/montrealdanse.com\/en\/wp-json\/wp\/v2\/users\/2"}],"version-history":[{"count":2,"href":"https:\/\/montrealdanse.com\/en\/wp-json\/wp\/v2\/emplois\/5237\/revisions"}],"predecessor-version":[{"id":5240,"href":"https:\/\/montrealdanse.com\/en\/wp-json\/wp\/v2\/emplois\/5237\/revisions\/5240"}],"wp:featuredmedia":[{"embeddable":true,"href":"https:\/\/montrealdanse.com\/en\/wp-json\/wp\/v2\/media\/5235"}],"wp:attachment":[{"href":"https:\/\/montrealdanse.com\/en\/wp-json\/wp\/v2\/media?parent=5237"}],"wp:term":[{"taxonomy":"categories_emplois","embeddable":true,"href":"https:\/\/montrealdanse.com\/en\/wp-json\/wp\/v2\/categories_emplois?post=5237"}],"curies":[{"name":"wp","href":"https:\/\/api.w.org\/{rel}","templated":true}]}}