{"id":4369,"date":"2022-12-01T15:32:53","date_gmt":"2022-12-01T15:32:53","guid":{"rendered":"https:\/\/montrealdanse.com\/?post_type=collaborateurs&#038;p=4369"},"modified":"2022-12-01T15:34:13","modified_gmt":"2022-12-01T15:34:13","slug":"lara-kramer","status":"publish","type":"collaborateurs","link":"https:\/\/montrealdanse.com\/en\/people\/lara-kramer\/","title":{"rendered":"Lara Kramer"},"content":{"rendered":"<p>Lara Kramer is a performer, choreographer and multidisciplinary artist of mixed Anishnaabe, Oji-Cree and settler heritage based in Tiohti\u00e0:ke\/Mooniyang\/Montreal. Her choreographic work, research and fieldwork over the last fourteen years have been grounded in intergenerational relations, intergenerational knowledge, and the impacts of the Indian Residential Schools of Canada.<\/p>\n<p>Her creations in the form of dance, performance and installation have been presented across Canada, Australia, New Zealand, Martinique, the US and the UK. Her practice includes sound, video, and visual art.<\/p>\n<p>Lara\u2019s work expands on her relational practice to express and represent embodied experiences like memory, loss, and reclamation. In 2021, Lara joined the MAI as an associate artist and programming curator for the MAI\u2019s 25th anniversary season. Lara Kramer is a Centre de Cr\u00e9ation O Vertigo \u2013 CCOV Associate Artist since 2021.<\/p>\n","protected":false},"excerpt":{"rendered":"<p>Lara Kramer is a performer, choreographer and multidisciplinary artist of mixed Anishnaabe, Oji-Cree and settler heritage based in Tiohti\u00e0:ke\/Mooniyang\/Montreal. Her choreographic work, research and fieldwork over the last fourteen years have been grounded in intergenerational relations, intergenerational knowledge, and the impacts of the Indian Residential Schools of Canada. Her creations in the form of dance, [&hellip;]<\/p>\n","protected":false},"author":2,"featured_media":4367,"menu_order":0,"template":"","meta":{"_acf_changed":false,"site-sidebar-layout":"default","site-content-layout":"default","ast-site-content-layout":"default","site-content-style":"default","site-sidebar-style":"default","ast-global-header-display":"","ast-banner-title-visibility":"","ast-main-header-display":"","ast-hfb-above-header-display":"","ast-hfb-below-header-display":"","ast-hfb-mobile-header-display":"","site-post-title":"","ast-breadcrumbs-content":"","ast-featured-img":"","footer-sml-layout":"","ast-disable-related-posts":"","theme-transparent-header-meta":"default","adv-header-id-meta":"","stick-header-meta":"","header-above-stick-meta":"","header-main-stick-meta":"","header-below-stick-meta":"","astra-migrate-meta-layouts":"default","ast-page-background-enabled":"default","ast-page-background-meta":{"desktop":{"background-color":"","background-image":"","background-repeat":"repeat","background-position":"center center","background-size":"auto","background-attachment":"scroll","background-type":"","background-media":"","overlay-type":"","overlay-color":"","overlay-opacity":"","overlay-gradient":""},"tablet":{"background-color":"","background-image":"","background-repeat":"repeat","background-position":"center center","background-size":"auto","background-attachment":"scroll","background-type":"","background-media":"","overlay-type":"","overlay-color":"","overlay-opacity":"","overlay-gradient":""},"mobile":{"background-color":"","background-image":"","background-repeat":"repeat","background-position":"center center","background-size":"auto","background-attachment":"scroll","background-type":"","background-media":"","overlay-type":"","overlay-color":"","overlay-opacity":"","overlay-gradient":""}},"ast-content-background-meta":{"desktop":{"background-color":"var(--ast-global-color-5)","background-image":"","background-repeat":"repeat","background-position":"center center","background-size":"auto","background-attachment":"scroll","background-type":"","background-media":"","overlay-type":"","overlay-color":"","overlay-opacity":"","overlay-gradient":""},"tablet":{"background-color":"var(--ast-global-color-5)","background-image":"","background-repeat":"repeat","background-position":"center center","background-size":"auto","background-attachment":"scroll","background-type":"","background-media":"","overlay-type":"","overlay-color":"","overlay-opacity":"","overlay-gradient":""},"mobile":{"background-color":"var(--ast-global-color-5)","background-image":"","background-repeat":"repeat","background-position":"center center","background-size":"auto","background-attachment":"scroll","background-type":"","background-media":"","overlay-type":"","overlay-color":"","overlay-opacity":"","overlay-gradient":""}},"footnotes":""},"categories_collaborateurs":[47],"class_list":["post-4369","collaborateurs","type-collaborateurs","status-publish","has-post-thumbnail","hentry","categories_collaborateurs-collaborator"],"acf":[],"yoast_head":"<!-- This site is optimized with the Yoast SEO plugin v27.5 - https:\/\/yoast.com\/product\/yoast-seo-wordpress\/ -->\n<title>Lara Kramer - Montr\u00e9al Danse<\/title>\n<meta name=\"robots\" content=\"index, follow, max-snippet:-1, max-image-preview:large, max-video-preview:-1\" \/>\n<link rel=\"canonical\" href=\"https:\/\/montrealdanse.com\/en\/people\/lara-kramer\/\" \/>\n<meta property=\"og:locale\" content=\"en_US\" \/>\n<meta property=\"og:type\" content=\"article\" \/>\n<meta property=\"og:title\" content=\"Lara Kramer - Montr\u00e9al Danse\" \/>\n<meta property=\"og:description\" content=\"Lara Kramer is a performer, choreographer and multidisciplinary artist of mixed Anishnaabe, Oji-Cree and settler heritage based in Tiohti\u00e0:ke\/Mooniyang\/Montreal. Her choreographic work, research and fieldwork over the last fourteen years have been grounded in intergenerational relations, intergenerational knowledge, and the impacts of the Indian Residential Schools of Canada. Her creations in the form of dance, [&hellip;]\" \/>\n<meta property=\"og:url\" content=\"https:\/\/montrealdanse.com\/en\/people\/lara-kramer\/\" \/>\n<meta property=\"og:site_name\" content=\"Montr\u00e9al Danse\" \/>\n<meta property=\"article:publisher\" content=\"https:\/\/www.facebook.com\/montrealdanse\/\" \/>\n<meta property=\"article:modified_time\" content=\"2022-12-01T15:34:13+00:00\" \/>\n<meta property=\"og:image\" content=\"https:\/\/montrealdanse.com\/wp-content\/uploads\/2022\/12\/headshot-color-Lara-Kramer-photoby-Stefan-petersen-.jpeg\" \/>\n\t<meta property=\"og:image:width\" content=\"667\" \/>\n\t<meta property=\"og:image:height\" content=\"667\" \/>\n\t<meta property=\"og:image:type\" content=\"image\/jpeg\" \/>\n<meta name=\"twitter:card\" content=\"summary_large_image\" \/>\n<meta name=\"twitter:label1\" content=\"Est. reading time\" \/>\n\t<meta name=\"twitter:data1\" content=\"1 minute\" \/>\n<script type=\"application\/ld+json\" class=\"yoast-schema-graph\">{\"@context\":\"https:\\\/\\\/schema.org\",\"@graph\":[{\"@type\":\"WebPage\",\"@id\":\"https:\\\/\\\/montrealdanse.com\\\/en\\\/people\\\/lara-kramer\\\/\",\"url\":\"https:\\\/\\\/montrealdanse.com\\\/en\\\/people\\\/lara-kramer\\\/\",\"name\":\"Lara Kramer - Montr\u00e9al Danse\",\"isPartOf\":{\"@id\":\"https:\\\/\\\/montrealdanse.com\\\/#website\"},\"primaryImageOfPage\":{\"@id\":\"https:\\\/\\\/montrealdanse.com\\\/en\\\/people\\\/lara-kramer\\\/#primaryimage\"},\"image\":{\"@id\":\"https:\\\/\\\/montrealdanse.com\\\/en\\\/people\\\/lara-kramer\\\/#primaryimage\"},\"thumbnailUrl\":\"https:\\\/\\\/montrealdanse.com\\\/wp-content\\\/uploads\\\/2022\\\/12\\\/headshot-color-Lara-Kramer-photoby-Stefan-petersen-.jpeg\",\"datePublished\":\"2022-12-01T15:32:53+00:00\",\"dateModified\":\"2022-12-01T15:34:13+00:00\",\"breadcrumb\":{\"@id\":\"https:\\\/\\\/montrealdanse.com\\\/en\\\/people\\\/lara-kramer\\\/#breadcrumb\"},\"inLanguage\":\"en-US\",\"potentialAction\":[{\"@type\":\"ReadAction\",\"target\":[\"https:\\\/\\\/montrealdanse.com\\\/en\\\/people\\\/lara-kramer\\\/\"]}]},{\"@type\":\"ImageObject\",\"inLanguage\":\"en-US\",\"@id\":\"https:\\\/\\\/montrealdanse.com\\\/en\\\/people\\\/lara-kramer\\\/#primaryimage\",\"url\":\"https:\\\/\\\/montrealdanse.com\\\/wp-content\\\/uploads\\\/2022\\\/12\\\/headshot-color-Lara-Kramer-photoby-Stefan-petersen-.jpeg\",\"contentUrl\":\"https:\\\/\\\/montrealdanse.com\\\/wp-content\\\/uploads\\\/2022\\\/12\\\/headshot-color-Lara-Kramer-photoby-Stefan-petersen-.jpeg\",\"width\":667,\"height\":667},{\"@type\":\"BreadcrumbList\",\"@id\":\"https:\\\/\\\/montrealdanse.com\\\/en\\\/people\\\/lara-kramer\\\/#breadcrumb\",\"itemListElement\":[{\"@type\":\"ListItem\",\"position\":1,\"name\":\"Accueil\",\"item\":\"https:\\\/\\\/montrealdanse.com\\\/en\\\/\"},{\"@type\":\"ListItem\",\"position\":2,\"name\":\"Lara Kramer\"}]},{\"@type\":\"WebSite\",\"@id\":\"https:\\\/\\\/montrealdanse.com\\\/#website\",\"url\":\"https:\\\/\\\/montrealdanse.com\\\/\",\"name\":\"Montr\u00e9al Danse\",\"description\":\"Plateforme de d\u00e9veloppement chor\u00e9graphique\",\"publisher\":{\"@id\":\"https:\\\/\\\/montrealdanse.com\\\/#organization\"},\"potentialAction\":[{\"@type\":\"SearchAction\",\"target\":{\"@type\":\"EntryPoint\",\"urlTemplate\":\"https:\\\/\\\/montrealdanse.com\\\/?s={search_term_string}\"},\"query-input\":{\"@type\":\"PropertyValueSpecification\",\"valueRequired\":true,\"valueName\":\"search_term_string\"}}],\"inLanguage\":\"en-US\"},{\"@type\":\"Organization\",\"@id\":\"https:\\\/\\\/montrealdanse.com\\\/#organization\",\"name\":\"Montr\u00e9al Danse\",\"url\":\"https:\\\/\\\/montrealdanse.com\\\/\",\"logo\":{\"@type\":\"ImageObject\",\"inLanguage\":\"en-US\",\"@id\":\"https:\\\/\\\/montrealdanse.com\\\/#\\\/schema\\\/logo\\\/image\\\/\",\"url\":\"https:\\\/\\\/montrealdanse.com\\\/wp-content\\\/uploads\\\/2020\\\/06\\\/MTLdanse-logo-gris.png\",\"contentUrl\":\"https:\\\/\\\/montrealdanse.com\\\/wp-content\\\/uploads\\\/2020\\\/06\\\/MTLdanse-logo-gris.png\",\"width\":550,\"height\":617,\"caption\":\"Montr\u00e9al Danse\"},\"image\":{\"@id\":\"https:\\\/\\\/montrealdanse.com\\\/#\\\/schema\\\/logo\\\/image\\\/\"},\"sameAs\":[\"https:\\\/\\\/www.facebook.com\\\/montrealdanse\\\/\",\"https:\\\/\\\/www.youtube.com\\\/channel\\\/UChK7CVWngZK7unMUi_rALhg\"]}]}<\/script>\n<!-- \/ Yoast SEO plugin. -->","yoast_head_json":{"title":"Lara Kramer - Montr\u00e9al Danse","robots":{"index":"index","follow":"follow","max-snippet":"max-snippet:-1","max-image-preview":"max-image-preview:large","max-video-preview":"max-video-preview:-1"},"canonical":"https:\/\/montrealdanse.com\/en\/people\/lara-kramer\/","og_locale":"en_US","og_type":"article","og_title":"Lara Kramer - Montr\u00e9al Danse","og_description":"Lara Kramer is a performer, choreographer and multidisciplinary artist of mixed Anishnaabe, Oji-Cree and settler heritage based in Tiohti\u00e0:ke\/Mooniyang\/Montreal. Her choreographic work, research and fieldwork over the last fourteen years have been grounded in intergenerational relations, intergenerational knowledge, and the impacts of the Indian Residential Schools of Canada. Her creations in the form of dance, [&hellip;]","og_url":"https:\/\/montrealdanse.com\/en\/people\/lara-kramer\/","og_site_name":"Montr\u00e9al Danse","article_publisher":"https:\/\/www.facebook.com\/montrealdanse\/","article_modified_time":"2022-12-01T15:34:13+00:00","og_image":[{"width":667,"height":667,"url":"https:\/\/montrealdanse.com\/wp-content\/uploads\/2022\/12\/headshot-color-Lara-Kramer-photoby-Stefan-petersen-.jpeg","type":"image\/jpeg"}],"twitter_card":"summary_large_image","twitter_misc":{"Est. reading time":"1 minute"},"schema":{"@context":"https:\/\/schema.org","@graph":[{"@type":"WebPage","@id":"https:\/\/montrealdanse.com\/en\/people\/lara-kramer\/","url":"https:\/\/montrealdanse.com\/en\/people\/lara-kramer\/","name":"Lara Kramer - Montr\u00e9al Danse","isPartOf":{"@id":"https:\/\/montrealdanse.com\/#website"},"primaryImageOfPage":{"@id":"https:\/\/montrealdanse.com\/en\/people\/lara-kramer\/#primaryimage"},"image":{"@id":"https:\/\/montrealdanse.com\/en\/people\/lara-kramer\/#primaryimage"},"thumbnailUrl":"https:\/\/montrealdanse.com\/wp-content\/uploads\/2022\/12\/headshot-color-Lara-Kramer-photoby-Stefan-petersen-.jpeg","datePublished":"2022-12-01T15:32:53+00:00","dateModified":"2022-12-01T15:34:13+00:00","breadcrumb":{"@id":"https:\/\/montrealdanse.com\/en\/people\/lara-kramer\/#breadcrumb"},"inLanguage":"en-US","potentialAction":[{"@type":"ReadAction","target":["https:\/\/montrealdanse.com\/en\/people\/lara-kramer\/"]}]},{"@type":"ImageObject","inLanguage":"en-US","@id":"https:\/\/montrealdanse.com\/en\/people\/lara-kramer\/#primaryimage","url":"https:\/\/montrealdanse.com\/wp-content\/uploads\/2022\/12\/headshot-color-Lara-Kramer-photoby-Stefan-petersen-.jpeg","contentUrl":"https:\/\/montrealdanse.com\/wp-content\/uploads\/2022\/12\/headshot-color-Lara-Kramer-photoby-Stefan-petersen-.jpeg","width":667,"height":667},{"@type":"BreadcrumbList","@id":"https:\/\/montrealdanse.com\/en\/people\/lara-kramer\/#breadcrumb","itemListElement":[{"@type":"ListItem","position":1,"name":"Accueil","item":"https:\/\/montrealdanse.com\/en\/"},{"@type":"ListItem","position":2,"name":"Lara Kramer"}]},{"@type":"WebSite","@id":"https:\/\/montrealdanse.com\/#website","url":"https:\/\/montrealdanse.com\/","name":"Montr\u00e9al Danse","description":"Plateforme de d\u00e9veloppement chor\u00e9graphique","publisher":{"@id":"https:\/\/montrealdanse.com\/#organization"},"potentialAction":[{"@type":"SearchAction","target":{"@type":"EntryPoint","urlTemplate":"https:\/\/montrealdanse.com\/?s={search_term_string}"},"query-input":{"@type":"PropertyValueSpecification","valueRequired":true,"valueName":"search_term_string"}}],"inLanguage":"en-US"},{"@type":"Organization","@id":"https:\/\/montrealdanse.com\/#organization","name":"Montr\u00e9al Danse","url":"https:\/\/montrealdanse.com\/","logo":{"@type":"ImageObject","inLanguage":"en-US","@id":"https:\/\/montrealdanse.com\/#\/schema\/logo\/image\/","url":"https:\/\/montrealdanse.com\/wp-content\/uploads\/2020\/06\/MTLdanse-logo-gris.png","contentUrl":"https:\/\/montrealdanse.com\/wp-content\/uploads\/2020\/06\/MTLdanse-logo-gris.png","width":550,"height":617,"caption":"Montr\u00e9al Danse"},"image":{"@id":"https:\/\/montrealdanse.com\/#\/schema\/logo\/image\/"},"sameAs":["https:\/\/www.facebook.com\/montrealdanse\/","https:\/\/www.youtube.com\/channel\/UChK7CVWngZK7unMUi_rALhg"]}]}},"_links":{"self":[{"href":"https:\/\/montrealdanse.com\/en\/wp-json\/wp\/v2\/collaborateurs\/4369","targetHints":{"allow":["GET"]}}],"collection":[{"href":"https:\/\/montrealdanse.com\/en\/wp-json\/wp\/v2\/collaborateurs"}],"about":[{"href":"https:\/\/montrealdanse.com\/en\/wp-json\/wp\/v2\/types\/collaborateurs"}],"author":[{"embeddable":true,"href":"https:\/\/montrealdanse.com\/en\/wp-json\/wp\/v2\/users\/2"}],"version-history":[{"count":1,"href":"https:\/\/montrealdanse.com\/en\/wp-json\/wp\/v2\/collaborateurs\/4369\/revisions"}],"predecessor-version":[{"id":4370,"href":"https:\/\/montrealdanse.com\/en\/wp-json\/wp\/v2\/collaborateurs\/4369\/revisions\/4370"}],"wp:featuredmedia":[{"embeddable":true,"href":"https:\/\/montrealdanse.com\/en\/wp-json\/wp\/v2\/media\/4367"}],"wp:attachment":[{"href":"https:\/\/montrealdanse.com\/en\/wp-json\/wp\/v2\/media?parent=4369"}],"wp:term":[{"taxonomy":"categories_collaborateurs","embeddable":true,"href":"https:\/\/montrealdanse.com\/en\/wp-json\/wp\/v2\/categories_collaborateurs?post=4369"}],"curies":[{"name":"wp","href":"https:\/\/api.w.org\/{rel}","templated":true}]}}