{"id":4337,"date":"2022-11-29T21:26:41","date_gmt":"2022-11-29T21:26:41","guid":{"rendered":"https:\/\/montrealdanse.com\/?post_type=collaborateurs&#038;p=4337"},"modified":"2023-01-17T17:19:44","modified_gmt":"2023-01-17T17:19:44","slug":"jean-benoit-labrecque","status":"publish","type":"collaborateurs","link":"https:\/\/montrealdanse.com\/en\/people\/jean-benoit-labrecque\/","title":{"rendered":"Jean-Benoit Labrecque"},"content":{"rendered":"<p>His initial passion for urban dance, combined with his training in contemporary dance, gives Jean-Benoit Labrecque a great versatility of interpretation sought by creators. Since his graduation from EDCM in 2014, he has collaborated with choreographer Dani\u00e8le Desnoyers on four creations; Anatomie d&#8217;un souffle (2016), UNFOLD |7 perspectives (2019), La for\u00eat mixte (2021), and Faunes Variations (2022). Jean-Benoit has also collaborated since 2015 with Toronto choreographer Riley Sims on several creations, including Are You Still Coming Tonight (2016), Drunk On Fiction (2017), Ode De Parade (2017), Amourous Playlist (2019) and This Lament I&#8217;ll Lip-sync Until I&#8217;m Born Again (2022). He also has collaborated with choreographer Andr\u00e9a Pe\u00f1a on several projects, including the piece Utiltled I + III presented at Usine C in 2019, the short film Sainte-Monique presented by the Festival Quartier Danse in 2020, as well as the piece Manifesto 6.58 which premiered at the Agora in 2021. He also collaborates with choreographers Virginie Brunelle, Catherine Gaudet, Fr\u00e9d\u00e9rick Gravel, Alan Lake, Daniel L\u00e9veill\u00e9, Jacques Poulin Denis, S\u00e9bastien Provencher and George Stamos.<\/p>\n","protected":false},"excerpt":{"rendered":"<p>His initial passion for urban dance, combined with his training in contemporary dance, gives Jean-Benoit Labrecque a great versatility of interpretation sought by creators. Since his graduation from EDCM in 2014, he has collaborated with choreographer Dani\u00e8le Desnoyers on four creations; Anatomie d&#8217;un souffle (2016), UNFOLD |7 perspectives (2019), La for\u00eat mixte (2021), and Faunes [&hellip;]<\/p>\n","protected":false},"author":2,"featured_media":4803,"menu_order":0,"template":"","meta":{"_acf_changed":false,"site-sidebar-layout":"default","site-content-layout":"default","ast-site-content-layout":"default","site-content-style":"default","site-sidebar-style":"default","ast-global-header-display":"","ast-banner-title-visibility":"","ast-main-header-display":"","ast-hfb-above-header-display":"","ast-hfb-below-header-display":"","ast-hfb-mobile-header-display":"","site-post-title":"","ast-breadcrumbs-content":"","ast-featured-img":"","footer-sml-layout":"","ast-disable-related-posts":"","theme-transparent-header-meta":"default","adv-header-id-meta":"","stick-header-meta":"","header-above-stick-meta":"","header-main-stick-meta":"","header-below-stick-meta":"","astra-migrate-meta-layouts":"default","ast-page-background-enabled":"default","ast-page-background-meta":{"desktop":{"background-color":"","background-image":"","background-repeat":"repeat","background-position":"center center","background-size":"auto","background-attachment":"scroll","background-type":"","background-media":"","overlay-type":"","overlay-color":"","overlay-opacity":"","overlay-gradient":""},"tablet":{"background-color":"","background-image":"","background-repeat":"repeat","background-position":"center center","background-size":"auto","background-attachment":"scroll","background-type":"","background-media":"","overlay-type":"","overlay-color":"","overlay-opacity":"","overlay-gradient":""},"mobile":{"background-color":"","background-image":"","background-repeat":"repeat","background-position":"center center","background-size":"auto","background-attachment":"scroll","background-type":"","background-media":"","overlay-type":"","overlay-color":"","overlay-opacity":"","overlay-gradient":""}},"ast-content-background-meta":{"desktop":{"background-color":"var(--ast-global-color-5)","background-image":"","background-repeat":"repeat","background-position":"center center","background-size":"auto","background-attachment":"scroll","background-type":"","background-media":"","overlay-type":"","overlay-color":"","overlay-opacity":"","overlay-gradient":""},"tablet":{"background-color":"var(--ast-global-color-5)","background-image":"","background-repeat":"repeat","background-position":"center center","background-size":"auto","background-attachment":"scroll","background-type":"","background-media":"","overlay-type":"","overlay-color":"","overlay-opacity":"","overlay-gradient":""},"mobile":{"background-color":"var(--ast-global-color-5)","background-image":"","background-repeat":"repeat","background-position":"center center","background-size":"auto","background-attachment":"scroll","background-type":"","background-media":"","overlay-type":"","overlay-color":"","overlay-opacity":"","overlay-gradient":""}},"footnotes":""},"categories_collaborateurs":[47],"class_list":["post-4337","collaborateurs","type-collaborateurs","status-publish","has-post-thumbnail","hentry","categories_collaborateurs-collaborator"],"acf":[],"yoast_head":"<!-- This site is optimized with the Yoast SEO plugin v27.5 - https:\/\/yoast.com\/product\/yoast-seo-wordpress\/ -->\n<title>Jean-Benoit Labrecque - Montr\u00e9al Danse<\/title>\n<meta name=\"robots\" content=\"index, follow, max-snippet:-1, max-image-preview:large, max-video-preview:-1\" \/>\n<link rel=\"canonical\" href=\"https:\/\/montrealdanse.com\/en\/people\/jean-benoit-labrecque\/\" \/>\n<meta property=\"og:locale\" content=\"en_US\" \/>\n<meta property=\"og:type\" content=\"article\" \/>\n<meta property=\"og:title\" content=\"Jean-Benoit Labrecque - Montr\u00e9al Danse\" \/>\n<meta property=\"og:description\" content=\"His initial passion for urban dance, combined with his training in contemporary dance, gives Jean-Benoit Labrecque a great versatility of interpretation sought by creators. Since his graduation from EDCM in 2014, he has collaborated with choreographer Dani\u00e8le Desnoyers on four creations; Anatomie d&#8217;un souffle (2016), UNFOLD |7 perspectives (2019), La for\u00eat mixte (2021), and Faunes [&hellip;]\" \/>\n<meta property=\"og:url\" content=\"https:\/\/montrealdanse.com\/en\/people\/jean-benoit-labrecque\/\" \/>\n<meta property=\"og:site_name\" content=\"Montr\u00e9al Danse\" \/>\n<meta property=\"article:publisher\" content=\"https:\/\/www.facebook.com\/montrealdanse\/\" \/>\n<meta property=\"article:modified_time\" content=\"2023-01-17T17:19:44+00:00\" \/>\n<meta property=\"og:image\" content=\"https:\/\/montrealdanse.com\/wp-content\/uploads\/2022\/11\/collaborateur_JeanBenoitLabrecque.jpg\" \/>\n\t<meta property=\"og:image:width\" content=\"700\" \/>\n\t<meta property=\"og:image:height\" content=\"700\" \/>\n\t<meta property=\"og:image:type\" content=\"image\/jpeg\" \/>\n<meta name=\"twitter:card\" content=\"summary_large_image\" \/>\n<meta name=\"twitter:label1\" content=\"Est. reading time\" \/>\n\t<meta name=\"twitter:data1\" content=\"1 minute\" \/>\n<script type=\"application\/ld+json\" class=\"yoast-schema-graph\">{\"@context\":\"https:\\\/\\\/schema.org\",\"@graph\":[{\"@type\":\"WebPage\",\"@id\":\"https:\\\/\\\/montrealdanse.com\\\/en\\\/people\\\/jean-benoit-labrecque\\\/\",\"url\":\"https:\\\/\\\/montrealdanse.com\\\/en\\\/people\\\/jean-benoit-labrecque\\\/\",\"name\":\"Jean-Benoit Labrecque - Montr\u00e9al Danse\",\"isPartOf\":{\"@id\":\"https:\\\/\\\/montrealdanse.com\\\/#website\"},\"primaryImageOfPage\":{\"@id\":\"https:\\\/\\\/montrealdanse.com\\\/en\\\/people\\\/jean-benoit-labrecque\\\/#primaryimage\"},\"image\":{\"@id\":\"https:\\\/\\\/montrealdanse.com\\\/en\\\/people\\\/jean-benoit-labrecque\\\/#primaryimage\"},\"thumbnailUrl\":\"https:\\\/\\\/montrealdanse.com\\\/wp-content\\\/uploads\\\/2022\\\/11\\\/collaborateur_JeanBenoitLabrecque.jpg\",\"datePublished\":\"2022-11-29T21:26:41+00:00\",\"dateModified\":\"2023-01-17T17:19:44+00:00\",\"breadcrumb\":{\"@id\":\"https:\\\/\\\/montrealdanse.com\\\/en\\\/people\\\/jean-benoit-labrecque\\\/#breadcrumb\"},\"inLanguage\":\"en-US\",\"potentialAction\":[{\"@type\":\"ReadAction\",\"target\":[\"https:\\\/\\\/montrealdanse.com\\\/en\\\/people\\\/jean-benoit-labrecque\\\/\"]}]},{\"@type\":\"ImageObject\",\"inLanguage\":\"en-US\",\"@id\":\"https:\\\/\\\/montrealdanse.com\\\/en\\\/people\\\/jean-benoit-labrecque\\\/#primaryimage\",\"url\":\"https:\\\/\\\/montrealdanse.com\\\/wp-content\\\/uploads\\\/2022\\\/11\\\/collaborateur_JeanBenoitLabrecque.jpg\",\"contentUrl\":\"https:\\\/\\\/montrealdanse.com\\\/wp-content\\\/uploads\\\/2022\\\/11\\\/collaborateur_JeanBenoitLabrecque.jpg\",\"width\":700,\"height\":700},{\"@type\":\"BreadcrumbList\",\"@id\":\"https:\\\/\\\/montrealdanse.com\\\/en\\\/people\\\/jean-benoit-labrecque\\\/#breadcrumb\",\"itemListElement\":[{\"@type\":\"ListItem\",\"position\":1,\"name\":\"Accueil\",\"item\":\"https:\\\/\\\/montrealdanse.com\\\/en\\\/\"},{\"@type\":\"ListItem\",\"position\":2,\"name\":\"Jean-Benoit Labrecque\"}]},{\"@type\":\"WebSite\",\"@id\":\"https:\\\/\\\/montrealdanse.com\\\/#website\",\"url\":\"https:\\\/\\\/montrealdanse.com\\\/\",\"name\":\"Montr\u00e9al Danse\",\"description\":\"Plateforme de d\u00e9veloppement chor\u00e9graphique\",\"publisher\":{\"@id\":\"https:\\\/\\\/montrealdanse.com\\\/#organization\"},\"potentialAction\":[{\"@type\":\"SearchAction\",\"target\":{\"@type\":\"EntryPoint\",\"urlTemplate\":\"https:\\\/\\\/montrealdanse.com\\\/?s={search_term_string}\"},\"query-input\":{\"@type\":\"PropertyValueSpecification\",\"valueRequired\":true,\"valueName\":\"search_term_string\"}}],\"inLanguage\":\"en-US\"},{\"@type\":\"Organization\",\"@id\":\"https:\\\/\\\/montrealdanse.com\\\/#organization\",\"name\":\"Montr\u00e9al Danse\",\"url\":\"https:\\\/\\\/montrealdanse.com\\\/\",\"logo\":{\"@type\":\"ImageObject\",\"inLanguage\":\"en-US\",\"@id\":\"https:\\\/\\\/montrealdanse.com\\\/#\\\/schema\\\/logo\\\/image\\\/\",\"url\":\"https:\\\/\\\/montrealdanse.com\\\/wp-content\\\/uploads\\\/2020\\\/06\\\/MTLdanse-logo-gris.png\",\"contentUrl\":\"https:\\\/\\\/montrealdanse.com\\\/wp-content\\\/uploads\\\/2020\\\/06\\\/MTLdanse-logo-gris.png\",\"width\":550,\"height\":617,\"caption\":\"Montr\u00e9al Danse\"},\"image\":{\"@id\":\"https:\\\/\\\/montrealdanse.com\\\/#\\\/schema\\\/logo\\\/image\\\/\"},\"sameAs\":[\"https:\\\/\\\/www.facebook.com\\\/montrealdanse\\\/\",\"https:\\\/\\\/www.youtube.com\\\/channel\\\/UChK7CVWngZK7unMUi_rALhg\"]}]}<\/script>\n<!-- \/ Yoast SEO plugin. -->","yoast_head_json":{"title":"Jean-Benoit Labrecque - Montr\u00e9al Danse","robots":{"index":"index","follow":"follow","max-snippet":"max-snippet:-1","max-image-preview":"max-image-preview:large","max-video-preview":"max-video-preview:-1"},"canonical":"https:\/\/montrealdanse.com\/en\/people\/jean-benoit-labrecque\/","og_locale":"en_US","og_type":"article","og_title":"Jean-Benoit Labrecque - Montr\u00e9al Danse","og_description":"His initial passion for urban dance, combined with his training in contemporary dance, gives Jean-Benoit Labrecque a great versatility of interpretation sought by creators. Since his graduation from EDCM in 2014, he has collaborated with choreographer Dani\u00e8le Desnoyers on four creations; Anatomie d&#8217;un souffle (2016), UNFOLD |7 perspectives (2019), La for\u00eat mixte (2021), and Faunes [&hellip;]","og_url":"https:\/\/montrealdanse.com\/en\/people\/jean-benoit-labrecque\/","og_site_name":"Montr\u00e9al Danse","article_publisher":"https:\/\/www.facebook.com\/montrealdanse\/","article_modified_time":"2023-01-17T17:19:44+00:00","og_image":[{"width":700,"height":700,"url":"https:\/\/montrealdanse.com\/wp-content\/uploads\/2022\/11\/collaborateur_JeanBenoitLabrecque.jpg","type":"image\/jpeg"}],"twitter_card":"summary_large_image","twitter_misc":{"Est. reading time":"1 minute"},"schema":{"@context":"https:\/\/schema.org","@graph":[{"@type":"WebPage","@id":"https:\/\/montrealdanse.com\/en\/people\/jean-benoit-labrecque\/","url":"https:\/\/montrealdanse.com\/en\/people\/jean-benoit-labrecque\/","name":"Jean-Benoit Labrecque - Montr\u00e9al Danse","isPartOf":{"@id":"https:\/\/montrealdanse.com\/#website"},"primaryImageOfPage":{"@id":"https:\/\/montrealdanse.com\/en\/people\/jean-benoit-labrecque\/#primaryimage"},"image":{"@id":"https:\/\/montrealdanse.com\/en\/people\/jean-benoit-labrecque\/#primaryimage"},"thumbnailUrl":"https:\/\/montrealdanse.com\/wp-content\/uploads\/2022\/11\/collaborateur_JeanBenoitLabrecque.jpg","datePublished":"2022-11-29T21:26:41+00:00","dateModified":"2023-01-17T17:19:44+00:00","breadcrumb":{"@id":"https:\/\/montrealdanse.com\/en\/people\/jean-benoit-labrecque\/#breadcrumb"},"inLanguage":"en-US","potentialAction":[{"@type":"ReadAction","target":["https:\/\/montrealdanse.com\/en\/people\/jean-benoit-labrecque\/"]}]},{"@type":"ImageObject","inLanguage":"en-US","@id":"https:\/\/montrealdanse.com\/en\/people\/jean-benoit-labrecque\/#primaryimage","url":"https:\/\/montrealdanse.com\/wp-content\/uploads\/2022\/11\/collaborateur_JeanBenoitLabrecque.jpg","contentUrl":"https:\/\/montrealdanse.com\/wp-content\/uploads\/2022\/11\/collaborateur_JeanBenoitLabrecque.jpg","width":700,"height":700},{"@type":"BreadcrumbList","@id":"https:\/\/montrealdanse.com\/en\/people\/jean-benoit-labrecque\/#breadcrumb","itemListElement":[{"@type":"ListItem","position":1,"name":"Accueil","item":"https:\/\/montrealdanse.com\/en\/"},{"@type":"ListItem","position":2,"name":"Jean-Benoit Labrecque"}]},{"@type":"WebSite","@id":"https:\/\/montrealdanse.com\/#website","url":"https:\/\/montrealdanse.com\/","name":"Montr\u00e9al Danse","description":"Plateforme de d\u00e9veloppement chor\u00e9graphique","publisher":{"@id":"https:\/\/montrealdanse.com\/#organization"},"potentialAction":[{"@type":"SearchAction","target":{"@type":"EntryPoint","urlTemplate":"https:\/\/montrealdanse.com\/?s={search_term_string}"},"query-input":{"@type":"PropertyValueSpecification","valueRequired":true,"valueName":"search_term_string"}}],"inLanguage":"en-US"},{"@type":"Organization","@id":"https:\/\/montrealdanse.com\/#organization","name":"Montr\u00e9al Danse","url":"https:\/\/montrealdanse.com\/","logo":{"@type":"ImageObject","inLanguage":"en-US","@id":"https:\/\/montrealdanse.com\/#\/schema\/logo\/image\/","url":"https:\/\/montrealdanse.com\/wp-content\/uploads\/2020\/06\/MTLdanse-logo-gris.png","contentUrl":"https:\/\/montrealdanse.com\/wp-content\/uploads\/2020\/06\/MTLdanse-logo-gris.png","width":550,"height":617,"caption":"Montr\u00e9al Danse"},"image":{"@id":"https:\/\/montrealdanse.com\/#\/schema\/logo\/image\/"},"sameAs":["https:\/\/www.facebook.com\/montrealdanse\/","https:\/\/www.youtube.com\/channel\/UChK7CVWngZK7unMUi_rALhg"]}]}},"_links":{"self":[{"href":"https:\/\/montrealdanse.com\/en\/wp-json\/wp\/v2\/collaborateurs\/4337","targetHints":{"allow":["GET"]}}],"collection":[{"href":"https:\/\/montrealdanse.com\/en\/wp-json\/wp\/v2\/collaborateurs"}],"about":[{"href":"https:\/\/montrealdanse.com\/en\/wp-json\/wp\/v2\/types\/collaborateurs"}],"author":[{"embeddable":true,"href":"https:\/\/montrealdanse.com\/en\/wp-json\/wp\/v2\/users\/2"}],"version-history":[{"count":1,"href":"https:\/\/montrealdanse.com\/en\/wp-json\/wp\/v2\/collaborateurs\/4337\/revisions"}],"predecessor-version":[{"id":4338,"href":"https:\/\/montrealdanse.com\/en\/wp-json\/wp\/v2\/collaborateurs\/4337\/revisions\/4338"}],"wp:featuredmedia":[{"embeddable":true,"href":"https:\/\/montrealdanse.com\/en\/wp-json\/wp\/v2\/media\/4803"}],"wp:attachment":[{"href":"https:\/\/montrealdanse.com\/en\/wp-json\/wp\/v2\/media?parent=4337"}],"wp:term":[{"taxonomy":"categories_collaborateurs","embeddable":true,"href":"https:\/\/montrealdanse.com\/en\/wp-json\/wp\/v2\/categories_collaborateurs?post=4337"}],"curies":[{"name":"wp","href":"https:\/\/api.w.org\/{rel}","templated":true}]}}