{"id":2777,"date":"2020-10-28T16:10:14","date_gmt":"2020-10-28T16:10:14","guid":{"rendered":"https:\/\/montrealdanse.com\/?post_type=collaborateurs&#038;p=2777"},"modified":"2024-11-04T19:30:52","modified_gmt":"2024-11-04T19:30:52","slug":"rachel-harris","status":"publish","type":"collaborateurs","link":"https:\/\/montrealdanse.com\/en\/people\/rachel-harris\/","title":{"rendered":"Rachel Harris"},"content":{"rendered":"<p>Native from Vancouver, Rachel Harris moved to Montreal in 1990 and continued her training at L\u2019\u00c9cole de danse contemporaine de Montr\u00e9al. Following her training, she joined Danse Partout in Quebec and co-founded Amorce Danse Th\u00e9\u00e2tre. She collaborates, throughout her career, with the choreographers Blanca Arrieta, Marie B\u00e9land, Martin B\u00e9langer, Sarah Bild, Sarah Chase, Estelle Clareton, Margie Gillis, Anne-Marie Giroux, Benjamin Hatcher, Avi Kaiser, Beno\u00eet Lachambre, Caroline Laurin-Beaucage, Helge Letonja, Jean-S\u00e9bastien Lourdais, Jean-Pierre Mondor, Jos\u00e9 Navas, Aur\u00e9lie P\u00e9dron, Jean-Pierre Perreault, George Stamos, Mariko Tanabe and Paula de Vasconcelos. She created in 2002-2003<em> The Coyote Project<\/em>, a work for four performers, in close cooperation with the Nlaka&#8217;pamux community of British Columbia. Since 2011, she has been teaching for women in shelters as part of the Dance Against Violence program.<\/p>\n","protected":false},"excerpt":{"rendered":"<p>Native from Vancouver, Rachel Harris moved to Montreal in 1990 and continued her training at L\u2019\u00c9cole de danse contemporaine de Montr\u00e9al. Following her training, she joined Danse Partout in Quebec and co-founded Amorce Danse Th\u00e9\u00e2tre. She collaborates, throughout her career, with the choreographers Blanca Arrieta, Marie B\u00e9land, Martin B\u00e9langer, Sarah Bild, Sarah Chase, Estelle Clareton, [&hellip;]<\/p>\n","protected":false},"author":1,"featured_media":2411,"menu_order":0,"template":"","meta":{"_acf_changed":false,"site-sidebar-layout":"default","site-content-layout":"default","ast-site-content-layout":"default","site-content-style":"default","site-sidebar-style":"default","ast-global-header-display":"","ast-banner-title-visibility":"","ast-main-header-display":"","ast-hfb-above-header-display":"","ast-hfb-below-header-display":"","ast-hfb-mobile-header-display":"","site-post-title":"","ast-breadcrumbs-content":"","ast-featured-img":"","footer-sml-layout":"","ast-disable-related-posts":"","theme-transparent-header-meta":"default","adv-header-id-meta":"","stick-header-meta":"","header-above-stick-meta":"","header-main-stick-meta":"","header-below-stick-meta":"","astra-migrate-meta-layouts":"set","ast-page-background-enabled":"default","ast-page-background-meta":{"desktop":{"background-color":"","background-image":"","background-repeat":"repeat","background-position":"center center","background-size":"auto","background-attachment":"scroll","background-type":"","background-media":"","overlay-type":"","overlay-color":"","overlay-opacity":"","overlay-gradient":""},"tablet":{"background-color":"","background-image":"","background-repeat":"repeat","background-position":"center center","background-size":"auto","background-attachment":"scroll","background-type":"","background-media":"","overlay-type":"","overlay-color":"","overlay-opacity":"","overlay-gradient":""},"mobile":{"background-color":"","background-image":"","background-repeat":"repeat","background-position":"center center","background-size":"auto","background-attachment":"scroll","background-type":"","background-media":"","overlay-type":"","overlay-color":"","overlay-opacity":"","overlay-gradient":""}},"ast-content-background-meta":{"desktop":{"background-color":"var(--ast-global-color-5)","background-image":"","background-repeat":"repeat","background-position":"center center","background-size":"auto","background-attachment":"scroll","background-type":"","background-media":"","overlay-type":"","overlay-color":"","overlay-opacity":"","overlay-gradient":""},"tablet":{"background-color":"var(--ast-global-color-5)","background-image":"","background-repeat":"repeat","background-position":"center center","background-size":"auto","background-attachment":"scroll","background-type":"","background-media":"","overlay-type":"","overlay-color":"","overlay-opacity":"","overlay-gradient":""},"mobile":{"background-color":"var(--ast-global-color-5)","background-image":"","background-repeat":"repeat","background-position":"center center","background-size":"auto","background-attachment":"scroll","background-type":"","background-media":"","overlay-type":"","overlay-color":"","overlay-opacity":"","overlay-gradient":""}},"footnotes":""},"categories_collaborateurs":[47],"class_list":["post-2777","collaborateurs","type-collaborateurs","status-publish","has-post-thumbnail","hentry","categories_collaborateurs-collaborator"],"acf":[],"yoast_head":"<!-- This site is optimized with the Yoast SEO plugin v27.5 - https:\/\/yoast.com\/product\/yoast-seo-wordpress\/ -->\n<title>Rachel Harris - Montr\u00e9al Danse<\/title>\n<meta name=\"robots\" content=\"index, follow, max-snippet:-1, max-image-preview:large, max-video-preview:-1\" \/>\n<link rel=\"canonical\" href=\"https:\/\/montrealdanse.com\/en\/people\/rachel-harris\/\" \/>\n<meta property=\"og:locale\" content=\"en_US\" \/>\n<meta property=\"og:type\" content=\"article\" \/>\n<meta property=\"og:title\" content=\"Rachel Harris - Montr\u00e9al Danse\" \/>\n<meta property=\"og:description\" content=\"Native from Vancouver, Rachel Harris moved to Montreal in 1990 and continued her training at L\u2019\u00c9cole de danse contemporaine de Montr\u00e9al. Following her training, she joined Danse Partout in Quebec and co-founded Amorce Danse Th\u00e9\u00e2tre. She collaborates, throughout her career, with the choreographers Blanca Arrieta, Marie B\u00e9land, Martin B\u00e9langer, Sarah Bild, Sarah Chase, Estelle Clareton, [&hellip;]\" \/>\n<meta property=\"og:url\" content=\"https:\/\/montrealdanse.com\/en\/people\/rachel-harris\/\" \/>\n<meta property=\"og:site_name\" content=\"Montr\u00e9al Danse\" \/>\n<meta property=\"article:publisher\" content=\"https:\/\/www.facebook.com\/montrealdanse\/\" \/>\n<meta property=\"article:modified_time\" content=\"2024-11-04T19:30:52+00:00\" \/>\n<meta property=\"og:image\" content=\"https:\/\/montrealdanse.com\/wp-content\/uploads\/2020\/10\/collaborateur-Rachel_Harris.jpg\" \/>\n\t<meta property=\"og:image:width\" content=\"700\" \/>\n\t<meta property=\"og:image:height\" content=\"700\" \/>\n\t<meta property=\"og:image:type\" content=\"image\/jpeg\" \/>\n<meta name=\"twitter:card\" content=\"summary_large_image\" \/>\n<meta name=\"twitter:label1\" content=\"Est. reading time\" \/>\n\t<meta name=\"twitter:data1\" content=\"1 minute\" \/>\n<script type=\"application\/ld+json\" class=\"yoast-schema-graph\">{\"@context\":\"https:\\\/\\\/schema.org\",\"@graph\":[{\"@type\":\"WebPage\",\"@id\":\"https:\\\/\\\/montrealdanse.com\\\/en\\\/people\\\/rachel-harris\\\/\",\"url\":\"https:\\\/\\\/montrealdanse.com\\\/en\\\/people\\\/rachel-harris\\\/\",\"name\":\"Rachel Harris - Montr\u00e9al Danse\",\"isPartOf\":{\"@id\":\"https:\\\/\\\/montrealdanse.com\\\/#website\"},\"primaryImageOfPage\":{\"@id\":\"https:\\\/\\\/montrealdanse.com\\\/en\\\/people\\\/rachel-harris\\\/#primaryimage\"},\"image\":{\"@id\":\"https:\\\/\\\/montrealdanse.com\\\/en\\\/people\\\/rachel-harris\\\/#primaryimage\"},\"thumbnailUrl\":\"https:\\\/\\\/montrealdanse.com\\\/wp-content\\\/uploads\\\/2020\\\/10\\\/collaborateur-Rachel_Harris.jpg\",\"datePublished\":\"2020-10-28T16:10:14+00:00\",\"dateModified\":\"2024-11-04T19:30:52+00:00\",\"breadcrumb\":{\"@id\":\"https:\\\/\\\/montrealdanse.com\\\/en\\\/people\\\/rachel-harris\\\/#breadcrumb\"},\"inLanguage\":\"en-US\",\"potentialAction\":[{\"@type\":\"ReadAction\",\"target\":[\"https:\\\/\\\/montrealdanse.com\\\/en\\\/people\\\/rachel-harris\\\/\"]}]},{\"@type\":\"ImageObject\",\"inLanguage\":\"en-US\",\"@id\":\"https:\\\/\\\/montrealdanse.com\\\/en\\\/people\\\/rachel-harris\\\/#primaryimage\",\"url\":\"https:\\\/\\\/montrealdanse.com\\\/wp-content\\\/uploads\\\/2020\\\/10\\\/collaborateur-Rachel_Harris.jpg\",\"contentUrl\":\"https:\\\/\\\/montrealdanse.com\\\/wp-content\\\/uploads\\\/2020\\\/10\\\/collaborateur-Rachel_Harris.jpg\",\"width\":700,\"height\":700},{\"@type\":\"BreadcrumbList\",\"@id\":\"https:\\\/\\\/montrealdanse.com\\\/en\\\/people\\\/rachel-harris\\\/#breadcrumb\",\"itemListElement\":[{\"@type\":\"ListItem\",\"position\":1,\"name\":\"Accueil\",\"item\":\"https:\\\/\\\/montrealdanse.com\\\/en\\\/\"},{\"@type\":\"ListItem\",\"position\":2,\"name\":\"Rachel Harris\"}]},{\"@type\":\"WebSite\",\"@id\":\"https:\\\/\\\/montrealdanse.com\\\/#website\",\"url\":\"https:\\\/\\\/montrealdanse.com\\\/\",\"name\":\"Montr\u00e9al Danse\",\"description\":\"Plateforme de d\u00e9veloppement chor\u00e9graphique\",\"publisher\":{\"@id\":\"https:\\\/\\\/montrealdanse.com\\\/#organization\"},\"potentialAction\":[{\"@type\":\"SearchAction\",\"target\":{\"@type\":\"EntryPoint\",\"urlTemplate\":\"https:\\\/\\\/montrealdanse.com\\\/?s={search_term_string}\"},\"query-input\":{\"@type\":\"PropertyValueSpecification\",\"valueRequired\":true,\"valueName\":\"search_term_string\"}}],\"inLanguage\":\"en-US\"},{\"@type\":\"Organization\",\"@id\":\"https:\\\/\\\/montrealdanse.com\\\/#organization\",\"name\":\"Montr\u00e9al Danse\",\"url\":\"https:\\\/\\\/montrealdanse.com\\\/\",\"logo\":{\"@type\":\"ImageObject\",\"inLanguage\":\"en-US\",\"@id\":\"https:\\\/\\\/montrealdanse.com\\\/#\\\/schema\\\/logo\\\/image\\\/\",\"url\":\"https:\\\/\\\/montrealdanse.com\\\/wp-content\\\/uploads\\\/2020\\\/06\\\/MTLdanse-logo-gris.png\",\"contentUrl\":\"https:\\\/\\\/montrealdanse.com\\\/wp-content\\\/uploads\\\/2020\\\/06\\\/MTLdanse-logo-gris.png\",\"width\":550,\"height\":617,\"caption\":\"Montr\u00e9al Danse\"},\"image\":{\"@id\":\"https:\\\/\\\/montrealdanse.com\\\/#\\\/schema\\\/logo\\\/image\\\/\"},\"sameAs\":[\"https:\\\/\\\/www.facebook.com\\\/montrealdanse\\\/\",\"https:\\\/\\\/www.youtube.com\\\/channel\\\/UChK7CVWngZK7unMUi_rALhg\"]}]}<\/script>\n<!-- \/ Yoast SEO plugin. -->","yoast_head_json":{"title":"Rachel Harris - Montr\u00e9al Danse","robots":{"index":"index","follow":"follow","max-snippet":"max-snippet:-1","max-image-preview":"max-image-preview:large","max-video-preview":"max-video-preview:-1"},"canonical":"https:\/\/montrealdanse.com\/en\/people\/rachel-harris\/","og_locale":"en_US","og_type":"article","og_title":"Rachel Harris - Montr\u00e9al Danse","og_description":"Native from Vancouver, Rachel Harris moved to Montreal in 1990 and continued her training at L\u2019\u00c9cole de danse contemporaine de Montr\u00e9al. Following her training, she joined Danse Partout in Quebec and co-founded Amorce Danse Th\u00e9\u00e2tre. She collaborates, throughout her career, with the choreographers Blanca Arrieta, Marie B\u00e9land, Martin B\u00e9langer, Sarah Bild, Sarah Chase, Estelle Clareton, [&hellip;]","og_url":"https:\/\/montrealdanse.com\/en\/people\/rachel-harris\/","og_site_name":"Montr\u00e9al Danse","article_publisher":"https:\/\/www.facebook.com\/montrealdanse\/","article_modified_time":"2024-11-04T19:30:52+00:00","og_image":[{"width":700,"height":700,"url":"https:\/\/montrealdanse.com\/wp-content\/uploads\/2020\/10\/collaborateur-Rachel_Harris.jpg","type":"image\/jpeg"}],"twitter_card":"summary_large_image","twitter_misc":{"Est. reading time":"1 minute"},"schema":{"@context":"https:\/\/schema.org","@graph":[{"@type":"WebPage","@id":"https:\/\/montrealdanse.com\/en\/people\/rachel-harris\/","url":"https:\/\/montrealdanse.com\/en\/people\/rachel-harris\/","name":"Rachel Harris - Montr\u00e9al Danse","isPartOf":{"@id":"https:\/\/montrealdanse.com\/#website"},"primaryImageOfPage":{"@id":"https:\/\/montrealdanse.com\/en\/people\/rachel-harris\/#primaryimage"},"image":{"@id":"https:\/\/montrealdanse.com\/en\/people\/rachel-harris\/#primaryimage"},"thumbnailUrl":"https:\/\/montrealdanse.com\/wp-content\/uploads\/2020\/10\/collaborateur-Rachel_Harris.jpg","datePublished":"2020-10-28T16:10:14+00:00","dateModified":"2024-11-04T19:30:52+00:00","breadcrumb":{"@id":"https:\/\/montrealdanse.com\/en\/people\/rachel-harris\/#breadcrumb"},"inLanguage":"en-US","potentialAction":[{"@type":"ReadAction","target":["https:\/\/montrealdanse.com\/en\/people\/rachel-harris\/"]}]},{"@type":"ImageObject","inLanguage":"en-US","@id":"https:\/\/montrealdanse.com\/en\/people\/rachel-harris\/#primaryimage","url":"https:\/\/montrealdanse.com\/wp-content\/uploads\/2020\/10\/collaborateur-Rachel_Harris.jpg","contentUrl":"https:\/\/montrealdanse.com\/wp-content\/uploads\/2020\/10\/collaborateur-Rachel_Harris.jpg","width":700,"height":700},{"@type":"BreadcrumbList","@id":"https:\/\/montrealdanse.com\/en\/people\/rachel-harris\/#breadcrumb","itemListElement":[{"@type":"ListItem","position":1,"name":"Accueil","item":"https:\/\/montrealdanse.com\/en\/"},{"@type":"ListItem","position":2,"name":"Rachel Harris"}]},{"@type":"WebSite","@id":"https:\/\/montrealdanse.com\/#website","url":"https:\/\/montrealdanse.com\/","name":"Montr\u00e9al Danse","description":"Plateforme de d\u00e9veloppement chor\u00e9graphique","publisher":{"@id":"https:\/\/montrealdanse.com\/#organization"},"potentialAction":[{"@type":"SearchAction","target":{"@type":"EntryPoint","urlTemplate":"https:\/\/montrealdanse.com\/?s={search_term_string}"},"query-input":{"@type":"PropertyValueSpecification","valueRequired":true,"valueName":"search_term_string"}}],"inLanguage":"en-US"},{"@type":"Organization","@id":"https:\/\/montrealdanse.com\/#organization","name":"Montr\u00e9al Danse","url":"https:\/\/montrealdanse.com\/","logo":{"@type":"ImageObject","inLanguage":"en-US","@id":"https:\/\/montrealdanse.com\/#\/schema\/logo\/image\/","url":"https:\/\/montrealdanse.com\/wp-content\/uploads\/2020\/06\/MTLdanse-logo-gris.png","contentUrl":"https:\/\/montrealdanse.com\/wp-content\/uploads\/2020\/06\/MTLdanse-logo-gris.png","width":550,"height":617,"caption":"Montr\u00e9al Danse"},"image":{"@id":"https:\/\/montrealdanse.com\/#\/schema\/logo\/image\/"},"sameAs":["https:\/\/www.facebook.com\/montrealdanse\/","https:\/\/www.youtube.com\/channel\/UChK7CVWngZK7unMUi_rALhg"]}]}},"_links":{"self":[{"href":"https:\/\/montrealdanse.com\/en\/wp-json\/wp\/v2\/collaborateurs\/2777","targetHints":{"allow":["GET"]}}],"collection":[{"href":"https:\/\/montrealdanse.com\/en\/wp-json\/wp\/v2\/collaborateurs"}],"about":[{"href":"https:\/\/montrealdanse.com\/en\/wp-json\/wp\/v2\/types\/collaborateurs"}],"author":[{"embeddable":true,"href":"https:\/\/montrealdanse.com\/en\/wp-json\/wp\/v2\/users\/1"}],"version-history":[{"count":2,"href":"https:\/\/montrealdanse.com\/en\/wp-json\/wp\/v2\/collaborateurs\/2777\/revisions"}],"predecessor-version":[{"id":7385,"href":"https:\/\/montrealdanse.com\/en\/wp-json\/wp\/v2\/collaborateurs\/2777\/revisions\/7385"}],"wp:featuredmedia":[{"embeddable":true,"href":"https:\/\/montrealdanse.com\/en\/wp-json\/wp\/v2\/media\/2411"}],"wp:attachment":[{"href":"https:\/\/montrealdanse.com\/en\/wp-json\/wp\/v2\/media?parent=2777"}],"wp:term":[{"taxonomy":"categories_collaborateurs","embeddable":true,"href":"https:\/\/montrealdanse.com\/en\/wp-json\/wp\/v2\/categories_collaborateurs?post=2777"}],"curies":[{"name":"wp","href":"https:\/\/api.w.org\/{rel}","templated":true}]}}