{"id":2754,"date":"2020-12-03T19:45:01","date_gmt":"2020-12-03T19:45:01","guid":{"rendered":"https:\/\/montrealdanse.com\/?post_type=collaborateurs&#038;p=2754"},"modified":"2024-11-04T19:03:49","modified_gmt":"2024-11-04T19:03:49","slug":"elinor-fueter","status":"publish","type":"collaborateurs","link":"https:\/\/montrealdanse.com\/en\/people\/elinor-fueter\/","title":{"rendered":"Elinor Fueter"},"content":{"rendered":"<p>A 1998 graduate of Les Ateliers de danse moderne de Montr\u00e9al, Elinor Fueter has participated in multiple dance, street theater, film and improvisation projects. She has performed the works of numerous choreographers and has been a member of the Montr\u00e9al Danse team since 2005. Elinor joined Dance Against Violence and has taught since the beginning of the project in Montreal. Her sensitivity, commitment and ability to use her experience to help others is a remarkable source of inspiration for the entire team.<\/p>\n<p>&#8220;Moving and dancing in a group is what I love. Sharing and meeting the movements and vibrations that we emit and that allow us to communicate is what interests me. Listening, awareness and being attentive to the sensations of the body are, for me, essential notions of human well-being.<\/p>\n<p>Taking care and being in the present moment are fundamental elements that I wish to bring to life through the Dance Against Violence workshops. The exchange with the women is rich and brings me back to my own perception of movement and my approach to dance. It is an intimate sharing that reminds me of the power of intention and imagination, the power and importance of both individual and collective experiences. I believe that together we discover the paths to peace and healing.<\/p>\n<p>Slowing down, taking the time to listen, is what I wish for women. The daily practice of free expression and abstract movement has many virtues; when combined with imagination, I believe it contributes to a healthy society!&#8221;<\/p>\n","protected":false},"excerpt":{"rendered":"<p>A 1998 graduate of Les Ateliers de danse moderne de Montr\u00e9al, Elinor Fueter has participated in multiple dance, street theater, film and improvisation projects. She has performed the works of numerous choreographers and has been a member of the Montr\u00e9al Danse team since 2005. Elinor joined Dance Against Violence and has taught since the beginning [&hellip;]<\/p>\n","protected":false},"author":1,"featured_media":2433,"menu_order":0,"template":"","meta":{"_acf_changed":false,"site-sidebar-layout":"default","site-content-layout":"default","ast-site-content-layout":"default","site-content-style":"default","site-sidebar-style":"default","ast-global-header-display":"","ast-banner-title-visibility":"","ast-main-header-display":"","ast-hfb-above-header-display":"","ast-hfb-below-header-display":"","ast-hfb-mobile-header-display":"","site-post-title":"","ast-breadcrumbs-content":"","ast-featured-img":"","footer-sml-layout":"","ast-disable-related-posts":"","theme-transparent-header-meta":"default","adv-header-id-meta":"","stick-header-meta":"","header-above-stick-meta":"","header-main-stick-meta":"","header-below-stick-meta":"","astra-migrate-meta-layouts":"set","ast-page-background-enabled":"default","ast-page-background-meta":{"desktop":{"background-color":"","background-image":"","background-repeat":"repeat","background-position":"center center","background-size":"auto","background-attachment":"scroll","background-type":"","background-media":"","overlay-type":"","overlay-color":"","overlay-opacity":"","overlay-gradient":""},"tablet":{"background-color":"","background-image":"","background-repeat":"repeat","background-position":"center center","background-size":"auto","background-attachment":"scroll","background-type":"","background-media":"","overlay-type":"","overlay-color":"","overlay-opacity":"","overlay-gradient":""},"mobile":{"background-color":"","background-image":"","background-repeat":"repeat","background-position":"center center","background-size":"auto","background-attachment":"scroll","background-type":"","background-media":"","overlay-type":"","overlay-color":"","overlay-opacity":"","overlay-gradient":""}},"ast-content-background-meta":{"desktop":{"background-color":"var(--ast-global-color-5)","background-image":"","background-repeat":"repeat","background-position":"center center","background-size":"auto","background-attachment":"scroll","background-type":"","background-media":"","overlay-type":"","overlay-color":"","overlay-opacity":"","overlay-gradient":""},"tablet":{"background-color":"var(--ast-global-color-5)","background-image":"","background-repeat":"repeat","background-position":"center center","background-size":"auto","background-attachment":"scroll","background-type":"","background-media":"","overlay-type":"","overlay-color":"","overlay-opacity":"","overlay-gradient":""},"mobile":{"background-color":"var(--ast-global-color-5)","background-image":"","background-repeat":"repeat","background-position":"center center","background-size":"auto","background-attachment":"scroll","background-type":"","background-media":"","overlay-type":"","overlay-color":"","overlay-opacity":"","overlay-gradient":""}},"footnotes":""},"categories_collaborateurs":[47],"class_list":["post-2754","collaborateurs","type-collaborateurs","status-publish","has-post-thumbnail","hentry","categories_collaborateurs-collaborator"],"acf":[],"yoast_head":"<!-- This site is optimized with the Yoast SEO plugin v27.5 - https:\/\/yoast.com\/product\/yoast-seo-wordpress\/ -->\n<title>Elinor Fueter - Montr\u00e9al Danse<\/title>\n<meta name=\"robots\" content=\"index, follow, max-snippet:-1, max-image-preview:large, max-video-preview:-1\" \/>\n<link rel=\"canonical\" href=\"https:\/\/montrealdanse.com\/en\/people\/elinor-fueter\/\" \/>\n<meta property=\"og:locale\" content=\"en_US\" \/>\n<meta property=\"og:type\" content=\"article\" \/>\n<meta property=\"og:title\" content=\"Elinor Fueter - Montr\u00e9al Danse\" \/>\n<meta property=\"og:description\" content=\"A 1998 graduate of Les Ateliers de danse moderne de Montr\u00e9al, Elinor Fueter has participated in multiple dance, street theater, film and improvisation projects. She has performed the works of numerous choreographers and has been a member of the Montr\u00e9al Danse team since 2005. Elinor joined Dance Against Violence and has taught since the beginning [&hellip;]\" \/>\n<meta property=\"og:url\" content=\"https:\/\/montrealdanse.com\/en\/people\/elinor-fueter\/\" \/>\n<meta property=\"og:site_name\" content=\"Montr\u00e9al Danse\" \/>\n<meta property=\"article:publisher\" content=\"https:\/\/www.facebook.com\/montrealdanse\/\" \/>\n<meta property=\"article:modified_time\" content=\"2024-11-04T19:03:49+00:00\" \/>\n<meta property=\"og:image\" content=\"https:\/\/montrealdanse.com\/wp-content\/uploads\/2020\/12\/dcv-Elinor-Fueter.jpg\" \/>\n\t<meta property=\"og:image:width\" content=\"700\" \/>\n\t<meta property=\"og:image:height\" content=\"700\" \/>\n\t<meta property=\"og:image:type\" content=\"image\/jpeg\" \/>\n<meta name=\"twitter:card\" content=\"summary_large_image\" \/>\n<meta name=\"twitter:label1\" content=\"Est. reading time\" \/>\n\t<meta name=\"twitter:data1\" content=\"2 minutes\" \/>\n<script type=\"application\/ld+json\" class=\"yoast-schema-graph\">{\"@context\":\"https:\\\/\\\/schema.org\",\"@graph\":[{\"@type\":\"WebPage\",\"@id\":\"https:\\\/\\\/montrealdanse.com\\\/en\\\/people\\\/elinor-fueter\\\/\",\"url\":\"https:\\\/\\\/montrealdanse.com\\\/en\\\/people\\\/elinor-fueter\\\/\",\"name\":\"Elinor Fueter - Montr\u00e9al Danse\",\"isPartOf\":{\"@id\":\"https:\\\/\\\/montrealdanse.com\\\/#website\"},\"primaryImageOfPage\":{\"@id\":\"https:\\\/\\\/montrealdanse.com\\\/en\\\/people\\\/elinor-fueter\\\/#primaryimage\"},\"image\":{\"@id\":\"https:\\\/\\\/montrealdanse.com\\\/en\\\/people\\\/elinor-fueter\\\/#primaryimage\"},\"thumbnailUrl\":\"https:\\\/\\\/montrealdanse.com\\\/wp-content\\\/uploads\\\/2020\\\/12\\\/dcv-Elinor-Fueter.jpg\",\"datePublished\":\"2020-12-03T19:45:01+00:00\",\"dateModified\":\"2024-11-04T19:03:49+00:00\",\"breadcrumb\":{\"@id\":\"https:\\\/\\\/montrealdanse.com\\\/en\\\/people\\\/elinor-fueter\\\/#breadcrumb\"},\"inLanguage\":\"en-US\",\"potentialAction\":[{\"@type\":\"ReadAction\",\"target\":[\"https:\\\/\\\/montrealdanse.com\\\/en\\\/people\\\/elinor-fueter\\\/\"]}]},{\"@type\":\"ImageObject\",\"inLanguage\":\"en-US\",\"@id\":\"https:\\\/\\\/montrealdanse.com\\\/en\\\/people\\\/elinor-fueter\\\/#primaryimage\",\"url\":\"https:\\\/\\\/montrealdanse.com\\\/wp-content\\\/uploads\\\/2020\\\/12\\\/dcv-Elinor-Fueter.jpg\",\"contentUrl\":\"https:\\\/\\\/montrealdanse.com\\\/wp-content\\\/uploads\\\/2020\\\/12\\\/dcv-Elinor-Fueter.jpg\",\"width\":700,\"height\":700,\"caption\":\"credit_Patrick Lamothe\"},{\"@type\":\"BreadcrumbList\",\"@id\":\"https:\\\/\\\/montrealdanse.com\\\/en\\\/people\\\/elinor-fueter\\\/#breadcrumb\",\"itemListElement\":[{\"@type\":\"ListItem\",\"position\":1,\"name\":\"Accueil\",\"item\":\"https:\\\/\\\/montrealdanse.com\\\/en\\\/\"},{\"@type\":\"ListItem\",\"position\":2,\"name\":\"Elinor Fueter\"}]},{\"@type\":\"WebSite\",\"@id\":\"https:\\\/\\\/montrealdanse.com\\\/#website\",\"url\":\"https:\\\/\\\/montrealdanse.com\\\/\",\"name\":\"Montr\u00e9al Danse\",\"description\":\"Plateforme de d\u00e9veloppement chor\u00e9graphique\",\"publisher\":{\"@id\":\"https:\\\/\\\/montrealdanse.com\\\/#organization\"},\"potentialAction\":[{\"@type\":\"SearchAction\",\"target\":{\"@type\":\"EntryPoint\",\"urlTemplate\":\"https:\\\/\\\/montrealdanse.com\\\/?s={search_term_string}\"},\"query-input\":{\"@type\":\"PropertyValueSpecification\",\"valueRequired\":true,\"valueName\":\"search_term_string\"}}],\"inLanguage\":\"en-US\"},{\"@type\":\"Organization\",\"@id\":\"https:\\\/\\\/montrealdanse.com\\\/#organization\",\"name\":\"Montr\u00e9al Danse\",\"url\":\"https:\\\/\\\/montrealdanse.com\\\/\",\"logo\":{\"@type\":\"ImageObject\",\"inLanguage\":\"en-US\",\"@id\":\"https:\\\/\\\/montrealdanse.com\\\/#\\\/schema\\\/logo\\\/image\\\/\",\"url\":\"https:\\\/\\\/montrealdanse.com\\\/wp-content\\\/uploads\\\/2020\\\/06\\\/MTLdanse-logo-gris.png\",\"contentUrl\":\"https:\\\/\\\/montrealdanse.com\\\/wp-content\\\/uploads\\\/2020\\\/06\\\/MTLdanse-logo-gris.png\",\"width\":550,\"height\":617,\"caption\":\"Montr\u00e9al Danse\"},\"image\":{\"@id\":\"https:\\\/\\\/montrealdanse.com\\\/#\\\/schema\\\/logo\\\/image\\\/\"},\"sameAs\":[\"https:\\\/\\\/www.facebook.com\\\/montrealdanse\\\/\",\"https:\\\/\\\/www.youtube.com\\\/channel\\\/UChK7CVWngZK7unMUi_rALhg\"]}]}<\/script>\n<!-- \/ Yoast SEO plugin. -->","yoast_head_json":{"title":"Elinor Fueter - Montr\u00e9al Danse","robots":{"index":"index","follow":"follow","max-snippet":"max-snippet:-1","max-image-preview":"max-image-preview:large","max-video-preview":"max-video-preview:-1"},"canonical":"https:\/\/montrealdanse.com\/en\/people\/elinor-fueter\/","og_locale":"en_US","og_type":"article","og_title":"Elinor Fueter - Montr\u00e9al Danse","og_description":"A 1998 graduate of Les Ateliers de danse moderne de Montr\u00e9al, Elinor Fueter has participated in multiple dance, street theater, film and improvisation projects. She has performed the works of numerous choreographers and has been a member of the Montr\u00e9al Danse team since 2005. Elinor joined Dance Against Violence and has taught since the beginning [&hellip;]","og_url":"https:\/\/montrealdanse.com\/en\/people\/elinor-fueter\/","og_site_name":"Montr\u00e9al Danse","article_publisher":"https:\/\/www.facebook.com\/montrealdanse\/","article_modified_time":"2024-11-04T19:03:49+00:00","og_image":[{"width":700,"height":700,"url":"https:\/\/montrealdanse.com\/wp-content\/uploads\/2020\/12\/dcv-Elinor-Fueter.jpg","type":"image\/jpeg"}],"twitter_card":"summary_large_image","twitter_misc":{"Est. reading time":"2 minutes"},"schema":{"@context":"https:\/\/schema.org","@graph":[{"@type":"WebPage","@id":"https:\/\/montrealdanse.com\/en\/people\/elinor-fueter\/","url":"https:\/\/montrealdanse.com\/en\/people\/elinor-fueter\/","name":"Elinor Fueter - Montr\u00e9al Danse","isPartOf":{"@id":"https:\/\/montrealdanse.com\/#website"},"primaryImageOfPage":{"@id":"https:\/\/montrealdanse.com\/en\/people\/elinor-fueter\/#primaryimage"},"image":{"@id":"https:\/\/montrealdanse.com\/en\/people\/elinor-fueter\/#primaryimage"},"thumbnailUrl":"https:\/\/montrealdanse.com\/wp-content\/uploads\/2020\/12\/dcv-Elinor-Fueter.jpg","datePublished":"2020-12-03T19:45:01+00:00","dateModified":"2024-11-04T19:03:49+00:00","breadcrumb":{"@id":"https:\/\/montrealdanse.com\/en\/people\/elinor-fueter\/#breadcrumb"},"inLanguage":"en-US","potentialAction":[{"@type":"ReadAction","target":["https:\/\/montrealdanse.com\/en\/people\/elinor-fueter\/"]}]},{"@type":"ImageObject","inLanguage":"en-US","@id":"https:\/\/montrealdanse.com\/en\/people\/elinor-fueter\/#primaryimage","url":"https:\/\/montrealdanse.com\/wp-content\/uploads\/2020\/12\/dcv-Elinor-Fueter.jpg","contentUrl":"https:\/\/montrealdanse.com\/wp-content\/uploads\/2020\/12\/dcv-Elinor-Fueter.jpg","width":700,"height":700,"caption":"credit_Patrick Lamothe"},{"@type":"BreadcrumbList","@id":"https:\/\/montrealdanse.com\/en\/people\/elinor-fueter\/#breadcrumb","itemListElement":[{"@type":"ListItem","position":1,"name":"Accueil","item":"https:\/\/montrealdanse.com\/en\/"},{"@type":"ListItem","position":2,"name":"Elinor Fueter"}]},{"@type":"WebSite","@id":"https:\/\/montrealdanse.com\/#website","url":"https:\/\/montrealdanse.com\/","name":"Montr\u00e9al Danse","description":"Plateforme de d\u00e9veloppement chor\u00e9graphique","publisher":{"@id":"https:\/\/montrealdanse.com\/#organization"},"potentialAction":[{"@type":"SearchAction","target":{"@type":"EntryPoint","urlTemplate":"https:\/\/montrealdanse.com\/?s={search_term_string}"},"query-input":{"@type":"PropertyValueSpecification","valueRequired":true,"valueName":"search_term_string"}}],"inLanguage":"en-US"},{"@type":"Organization","@id":"https:\/\/montrealdanse.com\/#organization","name":"Montr\u00e9al Danse","url":"https:\/\/montrealdanse.com\/","logo":{"@type":"ImageObject","inLanguage":"en-US","@id":"https:\/\/montrealdanse.com\/#\/schema\/logo\/image\/","url":"https:\/\/montrealdanse.com\/wp-content\/uploads\/2020\/06\/MTLdanse-logo-gris.png","contentUrl":"https:\/\/montrealdanse.com\/wp-content\/uploads\/2020\/06\/MTLdanse-logo-gris.png","width":550,"height":617,"caption":"Montr\u00e9al Danse"},"image":{"@id":"https:\/\/montrealdanse.com\/#\/schema\/logo\/image\/"},"sameAs":["https:\/\/www.facebook.com\/montrealdanse\/","https:\/\/www.youtube.com\/channel\/UChK7CVWngZK7unMUi_rALhg"]}]}},"_links":{"self":[{"href":"https:\/\/montrealdanse.com\/en\/wp-json\/wp\/v2\/collaborateurs\/2754","targetHints":{"allow":["GET"]}}],"collection":[{"href":"https:\/\/montrealdanse.com\/en\/wp-json\/wp\/v2\/collaborateurs"}],"about":[{"href":"https:\/\/montrealdanse.com\/en\/wp-json\/wp\/v2\/types\/collaborateurs"}],"author":[{"embeddable":true,"href":"https:\/\/montrealdanse.com\/en\/wp-json\/wp\/v2\/users\/1"}],"version-history":[{"count":2,"href":"https:\/\/montrealdanse.com\/en\/wp-json\/wp\/v2\/collaborateurs\/2754\/revisions"}],"predecessor-version":[{"id":7381,"href":"https:\/\/montrealdanse.com\/en\/wp-json\/wp\/v2\/collaborateurs\/2754\/revisions\/7381"}],"wp:featuredmedia":[{"embeddable":true,"href":"https:\/\/montrealdanse.com\/en\/wp-json\/wp\/v2\/media\/2433"}],"wp:attachment":[{"href":"https:\/\/montrealdanse.com\/en\/wp-json\/wp\/v2\/media?parent=2754"}],"wp:term":[{"taxonomy":"categories_collaborateurs","embeddable":true,"href":"https:\/\/montrealdanse.com\/en\/wp-json\/wp\/v2\/categories_collaborateurs?post=2754"}],"curies":[{"name":"wp","href":"https:\/\/api.w.org\/{rel}","templated":true}]}}