{"id":2677,"date":"2022-02-21T18:50:49","date_gmt":"2022-02-21T18:50:49","guid":{"rendered":"https:\/\/montrealdanse.com\/?post_type=collaborateurs&#038;p=2677"},"modified":"2022-04-14T14:55:15","modified_gmt":"2022-04-14T14:55:15","slug":"charles-brecard","status":"publish","type":"collaborateurs","link":"https:\/\/montrealdanse.com\/en\/people\/charles-brecard\/","title":{"rendered":"Charles Brecard"},"content":{"rendered":"<p>Born in New Caledonia and Vietnamese by origin, Charles Brecard has been living in Tio&#8217;tia:ke \/ Montreal since 2013, where he trained at L&#8217;\u00c9cole de danse contemporaine de Montr\u00e9al (EDCM). As a performer, he collaborates with several companies such as AP&amp;A, Lilith &amp; Cie, Parts+Labour_Danse, Animals of Distinction, Grand Poney, DansEncorps, 14Lieux and Skeels Danse. His infinite curiosity led him to develop a personal practice called &#8220;FLUIDIFY&#8221;, influenced by urban, folkloric and contemporary dances and by his work as a sports massage therapist. He shares it with amateurs and professionals by intervening in festivals, through cultural mediation and within pedagogical courses, such as EDCM\u2019s.<\/p>\n<p>Aligning himself towards a creative path, he has developed a choreographic practice marked by great physicality and theatrical poetry. He has produced independent projects presented in Canada and Europe. His solo <em>SOLILOQUY<\/em> was awarded the prize for Best Performance. Recently, he co-founded Le Bercail, which aims to increase accessibility and community in dance, both for the public and artists.<\/p>\n","protected":false},"excerpt":{"rendered":"<p>Born in New Caledonia and Vietnamese by origin, Charles Brecard has been living in Tio&#8217;tia:ke \/ Montreal since 2013, where he trained at L&#8217;\u00c9cole de danse contemporaine de Montr\u00e9al (EDCM). As a performer, he collaborates with several companies such as AP&amp;A, Lilith &amp; Cie, Parts+Labour_Danse, Animals of Distinction, Grand Poney, DansEncorps, 14Lieux and Skeels Danse. [&hellip;]<\/p>\n","protected":false},"author":1,"featured_media":2524,"menu_order":0,"template":"","meta":{"_acf_changed":false,"site-sidebar-layout":"default","site-content-layout":"default","ast-site-content-layout":"default","site-content-style":"default","site-sidebar-style":"default","ast-global-header-display":"","ast-banner-title-visibility":"","ast-main-header-display":"","ast-hfb-above-header-display":"","ast-hfb-below-header-display":"","ast-hfb-mobile-header-display":"","site-post-title":"","ast-breadcrumbs-content":"","ast-featured-img":"","footer-sml-layout":"","ast-disable-related-posts":"","theme-transparent-header-meta":"","adv-header-id-meta":"","stick-header-meta":"","header-above-stick-meta":"","header-main-stick-meta":"","header-below-stick-meta":"","astra-migrate-meta-layouts":"default","ast-page-background-enabled":"default","ast-page-background-meta":{"desktop":{"background-color":"","background-image":"","background-repeat":"repeat","background-position":"center center","background-size":"auto","background-attachment":"scroll","background-type":"","background-media":"","overlay-type":"","overlay-color":"","overlay-opacity":"","overlay-gradient":""},"tablet":{"background-color":"","background-image":"","background-repeat":"repeat","background-position":"center center","background-size":"auto","background-attachment":"scroll","background-type":"","background-media":"","overlay-type":"","overlay-color":"","overlay-opacity":"","overlay-gradient":""},"mobile":{"background-color":"","background-image":"","background-repeat":"repeat","background-position":"center center","background-size":"auto","background-attachment":"scroll","background-type":"","background-media":"","overlay-type":"","overlay-color":"","overlay-opacity":"","overlay-gradient":""}},"ast-content-background-meta":{"desktop":{"background-color":"var(--ast-global-color-5)","background-image":"","background-repeat":"repeat","background-position":"center center","background-size":"auto","background-attachment":"scroll","background-type":"","background-media":"","overlay-type":"","overlay-color":"","overlay-opacity":"","overlay-gradient":""},"tablet":{"background-color":"var(--ast-global-color-5)","background-image":"","background-repeat":"repeat","background-position":"center center","background-size":"auto","background-attachment":"scroll","background-type":"","background-media":"","overlay-type":"","overlay-color":"","overlay-opacity":"","overlay-gradient":""},"mobile":{"background-color":"var(--ast-global-color-5)","background-image":"","background-repeat":"repeat","background-position":"center center","background-size":"auto","background-attachment":"scroll","background-type":"","background-media":"","overlay-type":"","overlay-color":"","overlay-opacity":"","overlay-gradient":""}},"footnotes":""},"categories_collaborateurs":[47],"class_list":["post-2677","collaborateurs","type-collaborateurs","status-publish","has-post-thumbnail","hentry","categories_collaborateurs-collaborator"],"acf":[],"yoast_head":"<!-- This site is optimized with the Yoast SEO plugin v27.5 - https:\/\/yoast.com\/product\/yoast-seo-wordpress\/ -->\n<title>Charles Brecard - Montr\u00e9al Danse<\/title>\n<meta name=\"robots\" content=\"index, follow, max-snippet:-1, max-image-preview:large, max-video-preview:-1\" \/>\n<link rel=\"canonical\" href=\"https:\/\/montrealdanse.com\/en\/people\/charles-brecard\/\" \/>\n<meta property=\"og:locale\" content=\"en_US\" \/>\n<meta property=\"og:type\" content=\"article\" \/>\n<meta property=\"og:title\" content=\"Charles Brecard - Montr\u00e9al Danse\" \/>\n<meta property=\"og:description\" content=\"Born in New Caledonia and Vietnamese by origin, Charles Brecard has been living in Tio&#8217;tia:ke \/ Montreal since 2013, where he trained at L&#8217;\u00c9cole de danse contemporaine de Montr\u00e9al (EDCM). As a performer, he collaborates with several companies such as AP&amp;A, Lilith &amp; Cie, Parts+Labour_Danse, Animals of Distinction, Grand Poney, DansEncorps, 14Lieux and Skeels Danse. [&hellip;]\" \/>\n<meta property=\"og:url\" content=\"https:\/\/montrealdanse.com\/en\/people\/charles-brecard\/\" \/>\n<meta property=\"og:site_name\" content=\"Montr\u00e9al Danse\" \/>\n<meta property=\"article:publisher\" content=\"https:\/\/www.facebook.com\/montrealdanse\/\" \/>\n<meta property=\"article:modified_time\" content=\"2022-04-14T14:55:15+00:00\" \/>\n<meta property=\"og:image\" content=\"https:\/\/montrealdanse.com\/wp-content\/uploads\/2022\/02\/collaborateur-Charles-Brecard.jpg\" \/>\n\t<meta property=\"og:image:width\" content=\"700\" \/>\n\t<meta property=\"og:image:height\" content=\"700\" \/>\n\t<meta property=\"og:image:type\" content=\"image\/jpeg\" \/>\n<meta name=\"twitter:card\" content=\"summary_large_image\" \/>\n<meta name=\"twitter:label1\" content=\"Est. reading time\" \/>\n\t<meta name=\"twitter:data1\" content=\"1 minute\" \/>\n<script type=\"application\/ld+json\" class=\"yoast-schema-graph\">{\"@context\":\"https:\\\/\\\/schema.org\",\"@graph\":[{\"@type\":\"WebPage\",\"@id\":\"https:\\\/\\\/montrealdanse.com\\\/en\\\/people\\\/charles-brecard\\\/\",\"url\":\"https:\\\/\\\/montrealdanse.com\\\/en\\\/people\\\/charles-brecard\\\/\",\"name\":\"Charles Brecard - Montr\u00e9al Danse\",\"isPartOf\":{\"@id\":\"https:\\\/\\\/montrealdanse.com\\\/#website\"},\"primaryImageOfPage\":{\"@id\":\"https:\\\/\\\/montrealdanse.com\\\/en\\\/people\\\/charles-brecard\\\/#primaryimage\"},\"image\":{\"@id\":\"https:\\\/\\\/montrealdanse.com\\\/en\\\/people\\\/charles-brecard\\\/#primaryimage\"},\"thumbnailUrl\":\"https:\\\/\\\/montrealdanse.com\\\/wp-content\\\/uploads\\\/2022\\\/02\\\/collaborateur-Charles-Brecard.jpg\",\"datePublished\":\"2022-02-21T18:50:49+00:00\",\"dateModified\":\"2022-04-14T14:55:15+00:00\",\"breadcrumb\":{\"@id\":\"https:\\\/\\\/montrealdanse.com\\\/en\\\/people\\\/charles-brecard\\\/#breadcrumb\"},\"inLanguage\":\"en-US\",\"potentialAction\":[{\"@type\":\"ReadAction\",\"target\":[\"https:\\\/\\\/montrealdanse.com\\\/en\\\/people\\\/charles-brecard\\\/\"]}]},{\"@type\":\"ImageObject\",\"inLanguage\":\"en-US\",\"@id\":\"https:\\\/\\\/montrealdanse.com\\\/en\\\/people\\\/charles-brecard\\\/#primaryimage\",\"url\":\"https:\\\/\\\/montrealdanse.com\\\/wp-content\\\/uploads\\\/2022\\\/02\\\/collaborateur-Charles-Brecard.jpg\",\"contentUrl\":\"https:\\\/\\\/montrealdanse.com\\\/wp-content\\\/uploads\\\/2022\\\/02\\\/collaborateur-Charles-Brecard.jpg\",\"width\":700,\"height\":700},{\"@type\":\"BreadcrumbList\",\"@id\":\"https:\\\/\\\/montrealdanse.com\\\/en\\\/people\\\/charles-brecard\\\/#breadcrumb\",\"itemListElement\":[{\"@type\":\"ListItem\",\"position\":1,\"name\":\"Accueil\",\"item\":\"https:\\\/\\\/montrealdanse.com\\\/en\\\/\"},{\"@type\":\"ListItem\",\"position\":2,\"name\":\"Charles Brecard\"}]},{\"@type\":\"WebSite\",\"@id\":\"https:\\\/\\\/montrealdanse.com\\\/#website\",\"url\":\"https:\\\/\\\/montrealdanse.com\\\/\",\"name\":\"Montr\u00e9al Danse\",\"description\":\"Plateforme de d\u00e9veloppement chor\u00e9graphique\",\"publisher\":{\"@id\":\"https:\\\/\\\/montrealdanse.com\\\/#organization\"},\"potentialAction\":[{\"@type\":\"SearchAction\",\"target\":{\"@type\":\"EntryPoint\",\"urlTemplate\":\"https:\\\/\\\/montrealdanse.com\\\/?s={search_term_string}\"},\"query-input\":{\"@type\":\"PropertyValueSpecification\",\"valueRequired\":true,\"valueName\":\"search_term_string\"}}],\"inLanguage\":\"en-US\"},{\"@type\":\"Organization\",\"@id\":\"https:\\\/\\\/montrealdanse.com\\\/#organization\",\"name\":\"Montr\u00e9al Danse\",\"url\":\"https:\\\/\\\/montrealdanse.com\\\/\",\"logo\":{\"@type\":\"ImageObject\",\"inLanguage\":\"en-US\",\"@id\":\"https:\\\/\\\/montrealdanse.com\\\/#\\\/schema\\\/logo\\\/image\\\/\",\"url\":\"https:\\\/\\\/montrealdanse.com\\\/wp-content\\\/uploads\\\/2020\\\/06\\\/MTLdanse-logo-gris.png\",\"contentUrl\":\"https:\\\/\\\/montrealdanse.com\\\/wp-content\\\/uploads\\\/2020\\\/06\\\/MTLdanse-logo-gris.png\",\"width\":550,\"height\":617,\"caption\":\"Montr\u00e9al Danse\"},\"image\":{\"@id\":\"https:\\\/\\\/montrealdanse.com\\\/#\\\/schema\\\/logo\\\/image\\\/\"},\"sameAs\":[\"https:\\\/\\\/www.facebook.com\\\/montrealdanse\\\/\",\"https:\\\/\\\/www.youtube.com\\\/channel\\\/UChK7CVWngZK7unMUi_rALhg\"]}]}<\/script>\n<!-- \/ Yoast SEO plugin. -->","yoast_head_json":{"title":"Charles Brecard - Montr\u00e9al Danse","robots":{"index":"index","follow":"follow","max-snippet":"max-snippet:-1","max-image-preview":"max-image-preview:large","max-video-preview":"max-video-preview:-1"},"canonical":"https:\/\/montrealdanse.com\/en\/people\/charles-brecard\/","og_locale":"en_US","og_type":"article","og_title":"Charles Brecard - Montr\u00e9al Danse","og_description":"Born in New Caledonia and Vietnamese by origin, Charles Brecard has been living in Tio&#8217;tia:ke \/ Montreal since 2013, where he trained at L&#8217;\u00c9cole de danse contemporaine de Montr\u00e9al (EDCM). As a performer, he collaborates with several companies such as AP&amp;A, Lilith &amp; Cie, Parts+Labour_Danse, Animals of Distinction, Grand Poney, DansEncorps, 14Lieux and Skeels Danse. [&hellip;]","og_url":"https:\/\/montrealdanse.com\/en\/people\/charles-brecard\/","og_site_name":"Montr\u00e9al Danse","article_publisher":"https:\/\/www.facebook.com\/montrealdanse\/","article_modified_time":"2022-04-14T14:55:15+00:00","og_image":[{"width":700,"height":700,"url":"https:\/\/montrealdanse.com\/wp-content\/uploads\/2022\/02\/collaborateur-Charles-Brecard.jpg","type":"image\/jpeg"}],"twitter_card":"summary_large_image","twitter_misc":{"Est. reading time":"1 minute"},"schema":{"@context":"https:\/\/schema.org","@graph":[{"@type":"WebPage","@id":"https:\/\/montrealdanse.com\/en\/people\/charles-brecard\/","url":"https:\/\/montrealdanse.com\/en\/people\/charles-brecard\/","name":"Charles Brecard - Montr\u00e9al Danse","isPartOf":{"@id":"https:\/\/montrealdanse.com\/#website"},"primaryImageOfPage":{"@id":"https:\/\/montrealdanse.com\/en\/people\/charles-brecard\/#primaryimage"},"image":{"@id":"https:\/\/montrealdanse.com\/en\/people\/charles-brecard\/#primaryimage"},"thumbnailUrl":"https:\/\/montrealdanse.com\/wp-content\/uploads\/2022\/02\/collaborateur-Charles-Brecard.jpg","datePublished":"2022-02-21T18:50:49+00:00","dateModified":"2022-04-14T14:55:15+00:00","breadcrumb":{"@id":"https:\/\/montrealdanse.com\/en\/people\/charles-brecard\/#breadcrumb"},"inLanguage":"en-US","potentialAction":[{"@type":"ReadAction","target":["https:\/\/montrealdanse.com\/en\/people\/charles-brecard\/"]}]},{"@type":"ImageObject","inLanguage":"en-US","@id":"https:\/\/montrealdanse.com\/en\/people\/charles-brecard\/#primaryimage","url":"https:\/\/montrealdanse.com\/wp-content\/uploads\/2022\/02\/collaborateur-Charles-Brecard.jpg","contentUrl":"https:\/\/montrealdanse.com\/wp-content\/uploads\/2022\/02\/collaborateur-Charles-Brecard.jpg","width":700,"height":700},{"@type":"BreadcrumbList","@id":"https:\/\/montrealdanse.com\/en\/people\/charles-brecard\/#breadcrumb","itemListElement":[{"@type":"ListItem","position":1,"name":"Accueil","item":"https:\/\/montrealdanse.com\/en\/"},{"@type":"ListItem","position":2,"name":"Charles Brecard"}]},{"@type":"WebSite","@id":"https:\/\/montrealdanse.com\/#website","url":"https:\/\/montrealdanse.com\/","name":"Montr\u00e9al Danse","description":"Plateforme de d\u00e9veloppement chor\u00e9graphique","publisher":{"@id":"https:\/\/montrealdanse.com\/#organization"},"potentialAction":[{"@type":"SearchAction","target":{"@type":"EntryPoint","urlTemplate":"https:\/\/montrealdanse.com\/?s={search_term_string}"},"query-input":{"@type":"PropertyValueSpecification","valueRequired":true,"valueName":"search_term_string"}}],"inLanguage":"en-US"},{"@type":"Organization","@id":"https:\/\/montrealdanse.com\/#organization","name":"Montr\u00e9al Danse","url":"https:\/\/montrealdanse.com\/","logo":{"@type":"ImageObject","inLanguage":"en-US","@id":"https:\/\/montrealdanse.com\/#\/schema\/logo\/image\/","url":"https:\/\/montrealdanse.com\/wp-content\/uploads\/2020\/06\/MTLdanse-logo-gris.png","contentUrl":"https:\/\/montrealdanse.com\/wp-content\/uploads\/2020\/06\/MTLdanse-logo-gris.png","width":550,"height":617,"caption":"Montr\u00e9al Danse"},"image":{"@id":"https:\/\/montrealdanse.com\/#\/schema\/logo\/image\/"},"sameAs":["https:\/\/www.facebook.com\/montrealdanse\/","https:\/\/www.youtube.com\/channel\/UChK7CVWngZK7unMUi_rALhg"]}]}},"_links":{"self":[{"href":"https:\/\/montrealdanse.com\/en\/wp-json\/wp\/v2\/collaborateurs\/2677","targetHints":{"allow":["GET"]}}],"collection":[{"href":"https:\/\/montrealdanse.com\/en\/wp-json\/wp\/v2\/collaborateurs"}],"about":[{"href":"https:\/\/montrealdanse.com\/en\/wp-json\/wp\/v2\/types\/collaborateurs"}],"author":[{"embeddable":true,"href":"https:\/\/montrealdanse.com\/en\/wp-json\/wp\/v2\/users\/1"}],"version-history":[{"count":2,"href":"https:\/\/montrealdanse.com\/en\/wp-json\/wp\/v2\/collaborateurs\/2677\/revisions"}],"predecessor-version":[{"id":3630,"href":"https:\/\/montrealdanse.com\/en\/wp-json\/wp\/v2\/collaborateurs\/2677\/revisions\/3630"}],"wp:featuredmedia":[{"embeddable":true,"href":"https:\/\/montrealdanse.com\/en\/wp-json\/wp\/v2\/media\/2524"}],"wp:attachment":[{"href":"https:\/\/montrealdanse.com\/en\/wp-json\/wp\/v2\/media?parent=2677"}],"wp:term":[{"taxonomy":"categories_collaborateurs","embeddable":true,"href":"https:\/\/montrealdanse.com\/en\/wp-json\/wp\/v2\/categories_collaborateurs?post=2677"}],"curies":[{"name":"wp","href":"https:\/\/api.w.org\/{rel}","templated":true}]}}