{"id":3039,"date":"2020-10-16T19:36:23","date_gmt":"2020-10-16T19:36:23","guid":{"rendered":"https:\/\/montrealdanse.com\/?post_type=calendrier-saison&#038;p=3039"},"modified":"2022-03-21T18:40:46","modified_gmt":"2022-03-21T18:40:46","slug":"2020","status":"publish","type":"calendrier-saison","link":"https:\/\/montrealdanse.com\/en\/season-calendar\/2020\/","title":{"rendered":"2020"},"content":{"rendered":"\n<table id=\"tablepress-2020-eng\" class=\"tablepress tablepress-id-2020-eng tableau5 tablepress-responsive tablepress-responsive-stack-phone\">\n<tbody>\n<tr class=\"row-1\">\n\t<td class=\"column-1\">January 20 to 31 <\/td><td class=\"column-2\"><a href=\"https:\/\/montrealdanse.com\/en\/works\/all-in-all\/\">ALL IN ALL \/ segment THE OGRE, THE PHOENIX AND THE FAITHFUL FRIEND<\/a><\/td><td class=\"column-3\">Residency + public rehearsals<\/td><td class=\"column-4\">Arsenal Contemporary Art, Montreal<\/td><td class=\"column-5\"><\/td>\n<\/tr>\n<tr class=\"row-2\">\n\t<td class=\"column-1\">January 27 to 31<\/td><td class=\"column-2\"><a href=\"https:\/\/montrealdanse.com\/en\/dramaturgy-workshops\/\">Interdisciplinary Dramaturgic Lab<\/a><\/td><td class=\"column-3\">Facilitators: Kathy Casey, Dana Dugan, Fatma Sarah Elkashef<\/td><td class=\"column-4\">Studio 303, Montreal<\/td><td class=\"column-5\"><\/td>\n<\/tr>\n<tr class=\"row-3\">\n\t<td class=\"column-1\">February 4 to 7<\/td><td class=\"column-2\"><a href=\"https:\/\/montrealdanse.com\/en\/works\/invisible\/\">INVISIBLE<\/a><\/td><td class=\"column-3\">Residency + Public rehearsals<\/td><td class=\"column-4\">Mois Multi, Maison pour la danse, Quebec<\/td><td class=\"column-5\"><\/td>\n<\/tr>\n<tr class=\"row-4\">\n\t<td class=\"column-1\">February 7 <\/td><td class=\"column-2\"><a href=\"https:\/\/montrealdanse.com\/en\/works\/all-in-all\/\">ALL IN ALL \/ segment THE OGRE, THE PHOENIX AND THE FAITHFUL FRIEND<\/a><\/td><td class=\"column-3\">Public rehearsals<\/td><td class=\"column-4\">Studio Parbleux, Montreal<\/td><td class=\"column-5\"><\/td>\n<\/tr>\n<tr class=\"row-5\">\n\t<td class=\"column-1\">March 9 to 13 <\/td><td class=\"column-2\"><a href=\"https:\/\/montrealdanse.com\/en\/works\/all-in-all\/\">ALL IN ALL \/ segment PERRO DE FUEGO Y RATA DE AGUA<\/a><\/td><td class=\"column-3\">Residency<\/td><td class=\"column-4\">Mexico, Mexico<\/td><td class=\"column-5\"><\/td>\n<\/tr>\n<tr class=\"row-6\">\n\t<td class=\"column-1\">May 26 <\/td><td class=\"column-2\"><a href=\"https:\/\/montrealdanse.com\/en\/works\/all-in-all\/\">ALL IN ALL<\/a><\/td><td class=\"column-3\">Showcase Festival TransAm\u00e9riques<\/td><td class=\"column-4\">Conservatoire de musique et d'art dramatique de Montr\u00e9al, Montreal<\/td><td class=\"column-5\"><span>CANCELLED<\/span><\/td>\n<\/tr>\n<tr class=\"row-7\">\n\t<td class=\"column-1\">May 27<\/td><td class=\"column-2\"><a href=\"https:\/\/montrealdanse.com\/en\/works\/instant-community\/\">INSTANT COMMUNITY<\/a><\/td><td class=\"column-3\">Showcase Festival TransAm\u00e9riques<\/td><td class=\"column-4\">Centre chor\u00e9graphique Circuit-Est, Montreal<\/td><td class=\"column-5\"><span>CANCELLED<\/span><\/td>\n<\/tr>\n<tr class=\"row-8\">\n\t<td class=\"column-1\">May 28<\/td><td class=\"column-2\"><a href=\"https:\/\/montrealdanse.com\/en\/works\/beside\/\">BESIDE<\/a><\/td><td class=\"column-3\">Showcase Festival TransAm\u00e9riques<\/td><td class=\"column-4\">Centre chor\u00e9graphique Circuit-Est, Montreal<\/td><td class=\"column-5\"><span>CANCELLED<\/span><\/td>\n<\/tr>\n<tr class=\"row-9\">\n\t<td class=\"column-1\">June 15 to 20 <\/td><td class=\"column-2\"><a href=\"https:\/\/montrealdanse.com\/en\/works\/invisible\/\">INVISIBLE<\/a><\/td><td class=\"column-3\">Residency<\/td><td class=\"column-4\">Mus\u00e9e d'art de Joliette, in collaboration with Diffusion Hector-Charland, Joliette<\/td><td class=\"column-5\"><span>CANCELLED<\/span><\/td>\n<\/tr>\n<tr class=\"row-10\">\n\t<td class=\"column-1\">August 3rd to 6<\/td><td class=\"column-2\"><a href=\"https:\/\/montrealdanse.com\/en\/works\/ground\/\">GROUND<\/a><\/td><td class=\"column-3\">Residency<\/td><td class=\"column-4\">Concordia University, Montreal<\/td><td class=\"column-5\"><span>CANCELLED<\/span><\/td>\n<\/tr>\n<tr class=\"row-11\">\n\t<td class=\"column-1\">August 12 <\/td><td class=\"column-2\"><a href=\"https:\/\/montrealdanse.com\/en\/works\/ground\/\">GROUND<\/a><\/td><td class=\"column-3\">2 performances<\/td><td class=\"column-4\">Parc des Faubourgs, Arrondissement Ville-Marie, Montreal<\/td><td class=\"column-5\"><\/td>\n<\/tr>\n<tr class=\"row-12\">\n\t<td class=\"column-1\">August 15 <\/td><td class=\"column-2\"><a href=\"https:\/\/montrealdanse.com\/en\/works\/ground\/\">GROUND<\/a><\/td><td class=\"column-3\">3 performances<\/td><td class=\"column-4\">Quartier des spectacles, Montreal<\/td><td class=\"column-5\"><\/td>\n<\/tr>\n<tr class=\"row-13\">\n\t<td class=\"column-1\">August 19 <\/td><td class=\"column-2\"><a href=\"https:\/\/montrealdanse.com\/en\/works\/ground\/\">GROUND<\/a><\/td><td class=\"column-3\">Performance<\/td><td class=\"column-4\">CAM Touring Program, Maison de la culture Villeray\u2013St-Michel\u2013Parc-Extension, Montreal<\/td><td class=\"column-5\"><span>POSTPONED<\/span><\/td>\n<\/tr>\n<tr class=\"row-14\">\n\t<td class=\"column-1\">August 19 <\/td><td class=\"column-2\"><a href=\"https:\/\/montrealdanse.com\/en\/works\/ground\/\">GROUND<\/a><\/td><td class=\"column-3\">2 performances<\/td><td class=\"column-4\">R\u00e9sidence Le Mile-End, Arrondissement Mont-Royal, Montreal<\/td><td class=\"column-5\"><\/td>\n<\/tr>\n<tr class=\"row-15\">\n\t<td class=\"column-1\">August 19 to 27<\/td><td class=\"column-2\">Coaching Residencies for Choregraphers<\/td><td class=\"column-3\">Coaching: Kathy Casey and Alice Chauchat<\/td><td class=\"column-4\">SE.S.TA Centre for choregraphic development, Prague, Czech Republic<\/td><td class=\"column-5\"><span>ONLINE<\/span><\/td>\n<\/tr>\n<tr class=\"row-16\">\n\t<td class=\"column-1\">August 20 <\/td><td class=\"column-2\"><a href=\"https:\/\/montrealdanse.com\/en\/works\/ground\/\">GROUND<\/a><\/td><td class=\"column-3\">Performance <\/td><td class=\"column-4\">CAM Touring Program, Maison de la culture Verdun, Montreal<\/td><td class=\"column-5\"><span>POSTPONED<\/span><\/td>\n<\/tr>\n<tr class=\"row-17\">\n\t<td class=\"column-1\">August 23<\/td><td class=\"column-2\">Beside the Black Box: Re-inventing Aesthetics of Coming Together \/ Art making in the time of Covid<\/td><td class=\"column-3\">Conference by Kathy Casey <\/td><td class=\"column-4\">SE.S.TA Centre for choregraphic development, National Gallery, Prague, Czech Republic<\/td><td class=\"column-5\"><span>ONLINE<\/span><\/td>\n<\/tr>\n<tr class=\"row-18\">\n\t<td class=\"column-1\">August 26 <\/td><td class=\"column-2\"><a href=\"https:\/\/montrealdanse.com\/en\/works\/rebound\/\">REBO(U)ND<\/a><\/td><td class=\"column-3\">Architectural projection <\/td><td class=\"column-4\">BAnQ, Quartier des spectacles, Montreal<\/td><td class=\"column-5\"><\/td>\n<\/tr>\n<tr class=\"row-19\">\n\t<td class=\"column-1\">August 26 <\/td><td class=\"column-2\"><a href=\"https:\/\/montrealdanse.com\/en\/works\/rebound\/\">REBO(U)ND<\/a><\/td><td class=\"column-3\">Architectural projection <\/td><td class=\"column-4\">Saint-Laurent Metro, Quartier des spectacles, Montreal<\/td><td class=\"column-5\"><\/td>\n<\/tr>\n<tr class=\"row-20\">\n\t<td class=\"column-1\">August 27 <\/td><td class=\"column-2\"><a href=\"https:\/\/montrealdanse.com\/en\/works\/rebound\/\">REBO(U)ND<\/a><\/td><td class=\"column-3\">Architectural projection <\/td><td class=\"column-4\">BAnQ, Quartier des spectacles, Montreal<\/td><td class=\"column-5\"><\/td>\n<\/tr>\n<tr class=\"row-21\">\n\t<td class=\"column-1\">August 27 <\/td><td class=\"column-2\"><a href=\"https:\/\/montrealdanse.com\/en\/works\/rebound\/\">REBO(U)ND<\/a><\/td><td class=\"column-3\">Architectural projection <\/td><td class=\"column-4\">Saint-Laurent Metro, Quartier des spectacles, Montreal<\/td><td class=\"column-5\"><\/td>\n<\/tr>\n<tr class=\"row-22\">\n\t<td class=\"column-1\">August 28 <\/td><td class=\"column-2\"><a href=\"https:\/\/montrealdanse.com\/en\/works\/rebound\/\">REBO(U)ND<\/a><\/td><td class=\"column-3\">Architectural projection <\/td><td class=\"column-4\">BAnQ, Quartier des spectacles, Montreal<\/td><td class=\"column-5\"><\/td>\n<\/tr>\n<tr class=\"row-23\">\n\t<td class=\"column-1\">August 28<\/td><td class=\"column-2\"><a href=\"https:\/\/montrealdanse.com\/en\/works\/rebound\/\">REBO(U)ND<\/a><\/td><td class=\"column-3\">Architectural projection <\/td><td class=\"column-4\">Saint-Laurent Metro, Quartier des spectacles, Montreal<\/td><td class=\"column-5\"><\/td>\n<\/tr>\n<tr class=\"row-24\">\n\t<td class=\"column-1\">August 29<\/td><td class=\"column-2\"><a href=\"https:\/\/montrealdanse.com\/en\/works\/rebound\/\">REBO(U)ND<\/a><\/td><td class=\"column-3\">Architectural projection <\/td><td class=\"column-4\">BAnQ, Quartier des spectacles, Montreal<\/td><td class=\"column-5\"><\/td>\n<\/tr>\n<tr class=\"row-25\">\n\t<td class=\"column-1\">August 29 <\/td><td class=\"column-2\"><a href=\"https:\/\/montrealdanse.com\/en\/works\/rebound\/\">REBO(U)ND<\/a><\/td><td class=\"column-3\">Architectural projection <\/td><td class=\"column-4\">Saint-Laurent Metro, Quartier des spectacles, Montreal<\/td><td class=\"column-5\"><\/td>\n<\/tr>\n<tr class=\"row-26\">\n\t<td class=\"column-1\">August 30 <\/td><td class=\"column-2\"><a href=\"https:\/\/montrealdanse.com\/en\/works\/rebound\/\">REBO(U)ND<\/a><\/td><td class=\"column-3\">Architectural projection <\/td><td class=\"column-4\">BAnQ, Quartier des spectacles, Montreal<\/td><td class=\"column-5\"><\/td>\n<\/tr>\n<tr class=\"row-27\">\n\t<td class=\"column-1\">August 30 <\/td><td class=\"column-2\"><a href=\"https:\/\/montrealdanse.com\/en\/works\/rebound\/\">REBO(U)ND<\/a><\/td><td class=\"column-3\">Architectural projection <\/td><td class=\"column-4\">Saint-Laurent Metro, Quartier des spectacles, Montreal<\/td><td class=\"column-5\"><\/td>\n<\/tr>\n<tr class=\"row-28\">\n\t<td class=\"column-1\">August 31 <\/td><td class=\"column-2\"><a href=\"https:\/\/montrealdanse.com\/en\/works\/ground\/\">GROUND<\/a><\/td><td class=\"column-3\">3 performances<\/td><td class=\"column-4\">Quatuor Bozzini, Maison d'Aurore, Montreal<\/td><td class=\"column-5\"><\/td>\n<\/tr>\n<tr class=\"row-29\">\n\t<td class=\"column-1\">August 31 <\/td><td class=\"column-2\"><a href=\"https:\/\/montrealdanse.com\/en\/works\/rebound\/\">REBO(U)ND<\/a><\/td><td class=\"column-3\">Architectural projection <\/td><td class=\"column-4\">BAnQ, Quartier des spectacles, Montreal<\/td><td class=\"column-5\"><\/td>\n<\/tr>\n<tr class=\"row-30\">\n\t<td class=\"column-1\">August 31 <\/td><td class=\"column-2\"><a href=\"https:\/\/montrealdanse.com\/en\/works\/rebound\/\">REBO(U)ND<\/a><\/td><td class=\"column-3\">Architectural projection <\/td><td class=\"column-4\">Saint-Laurent Metro, Quartier des spectacles, Montreal<\/td><td class=\"column-5\"><\/td>\n<\/tr>\n<tr class=\"row-31\">\n\t<td class=\"column-1\">September 1st<\/td><td class=\"column-2\"><a href=\"https:\/\/montrealdanse.com\/en\/works\/rebound\/\">REBO(U)ND<\/a><\/td><td class=\"column-3\">Architectural projection <\/td><td class=\"column-4\">BAnQ, Quartier des spectacles, Montreal<\/td><td class=\"column-5\"><\/td>\n<\/tr>\n<tr class=\"row-32\">\n\t<td class=\"column-1\">September 1st<\/td><td class=\"column-2\"><a href=\"https:\/\/montrealdanse.com\/en\/works\/rebound\/\">REBO(U)ND<\/a><\/td><td class=\"column-3\">Architectural projection <\/td><td class=\"column-4\">Saint-Laurent Metro, Quartier des spectacles, Montreal<\/td><td class=\"column-5\"><\/td>\n<\/tr>\n<tr class=\"row-33\">\n\t<td class=\"column-1\">September 2nd<\/td><td class=\"column-2\"><a href=\"https:\/\/montrealdanse.com\/en\/works\/rebound\/\">REBO(U)ND<\/a><\/td><td class=\"column-3\">Architectural projection <\/td><td class=\"column-4\">BAnQ, Quartier des spectacles, Montreal<\/td><td class=\"column-5\"><\/td>\n<\/tr>\n<tr class=\"row-34\">\n\t<td class=\"column-1\">September 2nd<\/td><td class=\"column-2\"><a href=\"https:\/\/montrealdanse.com\/en\/works\/rebound\/\">REBO(U)ND<\/a><\/td><td class=\"column-3\">Architectural projection <\/td><td class=\"column-4\">Saint-Laurent Metro, Quartier des spectacles, Montreal<\/td><td class=\"column-5\"><\/td>\n<\/tr>\n<tr class=\"row-35\">\n\t<td class=\"column-1\">September 3rd<\/td><td class=\"column-2\"><a href=\"https:\/\/montrealdanse.com\/en\/works\/rebound\/\">REBO(U)ND<\/a><\/td><td class=\"column-3\">Architectural projection <\/td><td class=\"column-4\">BAnQ, Quartier des spectacles, Montreal<\/td><td class=\"column-5\"><\/td>\n<\/tr>\n<tr class=\"row-36\">\n\t<td class=\"column-1\">September 3rd<\/td><td class=\"column-2\"><a href=\"https:\/\/montrealdanse.com\/en\/works\/rebound\/\">REBO(U)ND<\/a><\/td><td class=\"column-3\">Architectural projection <\/td><td class=\"column-4\">Saint-Laurent Metro, Quartier des spectacles, Montreal<\/td><td class=\"column-5\"><\/td>\n<\/tr>\n<tr class=\"row-37\">\n\t<td class=\"column-1\">September 4<\/td><td class=\"column-2\"><a href=\"https:\/\/montrealdanse.com\/en\/works\/rebound\/\">REBO(U)ND<\/a><\/td><td class=\"column-3\">Architectural projection <\/td><td class=\"column-4\">BAnQ, Quartier des spectacles, Montreal<\/td><td class=\"column-5\"><\/td>\n<\/tr>\n<tr class=\"row-38\">\n\t<td class=\"column-1\">September 4<\/td><td class=\"column-2\"><a href=\"https:\/\/montrealdanse.com\/en\/works\/rebound\/\">REBO(U)ND<\/a><\/td><td class=\"column-3\">Architectural projection <\/td><td class=\"column-4\">Saint-Laurent Metro, Quartier des spectacles, Montreal<\/td><td class=\"column-5\"><\/td>\n<\/tr>\n<tr class=\"row-39\">\n\t<td class=\"column-1\">September 5<\/td><td class=\"column-2\"><a href=\"https:\/\/montrealdanse.com\/en\/works\/rebound\/\">REBO(U)ND<\/a><\/td><td class=\"column-3\">Architectural projection <\/td><td class=\"column-4\">BAnQ, Quartier des spectacles, Montreal<\/td><td class=\"column-5\"><\/td>\n<\/tr>\n<tr class=\"row-40\">\n\t<td class=\"column-1\">September 5<\/td><td class=\"column-2\"><a href=\"https:\/\/montrealdanse.com\/en\/works\/rebound\/\">REBO(U)ND<\/a><\/td><td class=\"column-3\">Architectural projection <\/td><td class=\"column-4\">Saint-Laurent Metro, Quartier des spectacles, Montreal<\/td><td class=\"column-5\"><\/td>\n<\/tr>\n<tr class=\"row-41\">\n\t<td class=\"column-1\">September 6<\/td><td class=\"column-2\"><a href=\"https:\/\/montrealdanse.com\/en\/works\/rebound\/\">REBO(U)ND<\/a><\/td><td class=\"column-3\">Architectural projection <\/td><td class=\"column-4\">BAnQ, Quartier des spectacles, Montreal<\/td><td class=\"column-5\"><\/td>\n<\/tr>\n<tr class=\"row-42\">\n\t<td class=\"column-1\">September 7<\/td><td class=\"column-2\"><a href=\"https:\/\/montrealdanse.com\/en\/works\/rebound\/\">REBO(U)ND<\/a><\/td><td class=\"column-3\">Architectural projection <\/td><td class=\"column-4\">BAnQ, Quartier des spectacles, Montreal<\/td><td class=\"column-5\"><\/td>\n<\/tr>\n<tr class=\"row-43\">\n\t<td class=\"column-1\">September 8<\/td><td class=\"column-2\"><a href=\"https:\/\/montrealdanse.com\/en\/works\/rebound\/\">REBO(U)ND<\/a><\/td><td class=\"column-3\">Architectural projection <\/td><td class=\"column-4\">BAnQ, Quartier des spectacles, Montreal<\/td><td class=\"column-5\"><\/td>\n<\/tr>\n<tr class=\"row-44\">\n\t<td class=\"column-1\">September 9<\/td><td class=\"column-2\"><a href=\"https:\/\/montrealdanse.com\/en\/works\/rebound\/\">REBO(U)ND<\/a><\/td><td class=\"column-3\">Architectural projection <\/td><td class=\"column-4\">BAnQ, Quartier des spectacles, Montreal<\/td><td class=\"column-5\"><\/td>\n<\/tr>\n<tr class=\"row-45\">\n\t<td class=\"column-1\">September 10<\/td><td class=\"column-2\"><a href=\"https:\/\/montrealdanse.com\/en\/works\/rebound\/\">REBO(U)ND<\/a><\/td><td class=\"column-3\">Architectural projection <\/td><td class=\"column-4\">BAnQ, Quartier des spectacles, Montreal<\/td><td class=\"column-5\"><\/td>\n<\/tr>\n<tr class=\"row-46\">\n\t<td class=\"column-1\">September 11<\/td><td class=\"column-2\"><a href=\"https:\/\/montrealdanse.com\/en\/works\/rebound\/\">REBO(U)ND<\/a><\/td><td class=\"column-3\">Architectural projection <\/td><td class=\"column-4\">BAnQ, Quartier des spectacles, Montreal<\/td><td class=\"column-5\"><\/td>\n<\/tr>\n<tr class=\"row-47\">\n\t<td class=\"column-1\">September 12<\/td><td class=\"column-2\"><a href=\"https:\/\/montrealdanse.com\/en\/works\/rebound\/\">REBO(U)ND<\/a><\/td><td class=\"column-3\">Architectural projection <\/td><td class=\"column-4\">BAnQ, Quartier des spectacles, Montreal<\/td><td class=\"column-5\"><\/td>\n<\/tr>\n<tr class=\"row-48\">\n\t<td class=\"column-1\">September 13<\/td><td class=\"column-2\"><a href=\"https:\/\/montrealdanse.com\/en\/works\/rebound\/\">REBO(U)ND<\/a><\/td><td class=\"column-3\">Architectural projection <\/td><td class=\"column-4\">BAnQ, Quartier des spectacles, Montreal<\/td><td class=\"column-5\"><\/td>\n<\/tr>\n<tr class=\"row-49\">\n\t<td class=\"column-1\">September 14<\/td><td class=\"column-2\"><a href=\"https:\/\/montrealdanse.com\/en\/works\/rebound\/\">REBO(U)ND<\/a><\/td><td class=\"column-3\">Architectural projection <\/td><td class=\"column-4\">BAnQ, Quartier des spectacles, Montreal<\/td><td class=\"column-5\"><\/td>\n<\/tr>\n<tr class=\"row-50\">\n\t<td class=\"column-1\">September 15<\/td><td class=\"column-2\"><a href=\"https:\/\/montrealdanse.com\/en\/works\/rebound\/\">REBO(U)ND<\/a><\/td><td class=\"column-3\">Architectural projection <\/td><td class=\"column-4\">BAnQ, Quartier des spectacles, Montreal<\/td><td class=\"column-5\"><\/td>\n<\/tr>\n<tr class=\"row-51\">\n\t<td class=\"column-1\">September 16<\/td><td class=\"column-2\"><a href=\"https:\/\/montrealdanse.com\/en\/works\/rebound\/\">REBO(U)ND<\/a><\/td><td class=\"column-3\">Architectural projection <\/td><td class=\"column-4\">BAnQ, Quartier des spectacles, Montreal<\/td><td class=\"column-5\"><\/td>\n<\/tr>\n<tr class=\"row-52\">\n\t<td class=\"column-1\">September 17<\/td><td class=\"column-2\"><a href=\"https:\/\/montrealdanse.com\/en\/works\/rebound\/\">REBO(U)ND<\/a><\/td><td class=\"column-3\">Architectural projection <\/td><td class=\"column-4\">BAnQ, Quartier des spectacles, Montreal<\/td><td class=\"column-5\"><\/td>\n<\/tr>\n<tr class=\"row-53\">\n\t<td class=\"column-1\">September 18<\/td><td class=\"column-2\"><a href=\"https:\/\/montrealdanse.com\/en\/works\/rebound\/\">REBO(U)ND<\/a><\/td><td class=\"column-3\">Architectural projection <\/td><td class=\"column-4\">BAnQ, Quartier des spectacles, Montreal<\/td><td class=\"column-5\"><\/td>\n<\/tr>\n<tr class=\"row-54\">\n\t<td class=\"column-1\">September 19<\/td><td class=\"column-2\"><a href=\"https:\/\/montrealdanse.com\/en\/works\/rebound\/\">REBO(U)ND<\/a><\/td><td class=\"column-3\">Architectural projection <\/td><td class=\"column-4\">BAnQ, Quartier des spectacles, Montreal<\/td><td class=\"column-5\"><\/td>\n<\/tr>\n<tr class=\"row-55\">\n\t<td class=\"column-1\">September 24<\/td><td class=\"column-2\"><a href=\"https:\/\/montrealdanse.com\/en\/works\/rebound\/\">REBO(U)ND<\/a><\/td><td class=\"column-3\">Architectural projection <\/td><td class=\"column-4\">The Power Plant Contemporary Art Gallery, Toronto<\/td><td class=\"column-5\"><\/td>\n<\/tr>\n<tr class=\"row-56\">\n\t<td class=\"column-1\">September 25<\/td><td class=\"column-2\"><a href=\"https:\/\/montrealdanse.com\/en\/works\/rebound\/\">REBO(U)ND<\/a><\/td><td class=\"column-3\">Architectural projection <\/td><td class=\"column-4\">Power Plant Contemporary Art Gallery, Toronto<\/td><td class=\"column-5\"><\/td>\n<\/tr>\n<tr class=\"row-57\">\n\t<td class=\"column-1\">September 26<\/td><td class=\"column-2\"><a href=\"https:\/\/montrealdanse.com\/en\/works\/rebound\/\">REBO(U)ND<\/a><\/td><td class=\"column-3\">Architectural projection <\/td><td class=\"column-4\">Power Plant Contemporary Art Gallery, Toronto<\/td><td class=\"column-5\"><\/td>\n<\/tr>\n<tr class=\"row-58\">\n\t<td class=\"column-1\">September 27<\/td><td class=\"column-2\"><a href=\"https:\/\/montrealdanse.com\/en\/works\/rebound\/\">REBO(U)ND<\/a><\/td><td class=\"column-3\">Architectural projection <\/td><td class=\"column-4\">Power Plant Contemporary Art Gallery, Toronto<\/td><td class=\"column-5\"><\/td>\n<\/tr>\n<tr class=\"row-59\">\n\t<td class=\"column-1\">September 28<\/td><td class=\"column-2\"><a href=\"https:\/\/montrealdanse.com\/en\/works\/rebound\/\">REBO(U)ND<\/a><\/td><td class=\"column-3\">Architectural projection <\/td><td class=\"column-4\">Power Plant Contemporary Art Gallery, Toronto<\/td><td class=\"column-5\"><\/td>\n<\/tr>\n<tr class=\"row-60\">\n\t<td class=\"column-1\">September 29<\/td><td class=\"column-2\"><a href=\"https:\/\/montrealdanse.com\/en\/works\/rebound\/\">REBO(U)ND<\/a><\/td><td class=\"column-3\">Architectural projection <\/td><td class=\"column-4\">Power Plant Contemporary Art Gallery, Toronto<\/td><td class=\"column-5\"><\/td>\n<\/tr>\n<tr class=\"row-61\">\n\t<td class=\"column-1\">September 30<\/td><td class=\"column-2\"><a href=\"https:\/\/montrealdanse.com\/en\/works\/rebound\/\">REBO(U)ND<\/a><\/td><td class=\"column-3\">Architectural projection <\/td><td class=\"column-4\">Power Plant Contemporary Art Gallery, Toronto<\/td><td class=\"column-5\"><\/td>\n<\/tr>\n<tr class=\"row-62\">\n\t<td class=\"column-1\">October 1st<\/td><td class=\"column-2\"><a href=\"https:\/\/montrealdanse.com\/en\/works\/rebound\/\">REBO(U)ND<\/a><\/td><td class=\"column-3\">Architectural projection <\/td><td class=\"column-4\">Power Plant Contemporary Art Gallery, Toronto<\/td><td class=\"column-5\"><\/td>\n<\/tr>\n<tr class=\"row-63\">\n\t<td class=\"column-1\">October 2nd<\/td><td class=\"column-2\"><a href=\"https:\/\/montrealdanse.com\/en\/works\/rebound\/\">REBO(U)ND<\/a><\/td><td class=\"column-3\">Architectural projection <\/td><td class=\"column-4\">Power Plant Contemporary Art Gallery, Toronto<\/td><td class=\"column-5\"><\/td>\n<\/tr>\n<tr class=\"row-64\">\n\t<td class=\"column-1\">October 3rd<\/td><td class=\"column-2\"><a href=\"https:\/\/montrealdanse.com\/en\/works\/rebound\/\">REBO(U)ND<\/a><\/td><td class=\"column-3\">Architectural projection <\/td><td class=\"column-4\">Power Plant Contemporary Art Gallery, Toronto<\/td><td class=\"column-5\"><\/td>\n<\/tr>\n<tr class=\"row-65\">\n\t<td class=\"column-1\">October 4<\/td><td class=\"column-2\"><a href=\"https:\/\/montrealdanse.com\/en\/works\/rebound\/\">REBO(U)ND<\/a><\/td><td class=\"column-3\">Architectural projection <\/td><td class=\"column-4\">Power Plant Contemporary Art Gallery, Toronto<\/td><td class=\"column-5\"><\/td>\n<\/tr>\n<tr class=\"row-66\">\n\t<td class=\"column-1\">October 5<\/td><td class=\"column-2\"><a href=\"https:\/\/montrealdanse.com\/en\/works\/rebound\/\">REBO(U)ND<\/a><\/td><td class=\"column-3\">Architectural projection <\/td><td class=\"column-4\">Power Plant Contemporary Art Gallery, Toronto<\/td><td class=\"column-5\"><\/td>\n<\/tr>\n<tr class=\"row-67\">\n\t<td class=\"column-1\">October 6<\/td><td class=\"column-2\"><a href=\"https:\/\/montrealdanse.com\/en\/works\/rebound\/\">REBO(U)ND<\/a><\/td><td class=\"column-3\">Architectural projection <\/td><td class=\"column-4\">Power Plant Contemporary Art Gallery, Toronto<\/td><td class=\"column-5\"><\/td>\n<\/tr>\n<tr class=\"row-68\">\n\t<td class=\"column-1\">October 7<\/td><td class=\"column-2\"><a href=\"https:\/\/montrealdanse.com\/en\/works\/rebound\/\">REBO(U)ND<\/a><\/td><td class=\"column-3\">Architectural projection <\/td><td class=\"column-4\">Power Plant Contemporary Art Gallery, Toronto<\/td><td class=\"column-5\"><\/td>\n<\/tr>\n<tr class=\"row-69\">\n\t<td class=\"column-1\">October 8<\/td><td class=\"column-2\"><a href=\"https:\/\/montrealdanse.com\/en\/works\/rebound\/\">REBO(U)ND<\/a><\/td><td class=\"column-3\">Architectural projection <\/td><td class=\"column-4\">Power Plant Contemporary Art Gallery, Toronto<\/td><td class=\"column-5\"><\/td>\n<\/tr>\n<tr class=\"row-70\">\n\t<td class=\"column-1\">October 9<\/td><td class=\"column-2\"><a href=\"https:\/\/montrealdanse.com\/en\/works\/rebound\/\">REBO(U)ND<\/a><\/td><td class=\"column-3\">Architectural projection <\/td><td class=\"column-4\">Power Plant Contemporary Art Gallery, Toronto<\/td><td class=\"column-5\"><\/td>\n<\/tr>\n<tr class=\"row-71\">\n\t<td class=\"column-1\">October 10<\/td><td class=\"column-2\"><a href=\"https:\/\/montrealdanse.com\/en\/works\/rebound\/\">REBO(U)ND<\/a><\/td><td class=\"column-3\">Architectural projection <\/td><td class=\"column-4\">Power Plant Contemporary Art Gallery, Toronto<\/td><td class=\"column-5\"><\/td>\n<\/tr>\n<tr class=\"row-72\">\n\t<td class=\"column-1\">October 11<\/td><td class=\"column-2\"><a href=\"https:\/\/montrealdanse.com\/en\/works\/rebound\/\">REBO(U)ND<\/a><\/td><td class=\"column-3\">Architectural projection <\/td><td class=\"column-4\">Power Plant Contemporary Art Gallery, Toronto<\/td><td class=\"column-5\"><\/td>\n<\/tr>\n<tr class=\"row-73\">\n\t<td class=\"column-1\">October 12<\/td><td class=\"column-2\"><a href=\"https:\/\/montrealdanse.com\/en\/works\/rebound\/\">REBO(U)ND<\/a><\/td><td class=\"column-3\">Architectural projection <\/td><td class=\"column-4\">Power Plant Contemporary Art Gallery, Toronto<\/td><td class=\"column-5\"><\/td>\n<\/tr>\n<tr class=\"row-74\">\n\t<td class=\"column-1\">October 13<\/td><td class=\"column-2\"><a href=\"https:\/\/montrealdanse.com\/en\/works\/rebound\/\">REBO(U)ND<\/a><\/td><td class=\"column-3\">Architectural projection <\/td><td class=\"column-4\">Power Plant Contemporary Art Gallery, Toronto<\/td><td class=\"column-5\"><\/td>\n<\/tr>\n<tr class=\"row-75\">\n\t<td class=\"column-1\">October 14<\/td><td class=\"column-2\"><a href=\"https:\/\/montrealdanse.com\/en\/works\/rebound\/\">REBO(U)ND<\/a><\/td><td class=\"column-3\">Architectural projection <\/td><td class=\"column-4\">Power Plant Contemporary Art Gallery, Toronto<\/td><td class=\"column-5\"><\/td>\n<\/tr>\n<tr class=\"row-76\">\n\t<td class=\"column-1\">October 15<\/td><td class=\"column-2\"><a href=\"https:\/\/montrealdanse.com\/en\/works\/rebound\/\">REBO(U)ND<\/a><\/td><td class=\"column-3\">Architectural projection <\/td><td class=\"column-4\">Power Plant Contemporary Art Gallery, Toronto<\/td><td class=\"column-5\"><\/td>\n<\/tr>\n<tr class=\"row-77\">\n\t<td class=\"column-1\">October 16<\/td><td class=\"column-2\"><a href=\"https:\/\/montrealdanse.com\/en\/works\/rebound\/\">REBO(U)ND<\/a><\/td><td class=\"column-3\">Architectural projection <\/td><td class=\"column-4\">Power Plant Contemporary Art Gallery, Toronto<\/td><td class=\"column-5\"><\/td>\n<\/tr>\n<tr class=\"row-78\">\n\t<td class=\"column-1\">October 17<\/td><td class=\"column-2\"><a href=\"https:\/\/montrealdanse.com\/en\/works\/rebound\/\">REBO(U)ND<\/a><\/td><td class=\"column-3\">Architectural projection <\/td><td class=\"column-4\">Power Plant Contemporary Art Gallery, Toronto<\/td><td class=\"column-5\"><\/td>\n<\/tr>\n<tr class=\"row-79\">\n\t<td class=\"column-1\">October 18<\/td><td class=\"column-2\"><a href=\"https:\/\/montrealdanse.com\/en\/works\/rebound\/\">REBO(U)ND<\/a><\/td><td class=\"column-3\">Architectural projection <\/td><td class=\"column-4\">Power Plant Contemporary Art Gallery, Toronto<\/td><td class=\"column-5\"><\/td>\n<\/tr>\n<tr class=\"row-80\">\n\t<td class=\"column-1\">October 19<\/td><td class=\"column-2\"><a href=\"https:\/\/montrealdanse.com\/en\/works\/rebound\/\">REBO(U)ND<\/a><\/td><td class=\"column-3\">Architectural projection <\/td><td class=\"column-4\">Power Plant Contemporary Art Gallery, Toronto<\/td><td class=\"column-5\"><\/td>\n<\/tr>\n<tr class=\"row-81\">\n\t<td class=\"column-1\">October 20<\/td><td class=\"column-2\"><a href=\"https:\/\/montrealdanse.com\/en\/works\/rebound\/\">REBO(U)ND<\/a><\/td><td class=\"column-3\">Architectural projection <\/td><td class=\"column-4\">Power Plant Contemporary Art Gallery, Toronto<\/td><td class=\"column-5\"><\/td>\n<\/tr>\n<tr class=\"row-82\">\n\t<td class=\"column-1\">October 21<\/td><td class=\"column-2\"><a href=\"https:\/\/montrealdanse.com\/en\/works\/rebound\/\">REBO(U)ND<\/a><\/td><td class=\"column-3\">Architectural projection <\/td><td class=\"column-4\">Power Plant Contemporary Art Gallery, Toronto<\/td><td class=\"column-5\"><\/td>\n<\/tr>\n<tr class=\"row-83\">\n\t<td class=\"column-1\">October 22<\/td><td class=\"column-2\"><a href=\"https:\/\/montrealdanse.com\/en\/works\/rebound\/\">REBO(U)ND<\/a><\/td><td class=\"column-3\">Architectural projection <\/td><td class=\"column-4\">Power Plant Contemporary Art Gallery, Toronto<\/td><td class=\"column-5\"><\/td>\n<\/tr>\n<tr class=\"row-84\">\n\t<td class=\"column-1\">October 23<\/td><td class=\"column-2\"><a href=\"https:\/\/montrealdanse.com\/en\/works\/rebound\/\">REBO(U)ND<\/a><\/td><td class=\"column-3\">Architectural projection <\/td><td class=\"column-4\">Power Plant Contemporary Art Gallery, Toronto<\/td><td class=\"column-5\"><\/td>\n<\/tr>\n<tr class=\"row-85\">\n\t<td class=\"column-1\">October 24<\/td><td class=\"column-2\"><a href=\"https:\/\/montrealdanse.com\/en\/works\/rebound\/\">REBO(U)ND<\/a><\/td><td class=\"column-3\">Architectural projection <\/td><td class=\"column-4\">Power Plant Contemporary Art Gallery, Toronto<\/td><td class=\"column-5\"><\/td>\n<\/tr>\n<tr class=\"row-86\">\n\t<td class=\"column-1\">November 5<\/td><td class=\"column-2\"><a href=\"https:\/\/montrealdanse.com\/en\/works\/instant-community\/\">INSTANT COMMUNITY <\/a><\/td><td class=\"column-3\">Performance<\/td><td class=\"column-4\">CAM Touring Program, Maison de la culture Notre-Dame-de-Gr\u00e2ce, Montreal<\/td><td class=\"column-5\"><span>POSTPONED<\/span><\/td>\n<\/tr>\n<tr class=\"row-87\">\n\t<td class=\"column-1\">November 11<\/td><td class=\"column-2\"><a href=\"https:\/\/montrealdanse.com\/en\/works\/beside\/\">BESIDE<\/a><\/td><td class=\"column-3\">Showcase CINARS<\/td><td class=\"column-4\">Centre chor\u00e9graphique Circuit-Est, Montreal<\/td><td class=\"column-5\"><span>POSTPONED<\/span><\/td>\n<\/tr>\n<tr class=\"row-88\">\n\t<td class=\"column-1\">November 12<\/td><td class=\"column-2\"><a href=\"https:\/\/montrealdanse.com\/en\/works\/instant-community\/\">INSTANT COMMUNITY<\/a><\/td><td class=\"column-3\">Showcase CINARS<\/td><td class=\"column-4\">Centre chor\u00e9graphique Circuit-Est, Montreal<\/td><td class=\"column-5\"><span>POSTPONED<\/span><\/td>\n<\/tr>\n<tr class=\"row-89\">\n\t<td class=\"column-1\">November 14<\/td><td class=\"column-2\"><a href=\"https:\/\/montrealdanse.com\/en\/works\/ground\/\">GROUND<\/a><\/td><td class=\"column-3\">Showcase CINARS<\/td><td class=\"column-4\">Centre chor\u00e9graphique Circuit-Est, Montreal<\/td><td class=\"column-5\"><span>POSTPONED<\/span><\/td>\n<\/tr>\n<tr class=\"row-90\">\n\t<td class=\"column-1\">December 7 to 11<\/td><td class=\"column-2\"><a href=\"https:\/\/montrealdanse.com\/en\/works\/invisible\/\">INVISIBLE<\/a><\/td><td class=\"column-3\">Residency<\/td><td class=\"column-4\">Conservatoire de musique et d'art dramatique de Montr\u00e9al, Montreal<\/td><td class=\"column-5\"><\/td>\n<\/tr>\n<tr class=\"row-91\">\n\t<td class=\"column-1\">December 9<\/td><td class=\"column-2\"><a href=\"https:\/\/montrealdanse.com\/en\/works\/instant-community\/\">INSTANT COMMUNITY<\/a><\/td><td class=\"column-3\">Performance<\/td><td class=\"column-4\">CAM Touring Program, Maison de la culture Plateau-Mont-Royal, Montreal<\/td><td class=\"column-5\"><span>POSTPONED<\/span><\/td>\n<\/tr>\n<tr class=\"row-92\">\n\t<td class=\"column-1\">December 14 to 18<\/td><td class=\"column-2\"><a href=\"https:\/\/montrealdanse.com\/en\/workshops\/2020\">Choreographic Research Workshops<\/a><\/td><td class=\"column-3\">Facilitators: Kathy Casey and Hilary Bergen<\/td><td class=\"column-4\">Wilder Espace Danse and Ashtanga Yoga Studio, Montreal<\/td><td class=\"column-5\"><\/td>\n<\/tr>\n<tr class=\"row-93\">\n\t<td class=\"column-1\">December 14<\/td><td class=\"column-2\"><a href=\"https:\/\/montrealdanse.com\/en\/workshops\/2020#conferences\">Translating the Kinetic Trace From Kate Bush to Hatsune Miku<\/a><\/td><td class=\"column-3\">Conference by Hilary Bergen, Choreographic Research Workshops<\/td><td class=\"column-4\">Ashtanga Yoga Studio, Montreal<\/td><td class=\"column-5\"><\/td>\n<\/tr>\n<tr class=\"row-94\">\n\t<td class=\"column-1\">December 15<\/td><td class=\"column-2\"><a href=\"https:\/\/montrealdanse.com\/en\/workshops\/2020#conferences\">Black Box, White Box, Screen Box, No Box \u2013 Dance and COVID<\/a><\/td><td class=\"column-3\">Conference by Kathy Casey, Choreographic Research Workshops<\/td><td class=\"column-4\">Ashtanga Yoga Studio, Montreal<\/td><td class=\"column-5\"><\/td>\n<\/tr>\n<tr class=\"row-95\">\n\t<td class=\"column-1\">December 16<\/td><td class=\"column-2\"><a href=\"https:\/\/montrealdanse.com\/en\/workshops\/2020#conferences\">Potential Dances : Undancing<\/a><\/td><td class=\"column-3\">Conference by VK Preston, Choreographic Research Workshops <\/td><td class=\"column-4\">Ashtanga Yoga Studio, Montreal<\/td><td class=\"column-5\"><\/td>\n<\/tr>\n<tr class=\"row-96\">\n\t<td class=\"column-1\">December 17<\/td><td class=\"column-2\"><a href=\"https:\/\/montrealdanse.com\/en\/workshops\/2020#conferences\">Micro-Politics of Feminist Dramaturgical Thinking<\/a><\/td><td class=\"column-3\">Conference by Ana Dubljevic, Choreographic Research Workshops <\/td><td class=\"column-4\">Ashtanga Yoga Studio, Montreal<\/td><td class=\"column-5\"><\/td>\n<\/tr>\n<tr class=\"row-97\">\n\t<td class=\"column-1\">December 19 to 23<\/td><td class=\"column-2\"><a href=\"https:\/\/montrealdanse.com\/en\/works\/all-in-all\/\">ALL IN ALL \/ segment PERRO DE FUEGO Y RATA DE AGUA<\/a><\/td><td class=\"column-3\">Residency<\/td><td class=\"column-4\">Tequisquiapan, Quer\u00e9taro, Mexico<\/td><td class=\"column-5\"><\/td>\n<\/tr>\n<tr class=\"row-98\">\n\t<td class=\"column-1\">December 26 to 28<\/td><td class=\"column-2\"><a href=\"https:\/\/montrealdanse.com\/en\/works\/all-in-all\/\">ALL IN ALL \/ segment PERRO DE FUEGO Y RATA DE AGUA<\/a><\/td><td class=\"column-3\">Residency<\/td><td class=\"column-4\">Pe\u00f1a de Bernal, Quer\u00e9taro, Mexique, Mexico<\/td><td class=\"column-5\"><\/td>\n<\/tr>\n<\/tbody>\n<\/table>\n<!-- #tablepress-2020-eng from cache -->\n","protected":false},"author":1,"featured_media":0,"menu_order":0,"template":"","meta":{"_acf_changed":false,"site-sidebar-layout":"default","site-content-layout":"default","ast-site-content-layout":"default","site-content-style":"default","site-sidebar-style":"default","ast-global-header-display":"","ast-banner-title-visibility":"","ast-main-header-display":"","ast-hfb-above-header-display":"","ast-hfb-below-header-display":"","ast-hfb-mobile-header-display":"","site-post-title":"","ast-breadcrumbs-content":"","ast-featured-img":"","footer-sml-layout":"","ast-disable-related-posts":"","theme-transparent-header-meta":"default","adv-header-id-meta":"","stick-header-meta":"","header-above-stick-meta":"","header-main-stick-meta":"","header-below-stick-meta":"","astra-migrate-meta-layouts":"default","ast-page-background-enabled":"default","ast-page-background-meta":{"desktop":{"background-color":"","background-image":"","background-repeat":"repeat","background-position":"center center","background-size":"auto","background-attachment":"scroll","background-type":"","background-media":"","overlay-type":"","overlay-color":"","overlay-opacity":"","overlay-gradient":""},"tablet":{"background-color":"","background-image":"","background-repeat":"repeat","background-position":"center center","background-size":"auto","background-attachment":"scroll","background-type":"","background-media":"","overlay-type":"","overlay-color":"","overlay-opacity":"","overlay-gradient":""},"mobile":{"background-color":"","background-image":"","background-repeat":"repeat","background-position":"center center","background-size":"auto","background-attachment":"scroll","background-type":"","background-media":"","overlay-type":"","overlay-color":"","overlay-opacity":"","overlay-gradient":""}},"ast-content-background-meta":{"desktop":{"background-color":"var(--ast-global-color-5)","background-image":"","background-repeat":"repeat","background-position":"center center","background-size":"auto","background-attachment":"scroll","background-type":"","background-media":"","overlay-type":"","overlay-color":"","overlay-opacity":"","overlay-gradient":""},"tablet":{"background-color":"var(--ast-global-color-5)","background-image":"","background-repeat":"repeat","background-position":"center center","background-size":"auto","background-attachment":"scroll","background-type":"","background-media":"","overlay-type":"","overlay-color":"","overlay-opacity":"","overlay-gradient":""},"mobile":{"background-color":"var(--ast-global-color-5)","background-image":"","background-repeat":"repeat","background-position":"center center","background-size":"auto","background-attachment":"scroll","background-type":"","background-media":"","overlay-type":"","overlay-color":"","overlay-opacity":"","overlay-gradient":""}},"footnotes":""},"class_list":["post-3039","calendrier-saison","type-calendrier-saison","status-publish","hentry"],"acf":[],"yoast_head":"<!-- This site is optimized with the Yoast SEO plugin v27.5 - https:\/\/yoast.com\/product\/yoast-seo-wordpress\/ -->\n<title>2020 - Montr\u00e9al Danse<\/title>\n<meta name=\"robots\" content=\"index, follow, max-snippet:-1, max-image-preview:large, max-video-preview:-1\" \/>\n<link rel=\"canonical\" href=\"https:\/\/montrealdanse.com\/en\/season-calendar\/2020\/\" \/>\n<meta property=\"og:locale\" content=\"en_US\" \/>\n<meta property=\"og:type\" content=\"article\" \/>\n<meta property=\"og:title\" content=\"2020 - Montr\u00e9al Danse\" \/>\n<meta property=\"og:url\" content=\"https:\/\/montrealdanse.com\/en\/season-calendar\/2020\/\" \/>\n<meta property=\"og:site_name\" content=\"Montr\u00e9al Danse\" \/>\n<meta property=\"article:publisher\" content=\"https:\/\/www.facebook.com\/montrealdanse\/\" \/>\n<meta property=\"article:modified_time\" content=\"2022-03-21T18:40:46+00:00\" \/>\n<meta property=\"og:image\" content=\"https:\/\/montrealdanse.com\/wp-content\/uploads\/2020\/06\/MTLdanse-logo-gris.png\" \/>\n\t<meta property=\"og:image:width\" content=\"550\" \/>\n\t<meta property=\"og:image:height\" content=\"617\" \/>\n\t<meta property=\"og:image:type\" content=\"image\/png\" \/>\n<meta name=\"twitter:card\" content=\"summary_large_image\" \/>\n<script type=\"application\/ld+json\" class=\"yoast-schema-graph\">{\"@context\":\"https:\\\/\\\/schema.org\",\"@graph\":[{\"@type\":\"WebPage\",\"@id\":\"https:\\\/\\\/montrealdanse.com\\\/en\\\/season-calendar\\\/2020\\\/\",\"url\":\"https:\\\/\\\/montrealdanse.com\\\/en\\\/season-calendar\\\/2020\\\/\",\"name\":\"2020 - Montr\u00e9al Danse\",\"isPartOf\":{\"@id\":\"https:\\\/\\\/montrealdanse.com\\\/#website\"},\"datePublished\":\"2020-10-16T19:36:23+00:00\",\"dateModified\":\"2022-03-21T18:40:46+00:00\",\"breadcrumb\":{\"@id\":\"https:\\\/\\\/montrealdanse.com\\\/en\\\/season-calendar\\\/2020\\\/#breadcrumb\"},\"inLanguage\":\"en-US\",\"potentialAction\":[{\"@type\":\"ReadAction\",\"target\":[\"https:\\\/\\\/montrealdanse.com\\\/en\\\/season-calendar\\\/2020\\\/\"]}]},{\"@type\":\"BreadcrumbList\",\"@id\":\"https:\\\/\\\/montrealdanse.com\\\/en\\\/season-calendar\\\/2020\\\/#breadcrumb\",\"itemListElement\":[{\"@type\":\"ListItem\",\"position\":1,\"name\":\"Accueil\",\"item\":\"https:\\\/\\\/montrealdanse.com\\\/en\\\/\"},{\"@type\":\"ListItem\",\"position\":2,\"name\":\"2020\"}]},{\"@type\":\"WebSite\",\"@id\":\"https:\\\/\\\/montrealdanse.com\\\/#website\",\"url\":\"https:\\\/\\\/montrealdanse.com\\\/\",\"name\":\"Montr\u00e9al Danse\",\"description\":\"Plateforme de d\u00e9veloppement chor\u00e9graphique\",\"publisher\":{\"@id\":\"https:\\\/\\\/montrealdanse.com\\\/#organization\"},\"potentialAction\":[{\"@type\":\"SearchAction\",\"target\":{\"@type\":\"EntryPoint\",\"urlTemplate\":\"https:\\\/\\\/montrealdanse.com\\\/?s={search_term_string}\"},\"query-input\":{\"@type\":\"PropertyValueSpecification\",\"valueRequired\":true,\"valueName\":\"search_term_string\"}}],\"inLanguage\":\"en-US\"},{\"@type\":\"Organization\",\"@id\":\"https:\\\/\\\/montrealdanse.com\\\/#organization\",\"name\":\"Montr\u00e9al Danse\",\"url\":\"https:\\\/\\\/montrealdanse.com\\\/\",\"logo\":{\"@type\":\"ImageObject\",\"inLanguage\":\"en-US\",\"@id\":\"https:\\\/\\\/montrealdanse.com\\\/#\\\/schema\\\/logo\\\/image\\\/\",\"url\":\"https:\\\/\\\/montrealdanse.com\\\/wp-content\\\/uploads\\\/2020\\\/06\\\/MTLdanse-logo-gris.png\",\"contentUrl\":\"https:\\\/\\\/montrealdanse.com\\\/wp-content\\\/uploads\\\/2020\\\/06\\\/MTLdanse-logo-gris.png\",\"width\":550,\"height\":617,\"caption\":\"Montr\u00e9al Danse\"},\"image\":{\"@id\":\"https:\\\/\\\/montrealdanse.com\\\/#\\\/schema\\\/logo\\\/image\\\/\"},\"sameAs\":[\"https:\\\/\\\/www.facebook.com\\\/montrealdanse\\\/\",\"https:\\\/\\\/www.youtube.com\\\/channel\\\/UChK7CVWngZK7unMUi_rALhg\"]}]}<\/script>\n<!-- \/ Yoast SEO plugin. -->","yoast_head_json":{"title":"2020 - Montr\u00e9al Danse","robots":{"index":"index","follow":"follow","max-snippet":"max-snippet:-1","max-image-preview":"max-image-preview:large","max-video-preview":"max-video-preview:-1"},"canonical":"https:\/\/montrealdanse.com\/en\/season-calendar\/2020\/","og_locale":"en_US","og_type":"article","og_title":"2020 - Montr\u00e9al Danse","og_url":"https:\/\/montrealdanse.com\/en\/season-calendar\/2020\/","og_site_name":"Montr\u00e9al Danse","article_publisher":"https:\/\/www.facebook.com\/montrealdanse\/","article_modified_time":"2022-03-21T18:40:46+00:00","og_image":[{"width":550,"height":617,"url":"https:\/\/montrealdanse.com\/wp-content\/uploads\/2020\/06\/MTLdanse-logo-gris.png","type":"image\/png"}],"twitter_card":"summary_large_image","schema":{"@context":"https:\/\/schema.org","@graph":[{"@type":"WebPage","@id":"https:\/\/montrealdanse.com\/en\/season-calendar\/2020\/","url":"https:\/\/montrealdanse.com\/en\/season-calendar\/2020\/","name":"2020 - Montr\u00e9al Danse","isPartOf":{"@id":"https:\/\/montrealdanse.com\/#website"},"datePublished":"2020-10-16T19:36:23+00:00","dateModified":"2022-03-21T18:40:46+00:00","breadcrumb":{"@id":"https:\/\/montrealdanse.com\/en\/season-calendar\/2020\/#breadcrumb"},"inLanguage":"en-US","potentialAction":[{"@type":"ReadAction","target":["https:\/\/montrealdanse.com\/en\/season-calendar\/2020\/"]}]},{"@type":"BreadcrumbList","@id":"https:\/\/montrealdanse.com\/en\/season-calendar\/2020\/#breadcrumb","itemListElement":[{"@type":"ListItem","position":1,"name":"Accueil","item":"https:\/\/montrealdanse.com\/en\/"},{"@type":"ListItem","position":2,"name":"2020"}]},{"@type":"WebSite","@id":"https:\/\/montrealdanse.com\/#website","url":"https:\/\/montrealdanse.com\/","name":"Montr\u00e9al Danse","description":"Plateforme de d\u00e9veloppement chor\u00e9graphique","publisher":{"@id":"https:\/\/montrealdanse.com\/#organization"},"potentialAction":[{"@type":"SearchAction","target":{"@type":"EntryPoint","urlTemplate":"https:\/\/montrealdanse.com\/?s={search_term_string}"},"query-input":{"@type":"PropertyValueSpecification","valueRequired":true,"valueName":"search_term_string"}}],"inLanguage":"en-US"},{"@type":"Organization","@id":"https:\/\/montrealdanse.com\/#organization","name":"Montr\u00e9al Danse","url":"https:\/\/montrealdanse.com\/","logo":{"@type":"ImageObject","inLanguage":"en-US","@id":"https:\/\/montrealdanse.com\/#\/schema\/logo\/image\/","url":"https:\/\/montrealdanse.com\/wp-content\/uploads\/2020\/06\/MTLdanse-logo-gris.png","contentUrl":"https:\/\/montrealdanse.com\/wp-content\/uploads\/2020\/06\/MTLdanse-logo-gris.png","width":550,"height":617,"caption":"Montr\u00e9al Danse"},"image":{"@id":"https:\/\/montrealdanse.com\/#\/schema\/logo\/image\/"},"sameAs":["https:\/\/www.facebook.com\/montrealdanse\/","https:\/\/www.youtube.com\/channel\/UChK7CVWngZK7unMUi_rALhg"]}]}},"_links":{"self":[{"href":"https:\/\/montrealdanse.com\/en\/wp-json\/wp\/v2\/calendrier-saison\/3039","targetHints":{"allow":["GET"]}}],"collection":[{"href":"https:\/\/montrealdanse.com\/en\/wp-json\/wp\/v2\/calendrier-saison"}],"about":[{"href":"https:\/\/montrealdanse.com\/en\/wp-json\/wp\/v2\/types\/calendrier-saison"}],"author":[{"embeddable":true,"href":"https:\/\/montrealdanse.com\/en\/wp-json\/wp\/v2\/users\/1"}],"version-history":[{"count":1,"href":"https:\/\/montrealdanse.com\/en\/wp-json\/wp\/v2\/calendrier-saison\/3039\/revisions"}],"predecessor-version":[{"id":3040,"href":"https:\/\/montrealdanse.com\/en\/wp-json\/wp\/v2\/calendrier-saison\/3039\/revisions\/3040"}],"wp:attachment":[{"href":"https:\/\/montrealdanse.com\/en\/wp-json\/wp\/v2\/media?parent=3039"}],"curies":[{"name":"wp","href":"https:\/\/api.w.org\/{rel}","templated":true}]}}