{"version":"1.0","provider_name":"Montr\u00e9al Danse","provider_url":"https:\/\/montrealdanse.com\/en\/","author_name":"beju","author_url":"https:\/\/montrealdanse.com\/en\/author\/beju\/","title":"Coordonnateur.trice administratif.ve \/\/ Montr\u00e9al Danse - Montr\u00e9al Danse","type":"rich","width":600,"height":338,"html":"<blockquote class=\"wp-embedded-content\" data-secret=\"o06Iwu6r1t\"><a href=\"https:\/\/montrealdanse.com\/en\/jobs\/coordonnateur-trice-administratif-ve-montreal-danse\/\">Coordonnateur.trice administratif.ve \/\/ Montr\u00e9al Danse<\/a><\/blockquote><iframe sandbox=\"allow-scripts\" security=\"restricted\" src=\"https:\/\/montrealdanse.com\/en\/jobs\/coordonnateur-trice-administratif-ve-montreal-danse\/embed\/#?secret=o06Iwu6r1t\" width=\"600\" height=\"338\" title=\"&#8220;Coordonnateur.trice administratif.ve \/\/ Montr\u00e9al Danse&#8221; &#8212; Montr\u00e9al Danse\" data-secret=\"o06Iwu6r1t\" frameborder=\"0\" marginwidth=\"0\" marginheight=\"0\" scrolling=\"no\" class=\"wp-embedded-content\"><\/iframe><script>\n\/*! This file is auto-generated *\/\n!function(d,l){\"use strict\";l.querySelector&&d.addEventListener&&\"undefined\"!=typeof URL&&(d.wp=d.wp||{},d.wp.receiveEmbedMessage||(d.wp.receiveEmbedMessage=function(e){var t=e.data;if((t||t.secret||t.message||t.value)&&!\/[^a-zA-Z0-9]\/.test(t.secret)){for(var s,r,n,a=l.querySelectorAll('iframe[data-secret=\"'+t.secret+'\"]'),o=l.querySelectorAll('blockquote[data-secret=\"'+t.secret+'\"]'),c=new RegExp(\"^https?:$\",\"i\"),i=0;i<o.length;i++)o[i].style.display=\"none\";for(i=0;i<a.length;i++)s=a[i],e.source===s.contentWindow&&(s.removeAttribute(\"style\"),\"height\"===t.message?(1e3<(r=parseInt(t.value,10))?r=1e3:~~r<200&&(r=200),s.height=r):\"link\"===t.message&&(r=new URL(s.getAttribute(\"src\")),n=new URL(t.value),c.test(n.protocol))&&n.host===r.host&&l.activeElement===s&&(d.top.location.href=t.value))}},d.addEventListener(\"message\",d.wp.receiveEmbedMessage,!1),l.addEventListener(\"DOMContentLoaded\",function(){for(var e,t,s=l.querySelectorAll(\"iframe.wp-embedded-content\"),r=0;r<s.length;r++)(t=(e=s[r]).getAttribute(\"data-secret\"))||(t=Math.random().toString(36).substring(2,12),e.src+=\"#?secret=\"+t,e.setAttribute(\"data-secret\",t)),e.contentWindow.postMessage({message:\"ready\",secret:t},\"*\")},!1)))}(window,document);\n\/\/# sourceURL=https:\/\/montrealdanse.com\/wp-includes\/js\/wp-embed.min.js\n<\/script>\n","thumbnail_url":"https:\/\/montrealdanse.com\/wp-content\/uploads\/2022\/12\/Offre-d-emploi-dec-2022-2.png","thumbnail_width":1200,"thumbnail_height":800,"description":"Montr\u00e9al Danse, plateforme de d\u00e9veloppement chor\u00e9graphique qui cr\u00e9e, produit et diffuse des \u0153uvres depuis plus de 30 ans, est \u00e0 la recherche d\u2019un.e coordonnateur.trice administratif.ve pour compl\u00e9ter son \u00e9quipe. Sous la supervision de la direction administrative et du d\u00e9veloppement, le.la coordonnateur.trice administratif.ve sera responsable de dossiers multiples li\u00e9s \u00e0 l\u2019administration et \u00e0 la gestion quotidienne [&hellip;]"}