{"version":"1.0","provider_name":"Montr\u00e9al Danse","provider_url":"https:\/\/montrealdanse.com\/en\/","author_name":"montrealdanse","author_url":"https:\/\/montrealdanse.com\/en\/author\/montrealdanse\/","title":"Ateliers chor\u00e9graphiques 2025 | L'appel \u00e0 candidatures est lanc\u00e9 ! - Montr\u00e9al Danse","type":"rich","width":600,"height":338,"html":"<blockquote class=\"wp-embedded-content\" data-secret=\"oqphi3ccTx\"><a href=\"https:\/\/montrealdanse.com\/en\/2025\/09\/ateliers-choregraphiques-2025-lappel-a-candidatures-est-lance\/\">Ateliers chor\u00e9graphiques 2025 | L&#8217;appel \u00e0 candidatures est lanc\u00e9 !<\/a><\/blockquote><iframe sandbox=\"allow-scripts\" security=\"restricted\" src=\"https:\/\/montrealdanse.com\/en\/2025\/09\/ateliers-choregraphiques-2025-lappel-a-candidatures-est-lance\/embed\/#?secret=oqphi3ccTx\" width=\"600\" height=\"338\" title=\"&#8220;Ateliers chor\u00e9graphiques 2025 | L&#8217;appel \u00e0 candidatures est lanc\u00e9 !&#8221; &#8212; Montr\u00e9al Danse\" data-secret=\"oqphi3ccTx\" frameborder=\"0\" marginwidth=\"0\" marginheight=\"0\" scrolling=\"no\" class=\"wp-embedded-content\"><\/iframe><script>\n\/*! This file is auto-generated *\/\n!function(d,l){\"use strict\";l.querySelector&&d.addEventListener&&\"undefined\"!=typeof URL&&(d.wp=d.wp||{},d.wp.receiveEmbedMessage||(d.wp.receiveEmbedMessage=function(e){var t=e.data;if((t||t.secret||t.message||t.value)&&!\/[^a-zA-Z0-9]\/.test(t.secret)){for(var s,r,n,a=l.querySelectorAll('iframe[data-secret=\"'+t.secret+'\"]'),o=l.querySelectorAll('blockquote[data-secret=\"'+t.secret+'\"]'),c=new RegExp(\"^https?:$\",\"i\"),i=0;i<o.length;i++)o[i].style.display=\"none\";for(i=0;i<a.length;i++)s=a[i],e.source===s.contentWindow&&(s.removeAttribute(\"style\"),\"height\"===t.message?(1e3<(r=parseInt(t.value,10))?r=1e3:~~r<200&&(r=200),s.height=r):\"link\"===t.message&&(r=new URL(s.getAttribute(\"src\")),n=new URL(t.value),c.test(n.protocol))&&n.host===r.host&&l.activeElement===s&&(d.top.location.href=t.value))}},d.addEventListener(\"message\",d.wp.receiveEmbedMessage,!1),l.addEventListener(\"DOMContentLoaded\",function(){for(var e,t,s=l.querySelectorAll(\"iframe.wp-embedded-content\"),r=0;r<s.length;r++)(t=(e=s[r]).getAttribute(\"data-secret\"))||(t=Math.random().toString(36).substring(2,12),e.src+=\"#?secret=\"+t,e.setAttribute(\"data-secret\",t)),e.contentWindow.postMessage({message:\"ready\",secret:t},\"*\")},!1)))}(window,document);\n\/\/# sourceURL=https:\/\/montrealdanse.com\/wp-includes\/js\/wp-embed.min.js\n<\/script>\n","thumbnail_url":"https:\/\/montrealdanse.com\/wp-content\/uploads\/2025\/09\/HEADER-2025-FR.png","thumbnail_width":800,"thumbnail_height":600,"description":"C\u2019est reparti !\u00a0 Montr\u00e9al Danse est \u00e0 la recherche de quatre chor\u00e9graphes pour prendre part \u00e0 la 22\u1d49 \u00e9dition des Ateliers de recherche\u00a0chor\u00e9graphique, qui aura lieu\u00a0du\u00a08 au 12 d\u00e9cembre 2025. Ces ateliers vous offrent\u00a0l\u2019occasion de se consacrer \u00e0 une semaine intensive de\u00a0cr\u00e9ation, de dialogue et d\u2019exp\u00e9rimentation, accompagn\u00e9e par deux interpr\u00e8tes et deux expertes du processus [&hellip;]"}